{"id":1123,"date":"2024-09-02T18:04:11","date_gmt":"2024-09-02T16:04:11","guid":{"rendered":"https:\/\/zstu.tg.edu.pl\/wp-new\/?page_id=1123"},"modified":"2024-09-02T18:04:48","modified_gmt":"2024-09-02T16:04:48","slug":"historia-szkoly","status":"publish","type":"page","link":"https:\/\/zstu.tg.edu.pl\/wp-new\/historia-szkoly\/","title":{"rendered":"Historia szko\u0142y"},"content":{"rendered":"\n<div class=\"wp-block-media-text alignwide has-media-on-the-right is-stacked-on-mobile is-vertically-aligned-top\" style=\"grid-template-columns:auto 17%\"><div class=\"wp-block-media-text__content\">\n<p class=\"wp-block-paragraph\" style=\"font-size:16px\"><strong>1959r.-<\/strong> Pierwsze szkolenie uczni\u00f3w dla PKP w siedzibie szko\u0142y Mechaniczno-Elektrycznej w Tarnowskich G\u00f3rach przy ul. Sienkiewicza. Inicjatorem powo\u0142ania klasy by\u0142 Naczelnik Parowozowni Lucjan Trzeciakowski.<\/p>\n<\/div><figure class=\"wp-block-media-text__media\"><img decoding=\"async\" width=\"100\" height=\"130\" src=\"https:\/\/zstu.tg.edu.pl\/wp-new\/wp-content\/uploads\/2023\/02\/01-38.jpg\" alt=\"\" class=\"wp-image-1124 size-full\"\/><\/figure><\/div>\n\n\n\n<div style=\"height:0px\" aria-hidden=\"true\" class=\"wp-block-spacer\"><\/div>\n\n\n\n<div class=\"wp-block-media-text alignwide has-media-on-the-right is-stacked-on-mobile\" style=\"grid-template-columns:auto 26%\"><div class=\"wp-block-media-text__content\">\n<p class=\"wp-block-paragraph\" style=\"font-size:16px\"><strong>1961r. &#8211; <\/strong>Powsta\u0142a Zasadnicza Szko\u0142a Zawodowa dla Pracuj\u0105cych na PKP z siedzib\u0105 w Parowozowni G\u0142\u00f3wnej w Tarnowskich G\u00f3rach.<\/p>\n<\/div><figure class=\"wp-block-media-text__media\"><img decoding=\"async\" width=\"220\" height=\"130\" src=\"https:\/\/zstu.tg.edu.pl\/wp-new\/wp-content\/uploads\/2023\/02\/02-35.jpg\" alt=\"\" class=\"wp-image-1125 size-full\" srcset=\"https:\/\/zstu.tg.edu.pl\/wp-new\/wp-content\/uploads\/2023\/02\/02-35.jpg 220w, https:\/\/zstu.tg.edu.pl\/wp-new\/wp-content\/uploads\/2023\/02\/02-35-150x89.jpg 150w\" sizes=\"(max-width: 220px) 100vw, 220px\" \/><\/figure><\/div>\n\n\n\n<div class=\"wp-block-media-text alignwide has-media-on-the-right is-stacked-on-mobile\" style=\"grid-template-columns:auto 26%\"><div class=\"wp-block-media-text__content\">\n<p class=\"wp-block-paragraph\" style=\"font-size:16px\"><strong>1964r. &#8211; <\/strong>Powo\u0142ano Spo\u0142eczny Komitet Budowy Kolejowej Szko\u0142y Technicznej przy W\u0119\u017ale w Tarnowskich G\u00f3rach. Przewodnicz\u0105cym Komitetu zosta\u0142 mgr in\u017c. Franciszek Adamonis. Zadaniem Komitetu by\u0142o opracowanie danych wyj\u015bciowych, przygotowanie dokumentacji techniczno-roboczej, przygotowanie terenu pod budow\u0119, zebranie dobrowolnych wk\u0142ad\u00f3w pieni\u0119\u017cnych od za\u0142ogi PKP, organizowanie czyn\u00f3w spo\u0142ecznych na rzecz budowy nowej szko\u0142y. W odpowiedzi na apel Komitetu pracownicy W\u0119z\u0142a Kolejowego w Tarnowskich G\u00f3rach zebrali przez 3 lata kwot\u0119 1,5 miliona z\u0142otych na budow\u0119 szko\u0142y.<\/p>\n<\/div><figure class=\"wp-block-media-text__media\"><img decoding=\"async\" width=\"189\" height=\"130\" src=\"https:\/\/zstu.tg.edu.pl\/wp-new\/wp-content\/uploads\/2023\/02\/03-33.jpg\" alt=\"\" class=\"wp-image-1126 size-full\" srcset=\"https:\/\/zstu.tg.edu.pl\/wp-new\/wp-content\/uploads\/2023\/02\/03-33.jpg 189w, https:\/\/zstu.tg.edu.pl\/wp-new\/wp-content\/uploads\/2023\/02\/03-33-150x103.jpg 150w\" sizes=\"(max-width: 189px) 100vw, 189px\" \/><\/figure><\/div>\n\n\n\n<p class=\"wp-block-paragraph\" style=\"font-size:16px\"><strong>1966r. &#8211; <\/strong>7 grudnia zawarta zosta\u0142a umowa o budowie 15-izbowej szko\u0142y zawodowej pomi\u0119dzy Prezydium WRN w Katowicach i Dyrekcj\u0105 Okr\u0119gow\u0105 Kolei Pa\u0144stwowych w Katowicach.<\/p>\n\n\n\n<div class=\"wp-block-media-text alignwide has-media-on-the-right is-stacked-on-mobile\" style=\"grid-template-columns:auto 26%\"><div class=\"wp-block-media-text__content\">\n<p class=\"wp-block-paragraph\" style=\"font-size:16px\"><strong>1969r. &#8211; <\/strong>17 wrze\u015bnia przekazano do eksploatacji budynek szkolny wraz z sal\u0105 gimnastyczn\u0105 i zagospodarowanym przyleg\u0142ym terenem. Wybudowanie warsztat\u00f3w szkolnych zaplanowano na lata 1971-1972 w ramach inwestycji kolejowych. Szko\u0142a \u015bci\u015ble wsp\u00f3\u0142pracowa\u0142a z Jednostk\u0105 Wojskow\u0105 Wojsk Kolejowych nr 4117, kt\u00f3ra ufundowa\u0142a szkole sztandar.<\/p>\n<\/div><figure class=\"wp-block-media-text__media\"><img loading=\"lazy\" decoding=\"async\" width=\"202\" height=\"130\" src=\"https:\/\/zstu.tg.edu.pl\/wp-new\/wp-content\/uploads\/2023\/02\/04-32.jpg\" alt=\"\" class=\"wp-image-1127 size-full\" srcset=\"https:\/\/zstu.tg.edu.pl\/wp-new\/wp-content\/uploads\/2023\/02\/04-32.jpg 202w, https:\/\/zstu.tg.edu.pl\/wp-new\/wp-content\/uploads\/2023\/02\/04-32-150x97.jpg 150w\" sizes=\"(max-width: 202px) 100vw, 202px\" \/><\/figure><\/div>\n\n\n\n<p class=\"wp-block-paragraph\" style=\"font-size:16px\">W latach <strong>1959-1969<\/strong> by\u0142a to wy\u0142\u0105cznie szko\u0142a zawodowa, kt\u00f3ra do roku 2000 wykszta\u0142ci\u0142a 521 fachowc\u00f3w dla potrzeb kolei i nie tylko.<\/p>\n\n\n\n<p class=\"wp-block-paragraph\" style=\"font-size:16px\"><strong>1969r. &#8211; <\/strong>19 lipca zacz\u0119\u0142o dzia\u0142a\u0107 w szkole &#8222;Technikum Kolejowe dla Pracuj\u0105cych&#8221;, kt\u00f3re do roku 1991 wykszta\u0142ci\u0142o 876 technik\u00f3w.<\/p>\n\n\n\n<p class=\"wp-block-paragraph\" style=\"font-size:16px\"><strong>1981r. &#8211; <\/strong>Powsta\u0142o Dzienne Technikum Kolejowe, kt\u00f3re do 2001r. wykszta\u0142ci\u0142o 731 technik\u00f3w.<\/p>\n\n\n\n<p class=\"wp-block-paragraph\" style=\"font-size:16px\"><strong>2000r. &#8211; <\/strong>30 maja w Cz\u0119stochowie sporz\u0105dzono Akt Notarialny Nr 3212 na mocy, kt\u00f3rego Polskie Koleje Pa\u0144stwowe przekaza\u0142y siedzib\u0119 Zespo\u0142u Szk\u00f3\u0142 Zawodowych PKP na rzecz Skarbu Pa\u0144stwa tj. Starostwa Powiatowego w Tarnowskich G\u00f3rach na podstawie Umowy U\u017cytkowania Wieczystego i W\u0142asno\u015bci Budynku.<\/p>\n\n\n\n<p class=\"wp-block-paragraph\" style=\"font-size:16px\"><strong>2002r. &#8211; <\/strong>Szko\u0142a zmieni\u0142a nazw\u0119 na &#8222;Zesp\u00f3\u0142 Szk\u00f3\u0142 Techniczno-Us\u0142ugowych&#8221;. W sk\u0142ad szko\u0142y wchodz\u0105:<br><strong>VI Liceum Og\u00f3lnokszta\u0142c\u0105ce <\/strong>z elementami wojskowo\u015bci<strong><br>Technikum nr 12<br>Zasadnicza Szko\u0142a Zawodowa nr 10<br>Technikum Uzupe\u0142niaj\u0105ce dla Doros\u0142ych nr 5<br>Policealne Studium Zawodowe dla Doros\u0142ych<\/strong><\/p>\n\n\n\n<div class=\"wp-block-media-text alignwide is-stacked-on-mobile\" style=\"grid-template-columns:18% auto\"><figure class=\"wp-block-media-text__media\"><img loading=\"lazy\" decoding=\"async\" width=\"200\" height=\"150\" src=\"https:\/\/zstu.tg.edu.pl\/wp-new\/wp-content\/uploads\/2023\/02\/sztandar.jpg\" alt=\"\" class=\"wp-image-1138 size-full\" srcset=\"https:\/\/zstu.tg.edu.pl\/wp-new\/wp-content\/uploads\/2023\/02\/sztandar.jpg 200w, https:\/\/zstu.tg.edu.pl\/wp-new\/wp-content\/uploads\/2023\/02\/sztandar-150x113.jpg 150w\" sizes=\"(max-width: 200px) 100vw, 200px\" \/><\/figure><div class=\"wp-block-media-text__content\">\n<p class=\"wp-block-paragraph\" style=\"font-size:16px\"><strong>2006r. &#8211; <\/strong>16 pa\u017adziernika Zesp\u00f3\u0142 Szk\u00f3\u0142 Techniczno-Us\u0142ugowych przyj\u0105\u0142 imi\u0119 Jana Paw\u0142a II. Akt nadania szkole imienia wr\u0119czy\u0142 Starosta Powiatu Tarnog\u00f3rskiego pan J\u00f3zef Korpak. Szko\u0142a otrzyma\u0142a r\u00f3wnie\u017c nowy sztandar, kt\u00f3ry ufundowa\u0142 Zarz\u0105d Powiatu Tarnog\u00f3rskiego.<\/p>\n<\/div><\/div>\n\n\n\n<p class=\"wp-block-paragraph\"><\/p>\n\n\n\n<p class=\"wp-block-paragraph\" style=\"font-size:16px\"><strong>2007r. <\/strong>&#8211; Starosta Powiatu Tarnog\u00f3rskiego, pan J\u00f3zef Korpak, wr\u0119czy\u0142 pani Ma\u0142gorzacie Grzesiakowskiej akt powo\u0142ania na stanowisko Dyrektora Zespo\u0142u Szk\u00f3\u0142 Techniczno-Us\u0142ugowych im. Jana Paw\u0142a II.<\/p>\n\n\n\n<div class=\"wp-block-media-text alignwide is-stacked-on-mobile\" style=\"grid-template-columns:24% auto\"><figure class=\"wp-block-media-text__media\"><img loading=\"lazy\" decoding=\"async\" width=\"200\" height=\"133\" src=\"https:\/\/zstu.tg.edu.pl\/wp-new\/wp-content\/uploads\/2023\/02\/boisko.jpg\" alt=\"\" class=\"wp-image-1129 size-full\" srcset=\"https:\/\/zstu.tg.edu.pl\/wp-new\/wp-content\/uploads\/2023\/02\/boisko.jpg 200w, https:\/\/zstu.tg.edu.pl\/wp-new\/wp-content\/uploads\/2023\/02\/boisko-150x100.jpg 150w\" sizes=\"(max-width: 200px) 100vw, 200px\" \/><\/figure><div class=\"wp-block-media-text__content\">\n<p class=\"wp-block-paragraph\" style=\"font-size:16px\"><strong>2009r. &#8211; <\/strong>Dnia 30 marca oddano do u\u017cytku kompleks boisk sportowych wybudowanych w ramach rz\u0105dowego programu &#8222;Moje boisko &#8211; Orlik 2012&#8221;. Obiekt ten wybudowano na terenie nale\u017c\u0105cym do szko\u0142y i administrowa\u0107 nim b\u0119dzie dyrekcja szko\u0142y.<\/p>\n<\/div><\/div>\n\n\n\n<p class=\"wp-block-paragraph\"><\/p>\n\n\n\n<p class=\"wp-block-paragraph\" style=\"font-size:16px\"><strong>2009r. &#8211;<\/strong> Od wrze\u015bnia otwarto now\u0105 klas\u0119 z innowacyjnym programem &#8222;Policja w s\u0142u\u017cbie spo\u0142ecze\u0144stwa&#8221;.<\/p>\n\n\n\n<p class=\"wp-block-paragraph\" style=\"font-size:16px\"><strong>2011r. &#8211;<\/strong> Od wrze\u015bnia otwarto klas\u0119 po\u017carnicz\u0105.<\/p>\n\n\n\n<p class=\"wp-block-paragraph\" style=\"font-size:16px\"><strong>2012r. &#8211; <\/strong>16 pa\u017adziernika podpisano porozumienie pomi\u0119dzy Komendantem Powiatowym Policji w Tarnowskich G\u00f3rach a Starost\u0105 Tarnog\u00f3rskim w zakresie szeroko pojmowanej profilaktyki. B\u0119dzie ono obejmowa\u0142o dzia\u0142ania dydaktyczno-wychowawcze, dzi\u0119ki kt\u00f3rym uczniowie zdob\u0119d\u0105 wiedz\u0119 i umiej\u0119tno\u015bci odno\u015bnie bezpiecze\u0144stwa, przeciwdzia\u0142ania patologiom oraz post\u0119powania w sytuacjach zagro\u017cenia m\u0142odzie\u017cy przest\u0119pczo\u015bci\u0105 i demoralizacj\u0105. Komendant Powiatowy Policji obj\u0105\u0142 honorowym patronatem mundurowe klasy policyjne naszej szko\u0142y.<\/p>\n\n\n\n<div class=\"wp-block-media-text alignwide is-stacked-on-mobile is-vertically-aligned-top\" style=\"grid-template-columns:31% auto\"><figure class=\"wp-block-media-text__media\"><img loading=\"lazy\" decoding=\"async\" width=\"1024\" height=\"576\" src=\"https:\/\/zstu.tg.edu.pl\/wp-new\/wp-content\/uploads\/2023\/02\/szkola_2019-1024x576.jpg\" alt=\"\" class=\"wp-image-1137 size-full\" srcset=\"https:\/\/zstu.tg.edu.pl\/wp-new\/wp-content\/uploads\/2023\/02\/szkola_2019-1024x576.jpg 1024w, https:\/\/zstu.tg.edu.pl\/wp-new\/wp-content\/uploads\/2023\/02\/szkola_2019-300x169.jpg 300w, https:\/\/zstu.tg.edu.pl\/wp-new\/wp-content\/uploads\/2023\/02\/szkola_2019-150x84.jpg 150w, https:\/\/zstu.tg.edu.pl\/wp-new\/wp-content\/uploads\/2023\/02\/szkola_2019-768x432.jpg 768w, https:\/\/zstu.tg.edu.pl\/wp-new\/wp-content\/uploads\/2023\/02\/szkola_2019-1536x864.jpg 1536w, https:\/\/zstu.tg.edu.pl\/wp-new\/wp-content\/uploads\/2023\/02\/szkola_2019.jpg 1920w\" sizes=\"(max-width: 1024px) 100vw, 1024px\" \/><\/figure><div class=\"wp-block-media-text__content\">\n<p class=\"wp-block-paragraph\" style=\"font-size:16px\"><strong>2012r. &#8211; <\/strong>Zako\u0144czono termomodernizacj\u0119 budynku szko\u0142y, kt\u00f3ra odzyska\u0142a dawny blask. W ramach inwestycji docieplono \u015bciany zewn\u0119trzne i dach, wymieniono okna, drzwi, instalacj\u0119 centralnego ogrzewania. Wykonano r\u00f3wnie\u017c remont remont \u0142\u0105cznika pomi\u0119dzy budynkiem szko\u0142y, a sal\u0105 gimnastyczn\u0105. Celem projektu by\u0142a modernizacja energetyczna budynku szko\u0142y. Dzi\u0119ki przeprowadzonej termomodernizacji polepszy\u0142y si\u0119 warunki nauczania. Koszt termomodernizacji budynk\u00f3w szko\u0142y wynios\u0142a 1 789 299z\u0142.<\/p>\n<\/div><\/div>\n\n\n\n<p class=\"wp-block-paragraph\" style=\"font-size:16px\"><strong>2022r. &#8211;<\/strong> Starosta Powiatu Tarnog\u00f3rskiego, pani Krystyna Kosmala, wr\u0119czy\u0142a pani Gra\u017cynie Kowalskiej akt powo\u0142ania na stanowisko Dyrektora Zespo\u0142u Szk\u00f3\u0142 Techniczno-Us\u0142ugowych im. Jana Paw\u0142a II.<\/p>\n\n\n\n<div class=\"wp-block-media-text alignwide has-media-on-the-right is-stacked-on-mobile\" style=\"grid-template-columns:auto 27%\"><div class=\"wp-block-media-text__content\">\n<p class=\"wp-block-paragraph\" style=\"font-size:16px\"><strong>2023r. &#8211; <\/strong>13 stycznia, otwarto nowoczesn\u0105 multimedialn\u0105 strzelnic\u0119 z systemem szkolno-treningowym &#8222;POJEDYNEK&#8221;. Zadanie zrealizowano w ramach projektu &#8222;Strzelnica w Powiecie 2022&#8221;. Ca\u0142kowita warto\u015b\u0107 projektu wynios\u0142a 230 tys. z\u0142otych. Cz\u0119\u015b\u0107 \u015brodk\u00f3w pozyskano od Ministra Obrony Narodowej (180 tys. z\u0142otych), a pozosta\u0142a stanowi\u0142y \u015brodki w\u0142asne Powiatu Tarnog\u00f3rskiego. <\/p>\n<\/div><figure class=\"wp-block-media-text__media\"><img decoding=\"async\" src=\"https:\/\/zstu.tg.edu.pl\/wp-new\/wp-content\/uploads\/2023\/02\/stzrelnica.jpg\" alt=\"\" class=\"wp-image-1306 size-full\"\/><\/figure><\/div>\n\n\n\n<div style=\"height:45px\" aria-hidden=\"true\" class=\"wp-block-spacer\"><\/div>\n","protected":false},"excerpt":{"rendered":"<p>1959r.- Pierwsze szkolenie uczni\u00f3w dla PKP w siedzibie szko\u0142y Mechaniczno-Elektrycznej w Tarnowskich G\u00f3rach przy ul. Sienkiewicza. Inicjatorem powo\u0142ania klasy by\u0142 Naczelnik Parowozowni Lucjan Trzeciakowski. 1961r. &#8211; Powsta\u0142a Zasadnicza Szko\u0142a Zawodowa dla Pracuj\u0105cych na PKP z siedzib\u0105 w Parowozowni G\u0142\u00f3wnej w Tarnowskich G\u00f3rach. 1964r. &#8211; Powo\u0142ano Spo\u0142eczny Komitet Budowy Kolejowej Szko\u0142y Technicznej przy W\u0119\u017ale w Tarnowskich [&hellip;]<\/p>\n","protected":false},"author":29,"featured_media":0,"parent":0,"menu_order":0,"comment_status":"closed","ping_status":"closed","template":"elementor_theme","meta":{"pgc_sgb_lightbox_settings":"","footnotes":""},"class_list":["post-1123","page","type-page","status-publish","hentry"],"_links":{"self":[{"href":"https:\/\/zstu.tg.edu.pl\/wp-new\/wp-json\/wp\/v2\/pages\/1123","targetHints":{"allow":["GET"]}}],"collection":[{"href":"https:\/\/zstu.tg.edu.pl\/wp-new\/wp-json\/wp\/v2\/pages"}],"about":[{"href":"https:\/\/zstu.tg.edu.pl\/wp-new\/wp-json\/wp\/v2\/types\/page"}],"author":[{"embeddable":true,"href":"https:\/\/zstu.tg.edu.pl\/wp-new\/wp-json\/wp\/v2\/users\/29"}],"replies":[{"embeddable":true,"href":"https:\/\/zstu.tg.edu.pl\/wp-new\/wp-json\/wp\/v2\/comments?post=1123"}],"version-history":[{"count":12,"href":"https:\/\/zstu.tg.edu.pl\/wp-new\/wp-json\/wp\/v2\/pages\/1123\/revisions"}],"predecessor-version":[{"id":1313,"href":"https:\/\/zstu.tg.edu.pl\/wp-new\/wp-json\/wp\/v2\/pages\/1123\/revisions\/1313"}],"wp:attachment":[{"href":"https:\/\/zstu.tg.edu.pl\/wp-new\/wp-json\/wp\/v2\/media?parent=1123"}],"curies":[{"name":"wp","href":"https:\/\/api.w.org\/{rel}","templated":true}]}}