{"id":2244,"date":"2025-09-02T16:02:43","date_gmt":"2025-09-02T15:02:43","guid":{"rendered":"https:\/\/zstu.tg.edu.pl\/wp-new\/?page_id=2244"},"modified":"2026-09-03T14:26:32","modified_gmt":"2026-09-03T12:26:32","slug":"grono-pedagogiczne","status":"publish","type":"page","link":"https:\/\/zstu.tg.edu.pl\/wp-new\/grono-pedagogiczne\/","title":{"rendered":"Grono Pedagogiczne &#8211; 2026\/2027"},"content":{"rendered":"\t\t<div data-elementor-type=\"wp-page\" data-elementor-id=\"2244\" class=\"elementor elementor-2244\" data-elementor-post-type=\"page\">\n\t\t\t\t\t\t<section class=\"elementor-section elementor-top-section elementor-element elementor-element-1492f79a elementor-section-boxed elementor-section-height-default elementor-section-height-default\" data-id=\"1492f79a\" data-element_type=\"section\" data-e-type=\"section\">\n\t\t\t\t\t\t<div class=\"elementor-container elementor-column-gap-default\">\n\t\t\t\t\t<div class=\"elementor-column elementor-col-100 elementor-top-column elementor-element elementor-element-248c1c82\" data-id=\"248c1c82\" data-element_type=\"column\" data-e-type=\"column\">\n\t\t\t<div class=\"elementor-widget-wrap elementor-element-populated\">\n\t\t\t\t\t\t<div class=\"elementor-element elementor-element-5adb4a77 elementor-widget elementor-widget-text-editor\" data-id=\"5adb4a77\" data-element_type=\"widget\" data-e-type=\"widget\" data-widget_type=\"text-editor.default\">\n\t\t\t\t<div class=\"elementor-widget-container\">\n\t\t\t\t\t\t\t\t\t<p><strong>mgr Gra\u017cyna Kowalska<\/strong><br \/>DYREKTOR SZKO\u0141Y<\/p>\n<p><!-- \/wp:paragraph --><\/p>\n<p><!-- wp:paragraph --><\/p>\n<p><strong>mgr Katarzyna Stankiewicz<\/strong><br \/>ZAST\u0118PCA DYREKTORA SZKO\u0141Y<\/p>\n<p><!-- \/wp:paragraph --><\/p>\n<p><!-- wp:paragraph --><\/p>\n<p><strong>J\u0118ZYK POLSKI<\/strong><br \/>mgr Renata Gacki<br \/>mgr Jadwiga Gulba-Wysocka<br \/>mgr Mariusz Pawela<br \/>dr Stanis\u0142aw Zaj\u0105c<\/p>\n<p><!-- \/wp:paragraph --><\/p>\n<p><!-- wp:paragraph --><\/p>\n<p><strong>J\u0118ZYK ANGIELSKI<\/strong> <strong>\/ J\u0118ZYK ANGIELSKI ZAWODOWY<\/strong><br \/>mgr Jadwiga Gulba-Wysocka<br \/>mgr Patrycja Kowalska<br \/>mgr Agnieszka Krawczyk<br \/>mgr Aleksandra Ko\u0142ecka<br \/>mgr Weronika Lubosz<br \/>mgr Katarzyna Pieprzyca<br \/>mgr Aleksandra Wachla<\/p>\n<p><!-- \/wp:paragraph --><\/p>\n<p><!-- wp:paragraph --><\/p>\n<p><strong>J\u0118ZYK NIEMIECKI<\/strong><br \/>mgr Ma\u0142gorzata Grzesiakowska<br \/>mgr Beata Jaremska<br \/>mgr Wioletta Jarz\u0105bek<br \/>mgr Monika Szajer<br \/>mgr Ilona Wdowiak<\/p>\n<p><!-- \/wp:paragraph --><\/p>\n<p><!-- wp:paragraph --><\/p>\n<p><strong>J\u0118ZYK HISZPA\u0143SKI<br \/><\/strong>mgr Monika Szajer<\/p>\n<p><strong>CHEMIA<\/strong><br \/>mgr Magdalena Bambynek<br \/>dr n. o zdr. Katarzyna Chojnacka<\/p>\n<p><!-- \/wp:paragraph --><\/p>\n<p><!-- wp:paragraph --><\/p>\n<p><strong>BIOLOGIA<br \/><\/strong>mgr Magdalena Bambynek<br \/>dr n. o zdr. Katarzyna Chojnacka<br \/>mgr Anna Golek<\/p>\n<p><!-- \/wp:paragraph --><\/p>\n<p><!-- wp:paragraph --><\/p>\n<p><strong>FIZYKA<\/strong><br \/>dr n. o zdr. Katarzyna Chojnacka<\/p>\n<p><!-- \/wp:paragraph --><\/p>\n<p><!-- wp:paragraph --><\/p>\n<p><strong>GEOGRAFIA<\/strong><br \/>mgr Aleksandra \u0141\u0105giewka<br \/>mgr Alicja Zaj\u0105czkowska<\/p>\n<p><!-- \/wp:paragraph --><\/p>\n<p><!-- wp:paragraph --><\/p>\n<p><strong>INFORMATYKA<\/strong><br \/>mgr in\u017c. Micha\u0142 Lepiarz<br \/>mgr Micha\u0142 Kos<br \/>mgr Mariusz Pawela<\/p>\n<p><!-- \/wp:paragraph --><\/p>\n<p><!-- wp:paragraph --><\/p>\n<p><strong>MATEMATYKA<\/strong> <strong>\/ ANALIZA MATEMATYCZNA<\/strong><br \/>dr n. o zdr. Katarzyna Chojnacka<br \/>mgr Katarzyna Kachelska<br \/>mgr Gra\u017cyna Sk\u00f3rnicka-Szewczyk<br \/>mgr Anna Sopuch<br \/>mgr Jaros\u0142aw Weso\u0142ek<br \/>dr in\u017c. Agnieszka Bogda\u0142<br \/>mgr in\u017c. Pawe\u0142 Olszewski<\/p>\n<p><!-- \/wp:paragraph --><\/p>\n<p><!-- wp:paragraph --><\/p>\n<p><strong>HISTORIA \/ WIEDZA O SPO\u0141ECZE\u0143STWIE<\/strong> <strong>\/<\/strong> <strong>HISTORIA I TERA\u0179NIEJSZO\u015a\u0106<\/strong><br \/>mgr Sebastian Jarz\u0105bek<br \/>mgr Karina S\u0142ota<\/p>\n<p><strong>EDUKACJA DLA BEZPIECZE\u0143STWA<\/strong><br \/>st. kpt. Gerard Nickel<\/p>\n<p><!-- \/wp:paragraph --><\/p>\n<p><!-- wp:paragraph --><\/p>\n<p><!-- \/wp:paragraph --><\/p>\n<p><!-- wp:paragraph --><\/p>\n<p><strong>BIZNES I ZARZ\u0104DZANIE<br \/><\/strong>mgr Katarzyna Stankiewicz<\/p>\n<p><strong>WYCHOWANIE FIZYCZNE<\/strong> <strong>\/ AIKIDO<\/strong><br \/>mgr Jacek Bie\u0144<br \/>mgr \u0141ukasz Chmiel<br \/>mgr Marek Jaworski<br \/>mgr Magdalena Po\u017aniak<br \/>mgr Rafa\u0142 So\u0142tysik<\/p>\n<p><!-- \/wp:paragraph --><\/p>\n<p><!-- wp:paragraph --><\/p>\n<p><strong>RELIGIA<\/strong><br \/>mgr Zofia Siegesmund-Imi\u0142owska<\/p>\n<p><!-- \/wp:paragraph --><\/p>\n<p><!-- wp:paragraph --><\/p>\n<p><strong>FILOZOFIA<\/strong><br \/>dr n. o zdr. Katarzyna Chojnacka<br \/>mgr Zofia Siegesmund-Imi\u0142owska<\/p>\n<p><!-- \/wp:paragraph --><\/p>\n<p><!-- wp:paragraph --><\/p>\n<p><strong>PRZEDMIOTY DODATKOWE KLAS OPW, POLICYJNEJ I STRA\u017bY GRANICZNEJ<\/strong><br \/>m\u0142. chor. SG Anna Gierczycka<br \/>pp\u0142k. Grzegorz Mas\u0142owski<br \/>ppor. SG Micha\u0142 Michnol<br \/>st. kpt. Gerard Nickel<br \/>mgr Rafa\u0142 Biczysko<br \/>mgr Tomasz Openchowski<br \/>lic. Filip Tasarz<\/p>\n<p><strong>PSYCHOLOGIA, PEDAGOGIKA<br \/><\/strong>mgr Daniel Nowacki<\/p>\n<p><strong>PRZEDMIOTY ZAWODOWE<\/strong><br \/>mgr in\u017c. Tomasz Bort<br \/>mgr in\u017c. Marek Cempulik<br \/>mgr in\u017c. Karol Gajek<br \/>mgr Jadwiga G\u0105sior<br \/>mgr Jadwiga Gulba-Wysocka<br \/>mgr Tomasz Korzus<br \/>mgr in\u017c. Wojciech Mazur<br \/>mgr in\u017c. Franciszek Michalski<br \/>st. kpt. Gerard Nickel<br \/>mgr in\u017c. Micha\u0142 Lepiarz<br \/>mgr in\u017c. Jolanta Szwajnoch<br \/>mgr Monika W\u00f3jcik<br \/>mgr Krystyna Zieli\u0144ska<br \/>mgr Tomasz Cielpik<br \/>in\u017c. Sandra Kowalska<br \/>mgr Marek Nowak<\/p>\n<p><!-- \/wp:paragraph --><\/p>\n<p><!-- wp:paragraph --><\/p>\n<p><strong>DORADZTWO ZAWODOWE<br \/><\/strong>mgr Micha\u0142 Kos<\/p>\n<p><strong>BIBLIOTEKA SZKOLNA<\/strong><br \/>mgr Anna Daniel<\/p>\n<p><!-- \/wp:paragraph --><\/p>\n<p><!-- wp:paragraph --><\/p>\n<p><strong>PEDAGOG SZKOLNY<\/strong><br \/>mgr Katarzyna Gottwald-Tomaszewska<\/p>\n<p><!-- \/wp:paragraph --><\/p>\n<p><!-- wp:paragraph --><\/p>\n<p><strong>PEDAGOG SPECJALNY<br \/><\/strong>mgr Hanna Penz<br \/>mgr Katarzyna Gottwald-Tomaszewska\u00a0<\/p>\n<p><strong>PSYCHOLOG SZKOLNY<\/strong><br \/>mgr Paulina Czesnoic<\/p>\n<p><!-- \/wp:paragraph --><\/p>\n<p><!-- wp:paragraph --><\/p>\n<p><strong>EDUKACJA OBYWATELSKA<br \/><\/strong>mgr Adam Pietryga<\/p>\n<p><strong>EDUKACJA ZDROWOTNA<\/strong><br \/>mgr Magdalena Po\u017aniak<\/p>\n<p><strong>SEKRETARIAT I ADMINISTRACJA SZKO\u0141Y<br \/><\/strong>mgr Ewa Nowak &#8211; sekretarz szko\u0142y<br \/>mgr Ilona Szaraniec &#8211; kierownik gospodarczy<br \/>lic. Ksenia Sapiela &#8211; pomoc biurow<\/p>\n<p><!-- \/wp:paragraph --><\/p>\t\t\t\t\t\t\t\t<\/div>\n\t\t\t\t<\/div>\n\t\t\t\t\t<\/div>\n\t\t<\/div>\n\t\t\t\t\t<\/div>\n\t\t<\/section>\n\t\t\t\t<\/div>\n\t\t","protected":false},"excerpt":{"rendered":"<p>mgr Gra\u017cyna KowalskaDYREKTOR SZKO\u0141Y mgr Katarzyna StankiewiczZAST\u0118PCA DYREKTORA SZKO\u0141Y J\u0118ZYK POLSKImgr Renata Gackimgr Jadwiga Gulba-Wysockamgr Mariusz Paweladr Stanis\u0142aw Zaj\u0105c J\u0118ZYK ANGIELSKI \/ J\u0118ZYK ANGIELSKI ZAWODOWYmgr Jadwiga Gulba-Wysockamgr Patrycja Kowalskamgr Agnieszka Krawczykmgr Aleksandra Ko\u0142eckamgr Weronika Luboszmgr Katarzyna Pieprzycamgr Aleksandra Wachla J\u0118ZYK NIEMIECKImgr Ma\u0142gorzata Grzesiakowskamgr Beata Jaremskamgr Wioletta Jarz\u0105bekmgr Monika Szajermgr Ilona Wdowiak J\u0118ZYK HISZPA\u0143SKImgr Monika Szajer [&hellip;]<\/p>\n","protected":false},"author":29,"featured_media":0,"parent":0,"menu_order":0,"comment_status":"closed","ping_status":"closed","template":"","meta":{"pgc_sgb_lightbox_settings":"","footnotes":""},"class_list":["post-2244","page","type-page","status-publish","hentry"],"_links":{"self":[{"href":"https:\/\/zstu.tg.edu.pl\/wp-new\/wp-json\/wp\/v2\/pages\/2244","targetHints":{"allow":["GET"]}}],"collection":[{"href":"https:\/\/zstu.tg.edu.pl\/wp-new\/wp-json\/wp\/v2\/pages"}],"about":[{"href":"https:\/\/zstu.tg.edu.pl\/wp-new\/wp-json\/wp\/v2\/types\/page"}],"author":[{"embeddable":true,"href":"https:\/\/zstu.tg.edu.pl\/wp-new\/wp-json\/wp\/v2\/users\/29"}],"replies":[{"embeddable":true,"href":"https:\/\/zstu.tg.edu.pl\/wp-new\/wp-json\/wp\/v2\/comments?post=2244"}],"version-history":[{"count":139,"href":"https:\/\/zstu.tg.edu.pl\/wp-new\/wp-json\/wp\/v2\/pages\/2244\/revisions"}],"predecessor-version":[{"id":11554,"href":"https:\/\/zstu.tg.edu.pl\/wp-new\/wp-json\/wp\/v2\/pages\/2244\/revisions\/11554"}],"wp:attachment":[{"href":"https:\/\/zstu.tg.edu.pl\/wp-new\/wp-json\/wp\/v2\/media?parent=2244"}],"curies":[{"name":"wp","href":"https:\/\/api.w.org\/{rel}","templated":true}]}}