{"id":3245,"date":"2026-08-19T14:20:00","date_gmt":"2026-08-19T12:20:00","guid":{"rendered":"https:\/\/zstu.tg.edu.pl\/wp-new\/?page_id=3245"},"modified":"2026-08-19T14:47:45","modified_gmt":"2026-08-19T12:47:45","slug":"wyprawka-informacje","status":"publish","type":"page","link":"https:\/\/zstu.tg.edu.pl\/wp-new\/wyprawka-informacje\/","title":{"rendered":"Wyprawka 2026"},"content":{"rendered":"\t\t<div data-elementor-type=\"wp-page\" data-elementor-id=\"3245\" class=\"elementor elementor-3245\" data-elementor-post-type=\"page\">\n\t\t\t\t\t\t<section class=\"elementor-section elementor-top-section elementor-element elementor-element-3d3faa0f elementor-section-boxed elementor-section-height-default elementor-section-height-default\" data-id=\"3d3faa0f\" data-element_type=\"section\" data-e-type=\"section\">\n\t\t\t\t\t\t<div class=\"elementor-container elementor-column-gap-default\">\n\t\t\t\t\t<div class=\"elementor-column elementor-col-100 elementor-top-column elementor-element elementor-element-4d6ca8a2\" data-id=\"4d6ca8a2\" data-element_type=\"column\" data-e-type=\"column\">\n\t\t\t<div class=\"elementor-widget-wrap elementor-element-populated\">\n\t\t\t\t\t\t<div class=\"elementor-element elementor-element-1e4b9fae elementor-widget elementor-widget-text-editor\" data-id=\"1e4b9fae\" data-element_type=\"widget\" data-e-type=\"widget\" data-widget_type=\"text-editor.default\">\n\t\t\t\t<div class=\"elementor-widget-container\">\n\t\t\t\t\t\t\t\t\t<p>Informacja dotycz\u0105ca Rz\u0105dowego programu pomocy uczniom niepe\u0142nosprawnym w formie dofinansowania zakupu podr\u0119cznik\u00f3w, materia\u0142\u00f3w edukacyjnych i materia\u0142\u00f3w \u0107wiczeniowych w latach 2026\u20132028 realizowanego w 2026 roku.<\/p>\n<p>O\u015bwiadczeniem o zakupie podr\u0119cznik\u00f3w dot. programu &#8222;Wyprawka 2026r.&#8221; nale\u017cy sk\u0142ada\u0107 w sekretariacie szko\u0142y do dnia 15 wrze\u015bnia 2026.<\/p>\n<p><!-- \/wp:paragraph --><!-- wp:paragraph --><\/p>\n<p>Dokumenty zwi\u0105zane z programem:<\/p>\n<p><!-- \/wp:paragraph --><!-- wp:file {\"id\":3246,\"href\":\"https:\/\/zstu.tg.edu.pl\/wp-new\/wp-content\/uploads\/2023\/08\/WNIOSEK.docx\"} --><\/p>\n<div><a href=\"https:\/\/zstu.tg.edu.pl\/wp-new\/wp-content\/uploads\/2026\/08\/Informacja_2026.pdf\" target=\"_blank\" rel=\"noopener\">Informacja dotycz\u0105ca Rz\u0105dowego programu pomocy uczniom niepe\u0142nosprawnym<\/a><\/div>\n<p><!-- \/wp:file --><!-- wp:file {\"id\":3246,\"href\":\"https:\/\/zstu.tg.edu.pl\/wp-new\/wp-content\/uploads\/2023\/08\/WNIOSEK.docx\"} --><\/p>\n<div><a href=\"https:\/\/zstu.tg.edu.pl\/wp-new\/wp-content\/uploads\/2026\/08\/Wniosek_2026.docx\" target=\"_blank\" rel=\"noopener\">Wniosek o dofinansowanie zakupu podr\u0119cznik\u00f3w<\/a><\/div>\n<p><!-- \/wp:file --><!-- wp:file {\"id\":3250,\"href\":\"https:\/\/zstu.tg.edu.pl\/wp-new\/wp-content\/uploads\/2025\/06\/oswiadczenie.docx\"} --><\/p>\n<div><a href=\"https:\/\/zstu.tg.edu.pl\/wp-new\/wp-content\/uploads\/2026\/08\/Oswiadczenie_2026.docx\" target=\"_blank\" rel=\"noopener\">O\u015bwiadczenie o zakupie podr\u0119cznik\u00f3w<\/a><\/div>\n<p><!-- \/wp:file --><!-- wp:file {\"id\":3248,\"href\":\"https:\/\/zstu.tg.edu.pl\/wp-new\/wp-content\/uploads\/2023\/08\/VII_Rozporzadzenie-Rady-Ministrow-z-19-maja-2023-r.-program.pdf\",\"displayPreview\":false} --><\/p>\n<div><a href=\"https:\/\/zstu.tg.edu.pl\/wp-new\/wp-content\/uploads\/2026\/08\/Zarzadzenie_2026.pdf\" target=\"_blank\" rel=\"noopener\">Zarz\u0105dzenie Nr 1135\/2026 Burmistrza Miasta Tarnowskie G\u00f3ry z dnia 23.07.2026r.<\/a><\/div>\n<p><!-- \/wp:file --><!-- wp:file {\"id\":6174,\"href\":\"https:\/\/zstu.tg.edu.pl\/wp-new\/wp-content\/uploads\/2024\/07\/zalacznik.pdf\",\"displayPreview\":false} --><\/p>\n<p><!-- \/wp:file --><\/p>\t\t\t\t\t\t\t\t<\/div>\n\t\t\t\t<\/div>\n\t\t\t\t\t<\/div>\n\t\t<\/div>\n\t\t\t\t\t<\/div>\n\t\t<\/section>\n\t\t\t\t<\/div>\n\t\t","protected":false},"excerpt":{"rendered":"<p>Informacja dotycz\u0105ca Rz\u0105dowego programu pomocy uczniom niepe\u0142nosprawnym w formie dofinansowania zakupu podr\u0119cznik\u00f3w, materia\u0142\u00f3w edukacyjnych i materia\u0142\u00f3w \u0107wiczeniowych w latach 2026\u20132028 realizowanego w 2026 roku. O\u015bwiadczeniem o zakupie podr\u0119cznik\u00f3w dot. programu &#8222;Wyprawka 2026r.&#8221; nale\u017cy sk\u0142ada\u0107 w sekretariacie szko\u0142y do dnia 15 wrze\u015bnia 2026. Dokumenty zwi\u0105zane z programem: Informacja dotycz\u0105ca Rz\u0105dowego programu pomocy uczniom niepe\u0142nosprawnym Wniosek o [&hellip;]<\/p>\n","protected":false},"author":29,"featured_media":3253,"parent":0,"menu_order":0,"comment_status":"closed","ping_status":"closed","template":"","meta":{"pgc_sgb_lightbox_settings":"","footnotes":""},"class_list":["post-3245","page","type-page","status-publish","has-post-thumbnail","hentry"],"_links":{"self":[{"href":"https:\/\/zstu.tg.edu.pl\/wp-new\/wp-json\/wp\/v2\/pages\/3245","targetHints":{"allow":["GET"]}}],"collection":[{"href":"https:\/\/zstu.tg.edu.pl\/wp-new\/wp-json\/wp\/v2\/pages"}],"about":[{"href":"https:\/\/zstu.tg.edu.pl\/wp-new\/wp-json\/wp\/v2\/types\/page"}],"author":[{"embeddable":true,"href":"https:\/\/zstu.tg.edu.pl\/wp-new\/wp-json\/wp\/v2\/users\/29"}],"replies":[{"embeddable":true,"href":"https:\/\/zstu.tg.edu.pl\/wp-new\/wp-json\/wp\/v2\/comments?post=3245"}],"version-history":[{"count":39,"href":"https:\/\/zstu.tg.edu.pl\/wp-new\/wp-json\/wp\/v2\/pages\/3245\/revisions"}],"predecessor-version":[{"id":11387,"href":"https:\/\/zstu.tg.edu.pl\/wp-new\/wp-json\/wp\/v2\/pages\/3245\/revisions\/11387"}],"wp:featuredmedia":[{"embeddable":true,"href":"https:\/\/zstu.tg.edu.pl\/wp-new\/wp-json\/wp\/v2\/media\/3253"}],"wp:attachment":[{"href":"https:\/\/zstu.tg.edu.pl\/wp-new\/wp-json\/wp\/v2\/media?parent=3245"}],"curies":[{"name":"wp","href":"https:\/\/api.w.org\/{rel}","templated":true}]}}