{"id":3309,"date":"2023-09-01T08:00:00","date_gmt":"2023-09-01T06:00:00","guid":{"rendered":"https:\/\/zstu.tg.edu.pl\/wp-new\/?page_id=3309"},"modified":"2024-06-21T13:03:26","modified_gmt":"2024-06-21T11:03:26","slug":"2023-2024","status":"publish","type":"page","link":"https:\/\/zstu.tg.edu.pl\/wp-new\/galeria\/2023-2024\/","title":{"rendered":"Rok szkolny 2023\/2024"},"content":{"rendered":"<div class=\"pgc-sgb-cb wp-block-pgcsimplygalleryblock-albums \" data-gallery-id=\"album_827945\"><div class=\"sgb-preloader\" id=\"pr_album_827945\">\n\t<div class=\"sgb-square\" style=\"background:#d4d4d4\"><\/div>\n\t<div class=\"sgb-square\" style=\"background:#d4d4d4\"><\/div>\n\t<div class=\"sgb-square\" style=\"background:#d4d4d4\"><\/div>\n\t<div class=\"sgb-square\" style=\"background:#d4d4d4\"><\/div><\/div><div class=\"simply-gallery-amp pgc-sgb-album \" style=\"display: none;\"><div class=\"sgb-gallery\"><div class=\"sgb-item\" title=\"Rozpocz\u0119cie roku szkolnego 2023\/2024\"><a href=\"https:\/\/zstu.tg.edu.pl\/wp-new\/pgc_simply_gallery\/rozpoczecie-roku-szkolnego-2023-2024\/\" target=\"_blank\"><img loading=\"lazy\" decoding=\"async\" alt=\"Rozpocz\u0119cie roku szkolnego 2023\/2024\" width=\"250\" height=\"250\" loading=\"lazy\" src=\"https:\/\/zstu.tg.edu.pl\/wp-new\/wp-content\/uploads\/2023\/09\/05-150x100.jpg\" \/><\/a><div class=\"sgb-item-caption\"><em>Rozpocz\u0119cie roku szkolnego 2023\/2024<\/em><\/div><\/div><div class=\"sgb-item\" title=\"Gwarki 2023\"><a href=\"https:\/\/zstu.tg.edu.pl\/wp-new\/pgc_simply_gallery\/gwarki-2023\/\" target=\"_blank\"><img loading=\"lazy\" decoding=\"async\" alt=\"Gwarki 2023\" width=\"250\" height=\"250\" loading=\"lazy\" src=\"https:\/\/zstu.tg.edu.pl\/wp-new\/wp-content\/uploads\/2023\/09\/02-1-113x150.jpg\" \/><\/a><div class=\"sgb-item-caption\"><em>Gwarki 2023<\/em><\/div><\/div><div class=\"sgb-item\" title=\"Paintballowy zawr\u00f3t g\u0142owy\"><a href=\"https:\/\/zstu.tg.edu.pl\/wp-new\/pgc_simply_gallery\/paintballowy-zawrot-glowy\/\" target=\"_blank\"><img loading=\"lazy\" decoding=\"async\" alt=\"Paintballowy zawr\u00f3t g\u0142owy\" width=\"250\" height=\"250\" loading=\"lazy\" src=\"https:\/\/zstu.tg.edu.pl\/wp-new\/wp-content\/uploads\/2023\/09\/12-2-150x112.jpg\" \/><\/a><div class=\"sgb-item-caption\"><em>Paintballowy zawr\u00f3t g\u0142owy<\/em><\/div><\/div><div class=\"sgb-item\" title=\"Ob\u00f3z\"><a href=\"https:\/\/zstu.tg.edu.pl\/wp-new\/pgc_simply_gallery\/oboz\/\" target=\"_blank\"><img loading=\"lazy\" decoding=\"async\" alt=\"Ob\u00f3z\" width=\"250\" height=\"250\" loading=\"lazy\" src=\"https:\/\/zstu.tg.edu.pl\/wp-new\/wp-content\/uploads\/2023\/10\/31-150x113.jpg\" \/><\/a><div class=\"sgb-item-caption\"><em>Ob\u00f3z<\/em><\/div><\/div><div class=\"sgb-item\" title=\"Po\u017cegnanie lata w Poraju\"><a href=\"https:\/\/zstu.tg.edu.pl\/wp-new\/pgc_simply_gallery\/pozegnanie-lata-w-poraju\/\" target=\"_blank\"><img loading=\"lazy\" decoding=\"async\" alt=\"Po\u017cegnanie lata w Poraju\" width=\"250\" height=\"250\" loading=\"lazy\" src=\"https:\/\/zstu.tg.edu.pl\/wp-new\/wp-content\/uploads\/2023\/10\/01-2-150x113.jpg\" \/><\/a><div class=\"sgb-item-caption\"><em>Po\u017cegnanie lata w Poraju<\/em><\/div><\/div><div class=\"sgb-item\" title=\"Bieg Sedlaczka\"><a href=\"https:\/\/zstu.tg.edu.pl\/wp-new\/pgc_simply_gallery\/bieg-sedlaczka\/\" target=\"_blank\"><img loading=\"lazy\" decoding=\"async\" alt=\"Bieg Sedlaczka\" width=\"250\" height=\"250\" loading=\"lazy\" src=\"https:\/\/zstu.tg.edu.pl\/wp-new\/wp-content\/uploads\/2023\/10\/03-3-113x150.jpg\" \/><\/a><div class=\"sgb-item-caption\"><em>Bieg Sedlaczka<\/em><\/div><\/div><div class=\"sgb-item\" title=\"XX Bieg Prze\u0142ajowy im. sier\u017c. Grzegorza Za\u0142ogi\"><a href=\"https:\/\/zstu.tg.edu.pl\/wp-new\/pgc_simply_gallery\/xx-bieg-przelajowy-im-sierz-grzegorza-zalogi\/\" target=\"_blank\"><img loading=\"lazy\" decoding=\"async\" alt=\"XX Bieg Prze\u0142ajowy im. sier\u017c. Grzegorza Za\u0142ogi\" width=\"250\" height=\"250\" loading=\"lazy\" src=\"https:\/\/zstu.tg.edu.pl\/wp-new\/wp-content\/uploads\/2023\/10\/01-4-113x150.jpg\" \/><\/a><div class=\"sgb-item-caption\"><em>XX Bieg Prze\u0142ajowy im. sier\u017c. Grzegorza Za\u0142ogi<\/em><\/div><\/div><div class=\"sgb-item\" title=\"&quot;Trenuj z wojskiem \u2013 sam i w grupie&quot;\"><a href=\"https:\/\/zstu.tg.edu.pl\/wp-new\/pgc_simply_gallery\/trenuj-z-wojskiem-sam-i-w-grupie\/\" target=\"_blank\"><img loading=\"lazy\" decoding=\"async\" alt=\"&quot;Trenuj z wojskiem \u2013 sam i w grupie&quot;\" width=\"250\" height=\"250\" loading=\"lazy\" src=\"https:\/\/zstu.tg.edu.pl\/wp-new\/wp-content\/uploads\/2023\/10\/01-5-150x113.jpg\" \/><\/a><div class=\"sgb-item-caption\"><em>&quot;Trenuj z wojskiem \u2013 sam i w grupie&quot;<\/em><\/div><\/div><div class=\"sgb-item\" title=\"&quot;W S\u0141U\u017bBIE PRAWU&quot;, czyli z wizyt\u0105 w Areszcie \u015aledczym w Tarnowskich G\u00f3rach\"><a href=\"https:\/\/zstu.tg.edu.pl\/wp-new\/pgc_simply_gallery\/w-sluzbie-prawu-czyli-z-wizyta-w-areszcie-sledczym-w-tarnowskich-gorach\/\" target=\"_blank\"><img loading=\"lazy\" decoding=\"async\" alt=\"&quot;W S\u0141U\u017bBIE PRAWU&quot;, czyli z wizyt\u0105 w Areszcie \u015aledczym w Tarnowskich G\u00f3rach\" width=\"250\" height=\"250\" loading=\"lazy\" src=\"https:\/\/zstu.tg.edu.pl\/wp-new\/wp-content\/uploads\/2023\/10\/01-6-150x112.jpg\" \/><\/a><div class=\"sgb-item-caption\"><em>&quot;W S\u0141U\u017bBIE PRAWU&quot;, czyli z wizyt\u0105 w Areszcie \u015aledczym w Tarnowskich G\u00f3rach<\/em><\/div><\/div><div class=\"sgb-item\" title=\"\u015awi\u0119ta Drzewa 10.10.2023r.\"><a href=\"https:\/\/zstu.tg.edu.pl\/wp-new\/pgc_simply_gallery\/swieta-drzewa-10-10-2023r\/\" target=\"_blank\"><img loading=\"lazy\" decoding=\"async\" alt=\"\u015awi\u0119ta Drzewa 10.10.2023r.\" width=\"250\" height=\"250\" loading=\"lazy\" src=\"https:\/\/zstu.tg.edu.pl\/wp-new\/wp-content\/uploads\/2023\/10\/14-2-150x113.jpg\" \/><\/a><div class=\"sgb-item-caption\"><em>\u015awi\u0119ta Drzewa 10.10.2023r.<\/em><\/div><\/div><div class=\"sgb-item\" title=\"Wakacyjne spotkania z przyrod\u0105-prace konkursowe\"><a href=\"https:\/\/zstu.tg.edu.pl\/wp-new\/pgc_simply_gallery\/wakacyjne-spotkania-z-przyroda-prace-konkursowe\/\" target=\"_blank\"><img loading=\"lazy\" decoding=\"async\" alt=\"Wakacyjne spotkania z przyrod\u0105-prace konkursowe\" width=\"250\" height=\"250\" loading=\"lazy\" src=\"https:\/\/zstu.tg.edu.pl\/wp-new\/wp-content\/uploads\/2023\/10\/WhatsApp-Image-2023-10-13-at-16.00.19-150x112.jpeg\" \/><\/a><div class=\"sgb-item-caption\"><em>Wakacyjne spotkania z przyrod\u0105-prace konkursowe<\/em><\/div><\/div><div class=\"sgb-item\" title=\"&quot;Trzeba mie\u0107 wielkie serce, by kszta\u0142towa\u0107 ma\u0142ych ludzi&quot;\"><a href=\"https:\/\/zstu.tg.edu.pl\/wp-new\/pgc_simply_gallery\/trzeba-miec-wielkie-serce-by-ksztaltowac-malych-ludzi\/\" target=\"_blank\"><img loading=\"lazy\" decoding=\"async\" alt=\"&quot;Trzeba mie\u0107 wielkie serce, by kszta\u0142towa\u0107 ma\u0142ych ludzi&quot;\" width=\"250\" height=\"250\" loading=\"lazy\" src=\"https:\/\/zstu.tg.edu.pl\/wp-new\/wp-content\/uploads\/2023\/10\/07-5-150x113.jpg\" \/><\/a><div class=\"sgb-item-caption\"><em>&quot;Trzeba mie\u0107 wielkie serce, by kszta\u0142towa\u0107 ma\u0142ych ludzi&quot;<\/em><\/div><\/div><div class=\"sgb-item\" title=\"Ach ten poligon\"><a href=\"https:\/\/zstu.tg.edu.pl\/wp-new\/pgc_simply_gallery\/ach-ten-poligon\/\" target=\"_blank\"><img loading=\"lazy\" decoding=\"async\" alt=\"Ach ten poligon\" width=\"250\" height=\"250\" loading=\"lazy\" src=\"https:\/\/zstu.tg.edu.pl\/wp-new\/wp-content\/uploads\/2023\/10\/08-6-150x113.jpg\" \/><\/a><div class=\"sgb-item-caption\"><em>Ach ten poligon<\/em><\/div><\/div><div class=\"sgb-item\" title=\"Szkolenie z musztry\"><a href=\"https:\/\/zstu.tg.edu.pl\/wp-new\/pgc_simply_gallery\/szkolenie-z-musztry\/\" target=\"_blank\"><img loading=\"lazy\" decoding=\"async\" alt=\"Szkolenie z musztry\" width=\"250\" height=\"250\" loading=\"lazy\" src=\"https:\/\/zstu.tg.edu.pl\/wp-new\/wp-content\/uploads\/2023\/10\/05-10-113x150.jpg\" \/><\/a><div class=\"sgb-item-caption\"><em>Szkolenie z musztry<\/em><\/div><\/div><div class=\"sgb-item\" title=\"Veni Vidi Vici! Roma\"><a href=\"https:\/\/zstu.tg.edu.pl\/wp-new\/pgc_simply_gallery\/veni-vidi-vici-roma\/\" target=\"_blank\"><img loading=\"lazy\" decoding=\"async\" alt=\"Veni Vidi Vici! Roma\" width=\"250\" height=\"250\" loading=\"lazy\" src=\"https:\/\/zstu.tg.edu.pl\/wp-new\/wp-content\/uploads\/2023\/10\/06-8-150x113.jpg\" \/><\/a><div class=\"sgb-item-caption\"><em>Veni Vidi Vici! Roma<\/em><\/div><\/div><div class=\"sgb-item\" title=\"\u015alubowanie klas pierwszych\"><a href=\"https:\/\/zstu.tg.edu.pl\/wp-new\/pgc_simply_gallery\/slubowanie-klas-pierwszych\/\" target=\"_blank\"><img loading=\"lazy\" decoding=\"async\" alt=\"\u015alubowanie klas pierwszych\" width=\"250\" height=\"250\" loading=\"lazy\" src=\"https:\/\/zstu.tg.edu.pl\/wp-new\/wp-content\/uploads\/2023\/10\/19-4-150x84.jpg\" \/><\/a><div class=\"sgb-item-caption\"><em>\u015alubowanie klas pierwszych<\/em><\/div><\/div><div class=\"sgb-item\" title=\"Pami\u0119tamy o zmar\u0142ych, kt\u00f3rzy oddali swoje \u017cycie w obronie Ojczyzny\u2026\"><a href=\"https:\/\/zstu.tg.edu.pl\/wp-new\/pgc_simply_gallery\/pamietamy-o-zmarlych-ktorzy-oddali-swoje-zycie-w-obronie-ojczyzny\/\" target=\"_blank\"><img loading=\"lazy\" decoding=\"async\" alt=\"Pami\u0119tamy o zmar\u0142ych, kt\u00f3rzy oddali swoje \u017cycie w obronie Ojczyzny\u2026\" width=\"250\" height=\"250\" loading=\"lazy\" src=\"https:\/\/zstu.tg.edu.pl\/wp-new\/wp-content\/uploads\/2023\/10\/06-11-150x68.jpg\" \/><\/a><div class=\"sgb-item-caption\"><em>Pami\u0119tamy o zmar\u0142ych, kt\u00f3rzy oddali swoje \u017cycie w obronie Ojczyzny\u2026<\/em><\/div><\/div><div class=\"sgb-item\" title=\"Happy Halloween\"><a href=\"https:\/\/zstu.tg.edu.pl\/wp-new\/pgc_simply_gallery\/happy-halloween\/\" target=\"_blank\"><img loading=\"lazy\" decoding=\"async\" alt=\"Happy Halloween\" width=\"250\" height=\"250\" loading=\"lazy\" src=\"https:\/\/zstu.tg.edu.pl\/wp-new\/wp-content\/uploads\/2023\/10\/24-3-94x150.jpg\" \/><\/a><div class=\"sgb-item-caption\"><em>Happy Halloween<\/em><\/div><\/div><div class=\"sgb-item\" title=\"&quot;Ka\u017cdy swoje drzewko ma&quot;\"><a href=\"https:\/\/zstu.tg.edu.pl\/wp-new\/pgc_simply_gallery\/kazdy-swoje-drzewko-ma\/\" target=\"_blank\"><img loading=\"lazy\" decoding=\"async\" alt=\"&quot;Ka\u017cdy swoje drzewko ma&quot;\" width=\"250\" height=\"250\" loading=\"lazy\" src=\"https:\/\/zstu.tg.edu.pl\/wp-new\/wp-content\/uploads\/2023\/11\/05-113x150.jpg\" \/><\/a><div class=\"sgb-item-caption\"><em>&quot;Ka\u017cdy swoje drzewko ma&quot;<\/em><\/div><\/div><div class=\"sgb-item\" title=\"Wycieczka do Krakowa\"><a href=\"https:\/\/zstu.tg.edu.pl\/wp-new\/pgc_simply_gallery\/wycieczka-do-krakowa\/\" target=\"_blank\"><img loading=\"lazy\" decoding=\"async\" alt=\"Wycieczka do Krakowa\" width=\"250\" height=\"250\" loading=\"lazy\" src=\"https:\/\/zstu.tg.edu.pl\/wp-new\/wp-content\/uploads\/2023\/11\/02-1-150x113.jpg\" \/><\/a><div class=\"sgb-item-caption\"><em>Wycieczka do Krakowa<\/em><\/div><\/div><div class=\"sgb-item\" title=\"Wojew\u00f3dzkie Obchody Narodowego \u015awi\u0119ta Niepodleg\u0142o\u015bci\"><a href=\"https:\/\/zstu.tg.edu.pl\/wp-new\/pgc_simply_gallery\/wojewodzkie-obchody-narodowego-swieta-niepodleglosci\/\" target=\"_blank\"><img loading=\"lazy\" decoding=\"async\" alt=\"Wojew\u00f3dzkie Obchody Narodowego \u015awi\u0119ta Niepodleg\u0142o\u015bci\" width=\"250\" height=\"250\" loading=\"lazy\" src=\"https:\/\/zstu.tg.edu.pl\/wp-new\/wp-content\/uploads\/2023\/11\/15-150x113.jpg\" \/><\/a><div class=\"sgb-item-caption\"><em>Wojew\u00f3dzkie Obchody Narodowego \u015awi\u0119ta Niepodleg\u0142o\u015bci<\/em><\/div><\/div><div class=\"sgb-item\" title=\"Narodowe \u015awi\u0119to Niepodleg\u0142o\u015bci\"><a href=\"https:\/\/zstu.tg.edu.pl\/wp-new\/pgc_simply_gallery\/narodowe-swieto-niepodleglosci\/\" target=\"_blank\"><img loading=\"lazy\" decoding=\"async\" alt=\"Narodowe \u015awi\u0119to Niepodleg\u0142o\u015bci\" width=\"250\" height=\"250\" loading=\"lazy\" src=\"https:\/\/zstu.tg.edu.pl\/wp-new\/wp-content\/uploads\/2023\/11\/04-3-150x113.jpg\" \/><\/a><div class=\"sgb-item-caption\"><em>Narodowe \u015awi\u0119to Niepodleg\u0142o\u015bci<\/em><\/div><\/div><div class=\"sgb-item\" title=\"Udzia\u0142 w uroczystych obchodach Narodowego \u015awi\u0119ta Niepodleg\u0142o\u015bci\"><a href=\"https:\/\/zstu.tg.edu.pl\/wp-new\/pgc_simply_gallery\/udzial-w-uroczystych-obchodach-narodowego-swieta-niepodleglosci\/\" target=\"_blank\"><img loading=\"lazy\" decoding=\"async\" alt=\"Udzia\u0142 w uroczystych obchodach Narodowego \u015awi\u0119ta Niepodleg\u0142o\u015bci\" width=\"250\" height=\"250\" loading=\"lazy\" src=\"https:\/\/zstu.tg.edu.pl\/wp-new\/wp-content\/uploads\/2023\/11\/31-150x68.jpg\" \/><\/a><div class=\"sgb-item-caption\"><em>Udzia\u0142 w uroczystych obchodach Narodowego \u015awi\u0119ta Niepodleg\u0142o\u015bci<\/em><\/div><\/div><div class=\"sgb-item\" title=\"Podsumowanie akcji zbi\u00f3rki \u017cywno\u015bci dla schroniska w Miedarach\"><a href=\"https:\/\/zstu.tg.edu.pl\/wp-new\/pgc_simply_gallery\/podsumowanie-akcji-zbiorki-zywnosci-dla-schroniska-w-miedarach\/\" target=\"_blank\"><img loading=\"lazy\" decoding=\"async\" alt=\"Podsumowanie akcji zbi\u00f3rki \u017cywno\u015bci dla schroniska w Miedarach\" width=\"250\" height=\"250\" loading=\"lazy\" src=\"https:\/\/zstu.tg.edu.pl\/wp-new\/wp-content\/uploads\/2023\/11\/03-5-150x113.jpg\" \/><\/a><div class=\"sgb-item-caption\"><em>Podsumowanie akcji zbi\u00f3rki \u017cywno\u015bci dla schroniska w Miedarach<\/em><\/div><\/div><div class=\"sgb-item\" title=\"Sztuka strzelania\"><a href=\"https:\/\/zstu.tg.edu.pl\/wp-new\/pgc_simply_gallery\/sztuka-strzelania\/\" target=\"_blank\"><img loading=\"lazy\" decoding=\"async\" alt=\"Sztuka strzelania\" width=\"250\" height=\"250\" loading=\"lazy\" src=\"https:\/\/zstu.tg.edu.pl\/wp-new\/wp-content\/uploads\/2023\/11\/23-1-150x113.jpg\" \/><\/a><div class=\"sgb-item-caption\"><em>Sztuka strzelania<\/em><\/div><\/div><div class=\"sgb-item\" title=\"Warsztaty w Veoli\"><a href=\"https:\/\/zstu.tg.edu.pl\/wp-new\/pgc_simply_gallery\/warsztaty-w-veoli\/\" target=\"_blank\"><img loading=\"lazy\" decoding=\"async\" alt=\"Warsztaty w Veoli\" width=\"250\" height=\"250\" loading=\"lazy\" src=\"https:\/\/zstu.tg.edu.pl\/wp-new\/wp-content\/uploads\/2023\/11\/01-7-150x113.jpg\" \/><\/a><div class=\"sgb-item-caption\"><em>Warsztaty w Veoli<\/em><\/div><\/div><div class=\"sgb-item\" title=\"Wycieczka przedmiotowa na lotnisko\"><a href=\"https:\/\/zstu.tg.edu.pl\/wp-new\/pgc_simply_gallery\/wycieczka-przedmiotowa-na-lotnisko\/\" target=\"_blank\"><img loading=\"lazy\" decoding=\"async\" alt=\"Wycieczka przedmiotowa na lotnisko\" width=\"250\" height=\"250\" loading=\"lazy\" src=\"https:\/\/zstu.tg.edu.pl\/wp-new\/wp-content\/uploads\/2023\/12\/34-150x68.jpg\" \/><\/a><div class=\"sgb-item-caption\"><em>Wycieczka przedmiotowa na lotnisko<\/em><\/div><\/div><div class=\"sgb-item\" title=\"Miko\u0142ajki\"><a href=\"https:\/\/zstu.tg.edu.pl\/wp-new\/pgc_simply_gallery\/mikolajki\/\" target=\"_blank\"><img loading=\"lazy\" decoding=\"async\" alt=\"Miko\u0142ajki\" width=\"250\" height=\"250\" loading=\"lazy\" src=\"https:\/\/zstu.tg.edu.pl\/wp-new\/wp-content\/uploads\/2023\/12\/01-150x84.jpg\" \/><\/a><div class=\"sgb-item-caption\"><em>Miko\u0142ajki<\/em><\/div><\/div><div class=\"sgb-item\" title=\"Drezde\u0144skie szale\u0144stwo jarmarkowe\"><a href=\"https:\/\/zstu.tg.edu.pl\/wp-new\/pgc_simply_gallery\/drezdenskie-szalenstwo-jarmarkowe\/\" target=\"_blank\"><img loading=\"lazy\" decoding=\"async\" alt=\"Drezde\u0144skie szale\u0144stwo jarmarkowe\" width=\"250\" height=\"250\" loading=\"lazy\" src=\"https:\/\/zstu.tg.edu.pl\/wp-new\/wp-content\/uploads\/2023\/12\/34-2-150x68.jpg\" \/><\/a><div class=\"sgb-item-caption\"><em>Drezde\u0144skie szale\u0144stwo jarmarkowe<\/em><\/div><\/div><div class=\"sgb-item\" title=\"Akademia Wojsk L\u0105dowych we Wroc\u0142awiu\"><a href=\"https:\/\/zstu.tg.edu.pl\/wp-new\/pgc_simply_gallery\/akademia-wojsk-ladowych-we-wroclawiu\/\" target=\"_blank\"><img loading=\"lazy\" decoding=\"async\" alt=\"Akademia Wojsk L\u0105dowych we Wroc\u0142awiu\" width=\"250\" height=\"250\" loading=\"lazy\" src=\"https:\/\/zstu.tg.edu.pl\/wp-new\/wp-content\/uploads\/2023\/12\/01-4-150x113.jpg\" \/><\/a><div class=\"sgb-item-caption\"><em>Akademia Wojsk L\u0105dowych we Wroc\u0142awiu<\/em><\/div><\/div><div class=\"sgb-item\" title=\"Kiermasz\"><a href=\"https:\/\/zstu.tg.edu.pl\/wp-new\/pgc_simply_gallery\/kiermasz\/\" target=\"_blank\"><img loading=\"lazy\" decoding=\"async\" alt=\"Kiermasz\" width=\"250\" height=\"250\" loading=\"lazy\" src=\"https:\/\/zstu.tg.edu.pl\/wp-new\/wp-content\/uploads\/2023\/12\/kiremasz2023-150x84.jpeg\" \/><\/a><div class=\"sgb-item-caption\"><em>Kiermasz<\/em><\/div><\/div><div class=\"sgb-item\" title=\"Wycieczka do Pragi\"><a href=\"https:\/\/zstu.tg.edu.pl\/wp-new\/pgc_simply_gallery\/wycieczka-do-pragi\/\" target=\"_blank\"><img loading=\"lazy\" decoding=\"async\" alt=\"Wycieczka do Pragi\" width=\"250\" height=\"250\" loading=\"lazy\" src=\"https:\/\/zstu.tg.edu.pl\/wp-new\/wp-content\/uploads\/2023\/12\/06-4-150x113.jpg\" \/><\/a><div class=\"sgb-item-caption\"><em>Wycieczka do Pragi<\/em><\/div><\/div><div class=\"sgb-item\" title=\"Jase\u0142ka\"><a href=\"https:\/\/zstu.tg.edu.pl\/wp-new\/pgc_simply_gallery\/jaselka\/\" target=\"_blank\"><img loading=\"lazy\" decoding=\"async\" alt=\"Jase\u0142ka\" width=\"250\" height=\"250\" loading=\"lazy\" src=\"https:\/\/zstu.tg.edu.pl\/wp-new\/wp-content\/uploads\/2023\/12\/01-6-150x113.jpg\" \/><\/a><div class=\"sgb-item-caption\"><em>Jase\u0142ka<\/em><\/div><\/div><div class=\"sgb-item\" title=\"Wycieczka do Londynu\"><a href=\"https:\/\/zstu.tg.edu.pl\/wp-new\/pgc_simply_gallery\/wycieczka-do-londynu\/\" target=\"_blank\"><img loading=\"lazy\" decoding=\"async\" alt=\"Wycieczka do Londynu\" width=\"250\" height=\"250\" loading=\"lazy\" src=\"https:\/\/zstu.tg.edu.pl\/wp-new\/wp-content\/uploads\/2023\/12\/15-6-150x113.jpg\" \/><\/a><div class=\"sgb-item-caption\"><em>Wycieczka do Londynu<\/em><\/div><\/div><div class=\"sgb-item\" title=\"Strzelnica\"><a href=\"https:\/\/zstu.tg.edu.pl\/wp-new\/pgc_simply_gallery\/strzelnica\/\" target=\"_blank\"><img loading=\"lazy\" decoding=\"async\" alt=\"Strzelnica\" width=\"250\" height=\"250\" loading=\"lazy\" src=\"https:\/\/zstu.tg.edu.pl\/wp-new\/wp-content\/uploads\/2024\/01\/35-150x113.jpg\" \/><\/a><div class=\"sgb-item-caption\"><em>Strzelnica<\/em><\/div><\/div><div class=\"sgb-item\" title=\"Tymczasowe Przywr\u00f3cenie Kontroli Granicznej\"><a href=\"https:\/\/zstu.tg.edu.pl\/wp-new\/pgc_simply_gallery\/tymczasowe-przywrocenie-kontroli-granicznej\/\" target=\"_blank\"><img loading=\"lazy\" decoding=\"async\" alt=\"Tymczasowe Przywr\u00f3cenie Kontroli Granicznej\" width=\"250\" height=\"250\" loading=\"lazy\" src=\"https:\/\/zstu.tg.edu.pl\/wp-new\/wp-content\/uploads\/2024\/01\/03-150x68.jpg\" \/><\/a><div class=\"sgb-item-caption\"><em>Tymczasowe Przywr\u00f3cenie Kontroli Granicznej<\/em><\/div><\/div><div class=\"sgb-item\" title=\"Wycieczka do Krakowa\"><a href=\"https:\/\/zstu.tg.edu.pl\/wp-new\/pgc_simply_gallery\/wycieczka-do-krakowa-2\/\" target=\"_blank\"><img loading=\"lazy\" decoding=\"async\" alt=\"Wycieczka do Krakowa\" width=\"250\" height=\"250\" loading=\"lazy\" src=\"https:\/\/zstu.tg.edu.pl\/wp-new\/wp-content\/uploads\/2024\/02\/10-1-150x113.jpg\" \/><\/a><div class=\"sgb-item-caption\"><em>Wycieczka do Krakowa<\/em><\/div><\/div><div class=\"sgb-item\" title=\"Nasi w Bytomiu\"><a href=\"https:\/\/zstu.tg.edu.pl\/wp-new\/pgc_simply_gallery\/nasi-w-bytomiu\/\" target=\"_blank\"><img loading=\"lazy\" decoding=\"async\" alt=\"Nasi w Bytomiu\" width=\"250\" height=\"250\" loading=\"lazy\" src=\"https:\/\/zstu.tg.edu.pl\/wp-new\/wp-content\/uploads\/2024\/02\/01-1-150x112.jpg\" \/><\/a><div class=\"sgb-item-caption\"><em>Nasi w Bytomiu<\/em><\/div><\/div><div class=\"sgb-item\" title=\"14 lutego Dzie\u0144 \u015awi\u0119tego Walentego\"><a href=\"https:\/\/zstu.tg.edu.pl\/wp-new\/pgc_simply_gallery\/14-lutego-dzien-swietego-walentego\/\" target=\"_blank\"><img loading=\"lazy\" decoding=\"async\" alt=\"14 lutego Dzie\u0144 \u015awi\u0119tego Walentego\" width=\"250\" height=\"250\" loading=\"lazy\" src=\"https:\/\/zstu.tg.edu.pl\/wp-new\/wp-content\/uploads\/2024\/02\/32-110x150.jpg\" \/><\/a><div class=\"sgb-item-caption\"><em>14 lutego Dzie\u0144 \u015awi\u0119tego Walentego<\/em><\/div><\/div><div class=\"sgb-item\" title=\"Dzie\u0144 Pami\u0119ci Ofiar Katynia\"><a href=\"https:\/\/zstu.tg.edu.pl\/wp-new\/pgc_simply_gallery\/dzien-pamieci-ofiar-katynia\/\" target=\"_blank\"><img loading=\"lazy\" decoding=\"async\" alt=\"Dzie\u0144 Pami\u0119ci Ofiar Katynia\" width=\"250\" height=\"250\" loading=\"lazy\" src=\"https:\/\/zstu.tg.edu.pl\/wp-new\/wp-content\/uploads\/2024\/03\/01-1-150x113.jpg\" \/><\/a><div class=\"sgb-item-caption\"><em>Dzie\u0144 Pami\u0119ci Ofiar Katynia<\/em><\/div><\/div><div class=\"sgb-item\" title=\"Prelekcja\"><a href=\"https:\/\/zstu.tg.edu.pl\/wp-new\/pgc_simply_gallery\/prelekcja\/\" target=\"_blank\"><img loading=\"lazy\" decoding=\"async\" alt=\"Prelekcja\" width=\"250\" height=\"250\" loading=\"lazy\" src=\"https:\/\/zstu.tg.edu.pl\/wp-new\/wp-content\/uploads\/2024\/03\/05-150x113.jpg\" \/><\/a><div class=\"sgb-item-caption\"><em>Prelekcja<\/em><\/div><\/div><div class=\"sgb-item\" title=\"Dni otwarte 2024\"><a href=\"https:\/\/zstu.tg.edu.pl\/wp-new\/pgc_simply_gallery\/dni-otwarte-2024\/\" target=\"_blank\"><img loading=\"lazy\" decoding=\"async\" alt=\"Dni otwarte 2024\" width=\"250\" height=\"250\" loading=\"lazy\" src=\"https:\/\/zstu.tg.edu.pl\/wp-new\/wp-content\/uploads\/2024\/03\/targi_2024-150x113.jpg\" \/><\/a><div class=\"sgb-item-caption\"><em>Dni otwarte 2024<\/em><\/div><\/div><div class=\"sgb-item\" title=\"Paintball\"><a href=\"https:\/\/zstu.tg.edu.pl\/wp-new\/pgc_simply_gallery\/paintball\/\" target=\"_blank\"><img loading=\"lazy\" decoding=\"async\" alt=\"Paintball\" width=\"250\" height=\"250\" loading=\"lazy\" src=\"https:\/\/zstu.tg.edu.pl\/wp-new\/wp-content\/uploads\/2024\/03\/04-3-150x113.jpg\" \/><\/a><div class=\"sgb-item-caption\"><em>Paintball<\/em><\/div><\/div><div class=\"sgb-item\" title=\"Lekcja na \u015bwie\u017cym powietrzu\"><a href=\"https:\/\/zstu.tg.edu.pl\/wp-new\/pgc_simply_gallery\/lekcja-na-swiezym-powietrzu\/\" target=\"_blank\"><img loading=\"lazy\" decoding=\"async\" alt=\"Lekcja na \u015bwie\u017cym powietrzu\" width=\"250\" height=\"250\" loading=\"lazy\" src=\"https:\/\/zstu.tg.edu.pl\/wp-new\/wp-content\/uploads\/2024\/03\/01-4-150x113.jpg\" \/><\/a><div class=\"sgb-item-caption\"><em>Lekcja na \u015bwie\u017cym powietrzu<\/em><\/div><\/div><div class=\"sgb-item\" title=\"Nasza niezwyk\u0142a \u201ema\u0142a ojczyzna\u201d\"><a href=\"https:\/\/zstu.tg.edu.pl\/wp-new\/pgc_simply_gallery\/nasza-niezwykla-mala-ojczyzna\/\" target=\"_blank\"><img loading=\"lazy\" decoding=\"async\" alt=\"Nasza niezwyk\u0142a \u201ema\u0142a ojczyzna\u201d\" width=\"250\" height=\"250\" loading=\"lazy\" src=\"https:\/\/zstu.tg.edu.pl\/wp-new\/wp-content\/uploads\/2024\/03\/10-2-150x68.jpg\" \/><\/a><div class=\"sgb-item-caption\"><em>Nasza niezwyk\u0142a \u201ema\u0142a ojczyzna\u201d<\/em><\/div><\/div><div class=\"sgb-item\" title=\"Powiew kraju kwitn\u0105cej wi\u015bni w ZSTU\"><a href=\"https:\/\/zstu.tg.edu.pl\/wp-new\/pgc_simply_gallery\/powiew-kraju-kwitnacej-wisni-w-zstu\/\" target=\"_blank\"><img loading=\"lazy\" decoding=\"async\" alt=\"Powiew kraju kwitn\u0105cej wi\u015bni w ZSTU\" width=\"250\" height=\"250\" loading=\"lazy\" src=\"https:\/\/zstu.tg.edu.pl\/wp-new\/wp-content\/uploads\/2024\/03\/03-6-150x113.jpg\" \/><\/a><div class=\"sgb-item-caption\"><em>Powiew kraju kwitn\u0105cej wi\u015bni w ZSTU<\/em><\/div><\/div><div class=\"sgb-item\" title=\"Kiermasz ciast\"><a href=\"https:\/\/zstu.tg.edu.pl\/wp-new\/pgc_simply_gallery\/kiermasz-ciast\/\" target=\"_blank\"><img loading=\"lazy\" decoding=\"async\" alt=\"Kiermasz ciast\" width=\"250\" height=\"250\" loading=\"lazy\" src=\"https:\/\/zstu.tg.edu.pl\/wp-new\/wp-content\/uploads\/2024\/03\/01-7-150x84.jpg\" \/><\/a><div class=\"sgb-item-caption\"><em>Kiermasz ciast<\/em><\/div><\/div><div class=\"sgb-item\" title=\"5155\"><a href=\"https:\/\/zstu.tg.edu.pl\/wp-new\/pgc_simply_gallery\/5155\/\" target=\"_blank\"><img loading=\"lazy\" decoding=\"async\" alt=\"5155\" width=\"250\" height=\"250\" loading=\"lazy\" src=\"https:\/\/zstu.tg.edu.pl\/wp-new\/wp-content\/uploads\/2024\/03\/16-2-150x113.jpg\" \/><\/a><div class=\"sgb-item-caption\"><em>5155<\/em><\/div><\/div><div class=\"sgb-item\" title=\"Druga cz\u0119\u015b\u0107 desantu na Malt\u0119\"><a href=\"https:\/\/zstu.tg.edu.pl\/wp-new\/pgc_simply_gallery\/druga-czesc-desantu-na-malte\/\" target=\"_blank\"><img loading=\"lazy\" decoding=\"async\" alt=\"Druga cz\u0119\u015b\u0107 desantu na Malt\u0119\" width=\"250\" height=\"250\" loading=\"lazy\" src=\"https:\/\/zstu.tg.edu.pl\/wp-new\/wp-content\/uploads\/2024\/03\/01-9-150x113.jpg\" \/><\/a><div class=\"sgb-item-caption\"><em>Druga cz\u0119\u015b\u0107 desantu na Malt\u0119<\/em><\/div><\/div><div class=\"sgb-item\" title=\"Przegl\u0105d musztry\"><a href=\"https:\/\/zstu.tg.edu.pl\/wp-new\/pgc_simply_gallery\/5167\/\" target=\"_blank\"><img loading=\"lazy\" decoding=\"async\" alt=\"Przegl\u0105d musztry\" width=\"250\" height=\"250\" loading=\"lazy\" src=\"https:\/\/zstu.tg.edu.pl\/wp-new\/wp-content\/uploads\/2024\/03\/06-7-150x113.jpg\" \/><\/a><div class=\"sgb-item-caption\"><em>Przegl\u0105d musztry<\/em><\/div><\/div><div class=\"sgb-item\" title=\"Klasa mundurowa z wizyt\u0105 w tarnog\u00f3rskiej komendzie\"><a href=\"https:\/\/zstu.tg.edu.pl\/wp-new\/pgc_simply_gallery\/klasa-mundurowa-z-wizyta-w-tarnogorskiej-komendzie\/\" target=\"_blank\"><img loading=\"lazy\" decoding=\"async\" alt=\"Klasa mundurowa z wizyt\u0105 w tarnog\u00f3rskiej komendzie\" width=\"250\" height=\"250\" loading=\"lazy\" src=\"https:\/\/zstu.tg.edu.pl\/wp-new\/wp-content\/uploads\/2024\/04\/09-150x113.jpg\" \/><\/a><div class=\"sgb-item-caption\"><em>Klasa mundurowa z wizyt\u0105 w tarnog\u00f3rskiej komendzie<\/em><\/div><\/div><div class=\"sgb-item\" title=\"Dzie\u0144 bez plecaka\"><a href=\"https:\/\/zstu.tg.edu.pl\/wp-new\/pgc_simply_gallery\/dzien-bez-plecaka\/\" target=\"_blank\"><img loading=\"lazy\" decoding=\"async\" alt=\"Dzie\u0144 bez plecaka\" width=\"250\" height=\"250\" loading=\"lazy\" src=\"https:\/\/zstu.tg.edu.pl\/wp-new\/wp-content\/uploads\/2024\/04\/06-1-150x100.jpg\" \/><\/a><div class=\"sgb-item-caption\"><em>Dzie\u0144 bez plecaka<\/em><\/div><\/div><div class=\"sgb-item\" title=\"V Tarnog\u00f3rskie Zawody z Pierwszej Pomocy\"><a href=\"https:\/\/zstu.tg.edu.pl\/wp-new\/pgc_simply_gallery\/v-tarnogorskie-zawody-z-pierwszej-pomocy\/\" target=\"_blank\"><img loading=\"lazy\" decoding=\"async\" alt=\"V Tarnog\u00f3rskie Zawody z Pierwszej Pomocy\" width=\"250\" height=\"250\" loading=\"lazy\" src=\"https:\/\/zstu.tg.edu.pl\/wp-new\/wp-content\/uploads\/2024\/04\/12-2-150x113.jpg\" \/><\/a><div class=\"sgb-item-caption\"><em>V Tarnog\u00f3rskie Zawody z Pierwszej Pomocy<\/em><\/div><\/div><div class=\"sgb-item\" title=\"Wspomnienia z wycieczki do s\u0142onecznej Italii\"><a href=\"https:\/\/zstu.tg.edu.pl\/wp-new\/pgc_simply_gallery\/wspomnienia-z-wycieczki-do-slonecznej-italii\/\" target=\"_blank\"><img loading=\"lazy\" decoding=\"async\" alt=\"Wspomnienia z wycieczki do s\u0142onecznej Italii\" width=\"250\" height=\"250\" loading=\"lazy\" src=\"https:\/\/zstu.tg.edu.pl\/wp-new\/wp-content\/uploads\/2024\/04\/40-150x101.jpg\" \/><\/a><div class=\"sgb-item-caption\"><em>Wspomnienia z wycieczki do s\u0142onecznej Italii<\/em><\/div><\/div><div class=\"sgb-item\" title=\"Zawody Pierwszej Pomocy PCK\"><a href=\"https:\/\/zstu.tg.edu.pl\/wp-new\/pgc_simply_gallery\/zawody-pierwszej-pomocy-pck\/\" target=\"_blank\"><img loading=\"lazy\" decoding=\"async\" alt=\"Zawody Pierwszej Pomocy PCK\" width=\"250\" height=\"250\" loading=\"lazy\" src=\"https:\/\/zstu.tg.edu.pl\/wp-new\/wp-content\/uploads\/2024\/04\/03-4-150x113.jpg\" \/><\/a><div class=\"sgb-item-caption\"><em>Zawody Pierwszej Pomocy PCK<\/em><\/div><\/div><div class=\"sgb-item\" title=\"Warsztaty wyjazdowe w Poraju\"><a href=\"https:\/\/zstu.tg.edu.pl\/wp-new\/pgc_simply_gallery\/warsztaty-wyjazdowe-w-poraju\/\" target=\"_blank\"><img loading=\"lazy\" decoding=\"async\" alt=\"Warsztaty wyjazdowe w Poraju\" width=\"250\" height=\"250\" loading=\"lazy\" src=\"https:\/\/zstu.tg.edu.pl\/wp-new\/wp-content\/uploads\/2024\/04\/46-1-150x68.jpg\" \/><\/a><div class=\"sgb-item-caption\"><em>Warsztaty wyjazdowe w Poraju<\/em><\/div><\/div><div class=\"sgb-item\" title=\"30 lecie Plac\u00f3wki Stra\u017cy Granicznej w Katowicach-Pyrzowicach\"><a href=\"https:\/\/zstu.tg.edu.pl\/wp-new\/pgc_simply_gallery\/30-lecie-placowki-strazy-granicznej-w-katowicach-pyrzowicach\/\" target=\"_blank\"><img loading=\"lazy\" decoding=\"async\" alt=\"30 lecie Plac\u00f3wki Stra\u017cy Granicznej w Katowicach-Pyrzowicach\" width=\"250\" height=\"250\" loading=\"lazy\" src=\"https:\/\/zstu.tg.edu.pl\/wp-new\/wp-content\/uploads\/2024\/04\/06-7-150x100.jpg\" \/><\/a><div class=\"sgb-item-caption\"><em>30 lecie Plac\u00f3wki Stra\u017cy Granicznej w Katowicach-Pyrzowicach<\/em><\/div><\/div><div class=\"sgb-item\" title=\"&quot;Szcz\u0119\u015bliwej drogi ju\u017c czas&quot; \u2013 po\u017cegnanie absolwent\u00f3w\"><a href=\"https:\/\/zstu.tg.edu.pl\/wp-new\/pgc_simply_gallery\/szczesliwej-drogi-juz-czas-pozegnanie-absolwentow\/\" target=\"_blank\"><img loading=\"lazy\" decoding=\"async\" alt=\"&quot;Szcz\u0119\u015bliwej drogi ju\u017c czas&quot; \u2013 po\u017cegnanie absolwent\u00f3w\" width=\"250\" height=\"250\" loading=\"lazy\" src=\"https:\/\/zstu.tg.edu.pl\/wp-new\/wp-content\/uploads\/2024\/05\/06-150x100.jpg\" \/><\/a><div class=\"sgb-item-caption\"><em>&quot;Szcz\u0119\u015bliwej drogi ju\u017c czas&quot; \u2013 po\u017cegnanie absolwent\u00f3w<\/em><\/div><\/div><div class=\"sgb-item\" title=\"VIII Wojew\u00f3dzkie Mistrzostwa Policji w Biegu Prze\u0142ajowym im. st. sier\u017c. Marka Sienickiego\"><a href=\"https:\/\/zstu.tg.edu.pl\/wp-new\/pgc_simply_gallery\/viii-wojewodzkie-mistrzostwa-policji-w-biegu-przelajowym-im-st-sierz-marka-sienickiego\/\" target=\"_blank\"><img loading=\"lazy\" decoding=\"async\" alt=\"VIII Wojew\u00f3dzkie Mistrzostwa Policji w Biegu Prze\u0142ajowym im. st. sier\u017c. Marka Sienickiego\" width=\"250\" height=\"250\" loading=\"lazy\" src=\"https:\/\/zstu.tg.edu.pl\/wp-new\/wp-content\/uploads\/2024\/05\/06-1-113x150.jpg\" \/><\/a><div class=\"sgb-item-caption\"><em>VIII Wojew\u00f3dzkie Mistrzostwa Policji w Biegu Prze\u0142ajowym im. st. sier\u017c. Marka Sienickiego<\/em><\/div><\/div><div class=\"sgb-item\" title=\"Dzie\u0144 tosta\"><a href=\"https:\/\/zstu.tg.edu.pl\/wp-new\/pgc_simply_gallery\/dzien-tosta\/\" target=\"_blank\"><img loading=\"lazy\" decoding=\"async\" alt=\"Dzie\u0144 tosta\" width=\"250\" height=\"250\" loading=\"lazy\" src=\"https:\/\/zstu.tg.edu.pl\/wp-new\/wp-content\/uploads\/2024\/05\/05-2-85x150.jpg\" \/><\/a><div class=\"sgb-item-caption\"><em>Dzie\u0144 tosta<\/em><\/div><\/div><div class=\"sgb-item\" title=\"Tyrolki na Kadzielni\u2026\"><a href=\"https:\/\/zstu.tg.edu.pl\/wp-new\/pgc_simply_gallery\/tyrolki-na-kadzielni\/\" target=\"_blank\"><img loading=\"lazy\" decoding=\"async\" alt=\"Tyrolki na Kadzielni\u2026\" width=\"250\" height=\"250\" loading=\"lazy\" src=\"https:\/\/zstu.tg.edu.pl\/wp-new\/wp-content\/uploads\/2024\/06\/27-150x68.jpg\" \/><\/a><div class=\"sgb-item-caption\"><em>Tyrolki na Kadzielni\u2026<\/em><\/div><\/div><div class=\"sgb-item\" title=\"Zako\u0144czenie sezonu wycieczkowego\"><a href=\"https:\/\/zstu.tg.edu.pl\/wp-new\/pgc_simply_gallery\/zakonczenie-sezonu-wycieczkowego\/\" target=\"_blank\"><img loading=\"lazy\" decoding=\"async\" alt=\"Zako\u0144czenie sezonu wycieczkowego\" width=\"250\" height=\"250\" loading=\"lazy\" src=\"https:\/\/zstu.tg.edu.pl\/wp-new\/wp-content\/uploads\/2024\/06\/01-5-150x112.jpg\" \/><\/a><div class=\"sgb-item-caption\"><em>Zako\u0144czenie sezonu wycieczkowego<\/em><\/div><\/div><div class=\"sgb-item\" title=\"Zako\u0144czenie roku\"><a href=\"https:\/\/zstu.tg.edu.pl\/wp-new\/pgc_simply_gallery\/zakonczenie-roku\/\" target=\"_blank\"><img loading=\"lazy\" decoding=\"async\" alt=\"Zako\u0144czenie roku\" width=\"250\" height=\"250\" loading=\"lazy\" src=\"https:\/\/zstu.tg.edu.pl\/wp-new\/wp-content\/uploads\/2024\/06\/10-2-150x100.jpg\" \/><\/a><div class=\"sgb-item-caption\"><em>Zako\u0144czenie roku<\/em><\/div><\/div><div class=\"sgb-item\" title=\"Uroczysto\u015bci z okazji 25-lecia pielgrzymki Jana Paw\u0142a II do diecezji gliwickiej\"><a href=\"https:\/\/zstu.tg.edu.pl\/wp-new\/pgc_simply_gallery\/uroczystosci-z-okazji-25-lecia-pielgrzymki-jana-pawla-ii-do-diecezji-gliwickiej\/\" target=\"_blank\"><img loading=\"lazy\" decoding=\"async\" alt=\"Uroczysto\u015bci z okazji 25-lecia pielgrzymki Jana Paw\u0142a II do diecezji gliwickiej\" width=\"250\" height=\"250\" loading=\"lazy\" src=\"https:\/\/zstu.tg.edu.pl\/wp-new\/wp-content\/uploads\/2024\/06\/04-3-150x106.jpg\" \/><\/a><div class=\"sgb-item-caption\"><em>Uroczysto\u015bci z okazji 25-lecia pielgrzymki Jana Paw\u0142a II do diecezji gliwickiej<\/em><\/div><\/div><\/div><\/div><script type=\"application\/json\" class=\"sgb-data\">{\"presetName\":\"none\",\"skin\":\"albums\",\"galleryId\":\"album_827945\",\"taxonomyId\":\"51\",\"galleries\":[{\"title\":\"Rozpocz\\u0119cie roku szkolnego 2023\\\/2024\",\"ID\":3354,\"id\":3354,\"modified\":\"2023-09-04 13:55:17\",\"date\":\"2023-09-04 13:55:16\",\"postLink\":\"https:\\\/\\\/zstu.tg.edu.pl\\\/wp-new\\\/pgc_simply_gallery\\\/rozpoczecie-roku-szkolnego-2023-2024\\\/\",\"type\":\"pgc_simply_gallery\",\"slug\":\"rozpoczecie-roku-szkolnego-2023-2024\",\"thumbURL\":\"https:\\\/\\\/zstu.tg.edu.pl\\\/wp-new\\\/wp-content\\\/uploads\\\/2023\\\/09\\\/05-150x100.jpg\",\"thumb\":{\"thumbnail\":{\"height\":100,\"width\":150,\"url\":\"https:\\\/\\\/zstu.tg.edu.pl\\\/wp-new\\\/wp-content\\\/uploads\\\/2023\\\/09\\\/05-150x100.jpg\",\"orientation\":\"landscape\"},\"medium\":{\"height\":200,\"width\":300,\"url\":\"https:\\\/\\\/zstu.tg.edu.pl\\\/wp-new\\\/wp-content\\\/uploads\\\/2023\\\/09\\\/05-300x200.jpg\",\"orientation\":\"landscape\"},\"full\":{\"url\":\"https:\\\/\\\/zstu.tg.edu.pl\\\/wp-new\\\/wp-content\\\/uploads\\\/2023\\\/09\\\/05.jpg\",\"height\":533,\"width\":800,\"orientation\":\"landscape\"}}},{\"title\":\"Gwarki 2023\",\"ID\":3433,\"id\":3433,\"modified\":\"2023-09-12 13:04:17\",\"date\":\"2023-09-12 13:04:17\",\"postLink\":\"https:\\\/\\\/zstu.tg.edu.pl\\\/wp-new\\\/pgc_simply_gallery\\\/gwarki-2023\\\/\",\"type\":\"pgc_simply_gallery\",\"slug\":\"gwarki-2023\",\"thumbURL\":\"https:\\\/\\\/zstu.tg.edu.pl\\\/wp-new\\\/wp-content\\\/uploads\\\/2023\\\/09\\\/02-1-113x150.jpg\",\"thumb\":{\"thumbnail\":{\"height\":150,\"width\":113,\"url\":\"https:\\\/\\\/zstu.tg.edu.pl\\\/wp-new\\\/wp-content\\\/uploads\\\/2023\\\/09\\\/02-1-113x150.jpg\",\"orientation\":\"portrait\"},\"medium\":{\"height\":300,\"width\":225,\"url\":\"https:\\\/\\\/zstu.tg.edu.pl\\\/wp-new\\\/wp-content\\\/uploads\\\/2023\\\/09\\\/02-1-225x300.jpg\",\"orientation\":\"portrait\"},\"full\":{\"url\":\"https:\\\/\\\/zstu.tg.edu.pl\\\/wp-new\\\/wp-content\\\/uploads\\\/2023\\\/09\\\/02-1.jpg\",\"height\":600,\"width\":450,\"orientation\":\"portrait\"}}},{\"title\":\"Paintballowy zawr\\u00f3t g\\u0142owy\",\"ID\":3485,\"id\":3485,\"modified\":\"2023-09-30 14:12:23\",\"date\":\"2023-09-30 14:12:23\",\"postLink\":\"https:\\\/\\\/zstu.tg.edu.pl\\\/wp-new\\\/pgc_simply_gallery\\\/paintballowy-zawrot-glowy\\\/\",\"type\":\"pgc_simply_gallery\",\"slug\":\"paintballowy-zawrot-glowy\",\"thumbURL\":\"https:\\\/\\\/zstu.tg.edu.pl\\\/wp-new\\\/wp-content\\\/uploads\\\/2023\\\/09\\\/12-2-150x112.jpg\",\"thumb\":{\"thumbnail\":{\"height\":112,\"width\":150,\"url\":\"https:\\\/\\\/zstu.tg.edu.pl\\\/wp-new\\\/wp-content\\\/uploads\\\/2023\\\/09\\\/12-2-150x112.jpg\",\"orientation\":\"landscape\"},\"medium\":{\"height\":225,\"width\":300,\"url\":\"https:\\\/\\\/zstu.tg.edu.pl\\\/wp-new\\\/wp-content\\\/uploads\\\/2023\\\/09\\\/12-2-300x225.jpg\",\"orientation\":\"landscape\"},\"full\":{\"url\":\"https:\\\/\\\/zstu.tg.edu.pl\\\/wp-new\\\/wp-content\\\/uploads\\\/2023\\\/09\\\/12-2.jpg\",\"height\":599,\"width\":800,\"orientation\":\"landscape\"}}},{\"title\":\"Ob\\u00f3z\",\"ID\":3532,\"id\":3532,\"modified\":\"2023-10-03 13:52:09\",\"date\":\"2023-10-03 13:52:09\",\"postLink\":\"https:\\\/\\\/zstu.tg.edu.pl\\\/wp-new\\\/pgc_simply_gallery\\\/oboz\\\/\",\"type\":\"pgc_simply_gallery\",\"slug\":\"oboz\",\"thumbURL\":\"https:\\\/\\\/zstu.tg.edu.pl\\\/wp-new\\\/wp-content\\\/uploads\\\/2023\\\/10\\\/31-150x113.jpg\",\"thumb\":{\"thumbnail\":{\"height\":113,\"width\":150,\"url\":\"https:\\\/\\\/zstu.tg.edu.pl\\\/wp-new\\\/wp-content\\\/uploads\\\/2023\\\/10\\\/31-150x113.jpg\",\"orientation\":\"landscape\"},\"medium\":{\"height\":225,\"width\":300,\"url\":\"https:\\\/\\\/zstu.tg.edu.pl\\\/wp-new\\\/wp-content\\\/uploads\\\/2023\\\/10\\\/31-300x225.jpg\",\"orientation\":\"landscape\"},\"full\":{\"url\":\"https:\\\/\\\/zstu.tg.edu.pl\\\/wp-new\\\/wp-content\\\/uploads\\\/2023\\\/10\\\/31.jpg\",\"height\":600,\"width\":800,\"orientation\":\"landscape\"}}},{\"title\":\"Po\\u017cegnanie lata w Poraju\",\"ID\":3553,\"id\":3553,\"modified\":\"2023-10-04 18:32:44\",\"date\":\"2023-10-04 18:32:27\",\"postLink\":\"https:\\\/\\\/zstu.tg.edu.pl\\\/wp-new\\\/pgc_simply_gallery\\\/pozegnanie-lata-w-poraju\\\/\",\"type\":\"pgc_simply_gallery\",\"slug\":\"pozegnanie-lata-w-poraju\",\"thumbURL\":\"https:\\\/\\\/zstu.tg.edu.pl\\\/wp-new\\\/wp-content\\\/uploads\\\/2023\\\/10\\\/01-2-150x113.jpg\",\"thumb\":{\"thumbnail\":{\"height\":113,\"width\":150,\"url\":\"https:\\\/\\\/zstu.tg.edu.pl\\\/wp-new\\\/wp-content\\\/uploads\\\/2023\\\/10\\\/01-2-150x113.jpg\",\"orientation\":\"landscape\"},\"medium\":{\"height\":225,\"width\":300,\"url\":\"https:\\\/\\\/zstu.tg.edu.pl\\\/wp-new\\\/wp-content\\\/uploads\\\/2023\\\/10\\\/01-2-300x225.jpg\",\"orientation\":\"landscape\"},\"full\":{\"url\":\"https:\\\/\\\/zstu.tg.edu.pl\\\/wp-new\\\/wp-content\\\/uploads\\\/2023\\\/10\\\/01-2.jpg\",\"height\":600,\"width\":800,\"orientation\":\"landscape\"}}},{\"title\":\"Bieg Sedlaczka\",\"ID\":3569,\"id\":3569,\"modified\":\"2023-10-04 18:55:15\",\"date\":\"2023-10-04 18:54:53\",\"postLink\":\"https:\\\/\\\/zstu.tg.edu.pl\\\/wp-new\\\/pgc_simply_gallery\\\/bieg-sedlaczka\\\/\",\"type\":\"pgc_simply_gallery\",\"slug\":\"bieg-sedlaczka\",\"thumbURL\":\"https:\\\/\\\/zstu.tg.edu.pl\\\/wp-new\\\/wp-content\\\/uploads\\\/2023\\\/10\\\/03-3-113x150.jpg\",\"thumb\":{\"thumbnail\":{\"height\":150,\"width\":113,\"url\":\"https:\\\/\\\/zstu.tg.edu.pl\\\/wp-new\\\/wp-content\\\/uploads\\\/2023\\\/10\\\/03-3-113x150.jpg\",\"orientation\":\"portrait\"},\"medium\":{\"height\":300,\"width\":225,\"url\":\"https:\\\/\\\/zstu.tg.edu.pl\\\/wp-new\\\/wp-content\\\/uploads\\\/2023\\\/10\\\/03-3-225x300.jpg\",\"orientation\":\"portrait\"},\"full\":{\"url\":\"https:\\\/\\\/zstu.tg.edu.pl\\\/wp-new\\\/wp-content\\\/uploads\\\/2023\\\/10\\\/03-3.jpg\",\"height\":600,\"width\":450,\"orientation\":\"portrait\"}}},{\"title\":\"XX Bieg Prze\\u0142ajowy im. sier\\u017c. Grzegorza Za\\u0142ogi\",\"ID\":3585,\"id\":3585,\"modified\":\"2023-10-04 19:06:09\",\"date\":\"2023-10-04 19:01:29\",\"postLink\":\"https:\\\/\\\/zstu.tg.edu.pl\\\/wp-new\\\/pgc_simply_gallery\\\/xx-bieg-przelajowy-im-sierz-grzegorza-zalogi\\\/\",\"type\":\"pgc_simply_gallery\",\"slug\":\"xx-bieg-przelajowy-im-sierz-grzegorza-zalogi\",\"thumbURL\":\"https:\\\/\\\/zstu.tg.edu.pl\\\/wp-new\\\/wp-content\\\/uploads\\\/2023\\\/10\\\/01-4-113x150.jpg\",\"thumb\":{\"thumbnail\":{\"height\":150,\"width\":113,\"url\":\"https:\\\/\\\/zstu.tg.edu.pl\\\/wp-new\\\/wp-content\\\/uploads\\\/2023\\\/10\\\/01-4-113x150.jpg\",\"orientation\":\"portrait\"},\"medium\":{\"height\":300,\"width\":225,\"url\":\"https:\\\/\\\/zstu.tg.edu.pl\\\/wp-new\\\/wp-content\\\/uploads\\\/2023\\\/10\\\/01-4-225x300.jpg\",\"orientation\":\"portrait\"},\"full\":{\"url\":\"https:\\\/\\\/zstu.tg.edu.pl\\\/wp-new\\\/wp-content\\\/uploads\\\/2023\\\/10\\\/01-4.jpg\",\"height\":600,\"width\":450,\"orientation\":\"portrait\"}}},{\"title\":\"\\u0022Trenuj z wojskiem \\u2013 sam i w grupie\\u0022\",\"ID\":3610,\"id\":3610,\"modified\":\"2023-10-09 20:56:48\",\"date\":\"2023-10-09 14:24:25\",\"postLink\":\"https:\\\/\\\/zstu.tg.edu.pl\\\/wp-new\\\/pgc_simply_gallery\\\/trenuj-z-wojskiem-sam-i-w-grupie\\\/\",\"type\":\"pgc_simply_gallery\",\"slug\":\"trenuj-z-wojskiem-sam-i-w-grupie\",\"thumbURL\":\"https:\\\/\\\/zstu.tg.edu.pl\\\/wp-new\\\/wp-content\\\/uploads\\\/2023\\\/10\\\/01-5-150x113.jpg\",\"thumb\":{\"thumbnail\":{\"height\":113,\"width\":150,\"url\":\"https:\\\/\\\/zstu.tg.edu.pl\\\/wp-new\\\/wp-content\\\/uploads\\\/2023\\\/10\\\/01-5-150x113.jpg\",\"orientation\":\"landscape\"},\"medium\":{\"height\":225,\"width\":300,\"url\":\"https:\\\/\\\/zstu.tg.edu.pl\\\/wp-new\\\/wp-content\\\/uploads\\\/2023\\\/10\\\/01-5-300x225.jpg\",\"orientation\":\"landscape\"},\"full\":{\"url\":\"https:\\\/\\\/zstu.tg.edu.pl\\\/wp-new\\\/wp-content\\\/uploads\\\/2023\\\/10\\\/01-5.jpg\",\"height\":600,\"width\":800,\"orientation\":\"landscape\"}}},{\"title\":\"\\u0022W S\\u0141U\\u017bBIE PRAWU\\u0022, czyli z wizyt\\u0105 w Areszcie \\u015aledczym w Tarnowskich G\\u00f3rach\",\"ID\":3631,\"id\":3631,\"modified\":\"2023-10-09 21:01:58\",\"date\":\"2023-10-09 21:01:57\",\"postLink\":\"https:\\\/\\\/zstu.tg.edu.pl\\\/wp-new\\\/pgc_simply_gallery\\\/w-sluzbie-prawu-czyli-z-wizyta-w-areszcie-sledczym-w-tarnowskich-gorach\\\/\",\"type\":\"pgc_simply_gallery\",\"slug\":\"w-sluzbie-prawu-czyli-z-wizyta-w-areszcie-sledczym-w-tarnowskich-gorach\",\"thumbURL\":\"https:\\\/\\\/zstu.tg.edu.pl\\\/wp-new\\\/wp-content\\\/uploads\\\/2023\\\/10\\\/01-6-150x112.jpg\",\"thumb\":{\"thumbnail\":{\"height\":112,\"width\":150,\"url\":\"https:\\\/\\\/zstu.tg.edu.pl\\\/wp-new\\\/wp-content\\\/uploads\\\/2023\\\/10\\\/01-6-150x112.jpg\",\"orientation\":\"landscape\"},\"medium\":{\"height\":224,\"width\":300,\"url\":\"https:\\\/\\\/zstu.tg.edu.pl\\\/wp-new\\\/wp-content\\\/uploads\\\/2023\\\/10\\\/01-6-300x224.jpg\",\"orientation\":\"landscape\"},\"large\":{\"height\":766,\"width\":1024,\"url\":\"https:\\\/\\\/zstu.tg.edu.pl\\\/wp-new\\\/wp-content\\\/uploads\\\/2023\\\/10\\\/01-6-1024x766.jpg\",\"orientation\":\"landscape\"},\"full\":{\"url\":\"https:\\\/\\\/zstu.tg.edu.pl\\\/wp-new\\\/wp-content\\\/uploads\\\/2023\\\/10\\\/01-6-scaled.jpg\",\"height\":1916,\"width\":2560,\"orientation\":\"landscape\"}}},{\"title\":\"\\u015awi\\u0119ta Drzewa 10.10.2023r.\",\"ID\":3659,\"id\":3659,\"modified\":\"2023-10-10 20:37:22\",\"date\":\"2023-10-10 20:37:21\",\"postLink\":\"https:\\\/\\\/zstu.tg.edu.pl\\\/wp-new\\\/pgc_simply_gallery\\\/swieta-drzewa-10-10-2023r\\\/\",\"type\":\"pgc_simply_gallery\",\"slug\":\"swieta-drzewa-10-10-2023r\",\"thumbURL\":\"https:\\\/\\\/zstu.tg.edu.pl\\\/wp-new\\\/wp-content\\\/uploads\\\/2023\\\/10\\\/14-2-150x113.jpg\",\"thumb\":{\"thumbnail\":{\"height\":113,\"width\":150,\"url\":\"https:\\\/\\\/zstu.tg.edu.pl\\\/wp-new\\\/wp-content\\\/uploads\\\/2023\\\/10\\\/14-2-150x113.jpg\",\"orientation\":\"landscape\"},\"medium\":{\"height\":225,\"width\":300,\"url\":\"https:\\\/\\\/zstu.tg.edu.pl\\\/wp-new\\\/wp-content\\\/uploads\\\/2023\\\/10\\\/14-2-300x225.jpg\",\"orientation\":\"landscape\"},\"full\":{\"url\":\"https:\\\/\\\/zstu.tg.edu.pl\\\/wp-new\\\/wp-content\\\/uploads\\\/2023\\\/10\\\/14-2.jpg\",\"height\":600,\"width\":800,\"orientation\":\"landscape\"}}},{\"title\":\"Wakacyjne spotkania z przyrod\\u0105-prace konkursowe\",\"ID\":3714,\"id\":3714,\"modified\":\"2023-10-13 17:46:24\",\"date\":\"2023-10-13 17:23:54\",\"postLink\":\"https:\\\/\\\/zstu.tg.edu.pl\\\/wp-new\\\/pgc_simply_gallery\\\/wakacyjne-spotkania-z-przyroda-prace-konkursowe\\\/\",\"type\":\"pgc_simply_gallery\",\"slug\":\"wakacyjne-spotkania-z-przyroda-prace-konkursowe\",\"thumbURL\":\"https:\\\/\\\/zstu.tg.edu.pl\\\/wp-new\\\/wp-content\\\/uploads\\\/2023\\\/10\\\/WhatsApp-Image-2023-10-13-at-16.00.19-150x112.jpeg\",\"thumb\":{\"thumbnail\":{\"height\":112,\"width\":150,\"url\":\"https:\\\/\\\/zstu.tg.edu.pl\\\/wp-new\\\/wp-content\\\/uploads\\\/2023\\\/10\\\/WhatsApp-Image-2023-10-13-at-16.00.19-150x112.jpeg\",\"orientation\":\"landscape\"},\"medium\":{\"height\":225,\"width\":300,\"url\":\"https:\\\/\\\/zstu.tg.edu.pl\\\/wp-new\\\/wp-content\\\/uploads\\\/2023\\\/10\\\/WhatsApp-Image-2023-10-13-at-16.00.19-300x225.jpeg\",\"orientation\":\"landscape\"},\"large\":{\"height\":767,\"width\":1024,\"url\":\"https:\\\/\\\/zstu.tg.edu.pl\\\/wp-new\\\/wp-content\\\/uploads\\\/2023\\\/10\\\/WhatsApp-Image-2023-10-13-at-16.00.19-1024x767.jpeg\",\"orientation\":\"landscape\"},\"full\":{\"url\":\"https:\\\/\\\/zstu.tg.edu.pl\\\/wp-new\\\/wp-content\\\/uploads\\\/2023\\\/10\\\/WhatsApp-Image-2023-10-13-at-16.00.19.jpeg\",\"height\":1504,\"width\":2008,\"orientation\":\"landscape\"}}},{\"title\":\"\\u0022Trzeba mie\\u0107 wielkie serce, by kszta\\u0142towa\\u0107 ma\\u0142ych ludzi\\u0022\",\"ID\":3753,\"id\":3753,\"modified\":\"2023-10-13 20:57:54\",\"date\":\"2023-10-13 20:57:53\",\"postLink\":\"https:\\\/\\\/zstu.tg.edu.pl\\\/wp-new\\\/pgc_simply_gallery\\\/trzeba-miec-wielkie-serce-by-ksztaltowac-malych-ludzi\\\/\",\"type\":\"pgc_simply_gallery\",\"slug\":\"trzeba-miec-wielkie-serce-by-ksztaltowac-malych-ludzi\",\"thumbURL\":\"https:\\\/\\\/zstu.tg.edu.pl\\\/wp-new\\\/wp-content\\\/uploads\\\/2023\\\/10\\\/07-5-150x113.jpg\",\"thumb\":{\"thumbnail\":{\"height\":113,\"width\":150,\"url\":\"https:\\\/\\\/zstu.tg.edu.pl\\\/wp-new\\\/wp-content\\\/uploads\\\/2023\\\/10\\\/07-5-150x113.jpg\",\"orientation\":\"landscape\"},\"medium\":{\"height\":225,\"width\":300,\"url\":\"https:\\\/\\\/zstu.tg.edu.pl\\\/wp-new\\\/wp-content\\\/uploads\\\/2023\\\/10\\\/07-5-300x225.jpg\",\"orientation\":\"landscape\"},\"full\":{\"url\":\"https:\\\/\\\/zstu.tg.edu.pl\\\/wp-new\\\/wp-content\\\/uploads\\\/2023\\\/10\\\/07-5.jpg\",\"height\":600,\"width\":800,\"orientation\":\"landscape\"}}},{\"title\":\"Ach ten poligon\",\"ID\":3780,\"id\":3780,\"modified\":\"2023-10-23 08:57:11\",\"date\":\"2023-10-23 08:56:42\",\"postLink\":\"https:\\\/\\\/zstu.tg.edu.pl\\\/wp-new\\\/pgc_simply_gallery\\\/ach-ten-poligon\\\/\",\"type\":\"pgc_simply_gallery\",\"slug\":\"ach-ten-poligon\",\"thumbURL\":\"https:\\\/\\\/zstu.tg.edu.pl\\\/wp-new\\\/wp-content\\\/uploads\\\/2023\\\/10\\\/08-6-150x113.jpg\",\"thumb\":{\"thumbnail\":{\"height\":113,\"width\":150,\"url\":\"https:\\\/\\\/zstu.tg.edu.pl\\\/wp-new\\\/wp-content\\\/uploads\\\/2023\\\/10\\\/08-6-150x113.jpg\",\"orientation\":\"landscape\"},\"medium\":{\"height\":225,\"width\":300,\"url\":\"https:\\\/\\\/zstu.tg.edu.pl\\\/wp-new\\\/wp-content\\\/uploads\\\/2023\\\/10\\\/08-6-300x225.jpg\",\"orientation\":\"landscape\"},\"full\":{\"url\":\"https:\\\/\\\/zstu.tg.edu.pl\\\/wp-new\\\/wp-content\\\/uploads\\\/2023\\\/10\\\/08-6.jpg\",\"height\":600,\"width\":799,\"orientation\":\"landscape\"}}},{\"title\":\"Szkolenie z musztry\",\"ID\":3808,\"id\":3808,\"modified\":\"2023-10-23 12:55:01\",\"date\":\"2023-10-23 12:55:01\",\"postLink\":\"https:\\\/\\\/zstu.tg.edu.pl\\\/wp-new\\\/pgc_simply_gallery\\\/szkolenie-z-musztry\\\/\",\"type\":\"pgc_simply_gallery\",\"slug\":\"szkolenie-z-musztry\",\"thumbURL\":\"https:\\\/\\\/zstu.tg.edu.pl\\\/wp-new\\\/wp-content\\\/uploads\\\/2023\\\/10\\\/05-10-113x150.jpg\",\"thumb\":{\"thumbnail\":{\"height\":150,\"width\":113,\"url\":\"https:\\\/\\\/zstu.tg.edu.pl\\\/wp-new\\\/wp-content\\\/uploads\\\/2023\\\/10\\\/05-10-113x150.jpg\",\"orientation\":\"portrait\"},\"medium\":{\"height\":300,\"width\":225,\"url\":\"https:\\\/\\\/zstu.tg.edu.pl\\\/wp-new\\\/wp-content\\\/uploads\\\/2023\\\/10\\\/05-10-225x300.jpg\",\"orientation\":\"portrait\"},\"large\":{\"height\":1024,\"width\":768,\"url\":\"https:\\\/\\\/zstu.tg.edu.pl\\\/wp-new\\\/wp-content\\\/uploads\\\/2023\\\/10\\\/05-10-768x1024.jpg\",\"orientation\":\"portrait\"},\"full\":{\"url\":\"https:\\\/\\\/zstu.tg.edu.pl\\\/wp-new\\\/wp-content\\\/uploads\\\/2023\\\/10\\\/05-10-rotated.jpg\",\"height\":2016,\"width\":1512,\"orientation\":\"portrait\"}}},{\"title\":\"Veni Vidi Vici! Roma\",\"ID\":3810,\"id\":3810,\"modified\":\"2023-10-23 12:57:54\",\"date\":\"2023-10-23 12:57:54\",\"postLink\":\"https:\\\/\\\/zstu.tg.edu.pl\\\/wp-new\\\/pgc_simply_gallery\\\/veni-vidi-vici-roma\\\/\",\"type\":\"pgc_simply_gallery\",\"slug\":\"veni-vidi-vici-roma\",\"thumbURL\":\"https:\\\/\\\/zstu.tg.edu.pl\\\/wp-new\\\/wp-content\\\/uploads\\\/2023\\\/10\\\/06-8-150x113.jpg\",\"thumb\":{\"thumbnail\":{\"height\":113,\"width\":150,\"url\":\"https:\\\/\\\/zstu.tg.edu.pl\\\/wp-new\\\/wp-content\\\/uploads\\\/2023\\\/10\\\/06-8-150x113.jpg\",\"orientation\":\"landscape\"},\"medium\":{\"height\":225,\"width\":300,\"url\":\"https:\\\/\\\/zstu.tg.edu.pl\\\/wp-new\\\/wp-content\\\/uploads\\\/2023\\\/10\\\/06-8-300x225.jpg\",\"orientation\":\"landscape\"},\"full\":{\"url\":\"https:\\\/\\\/zstu.tg.edu.pl\\\/wp-new\\\/wp-content\\\/uploads\\\/2023\\\/10\\\/06-8.jpg\",\"height\":480,\"width\":640,\"orientation\":\"landscape\"}}},{\"title\":\"\\u015alubowanie klas pierwszych\",\"ID\":3848,\"id\":3848,\"modified\":\"2023-10-26 22:45:26\",\"date\":\"2023-10-27 08:44:00\",\"postLink\":\"https:\\\/\\\/zstu.tg.edu.pl\\\/wp-new\\\/pgc_simply_gallery\\\/slubowanie-klas-pierwszych\\\/\",\"type\":\"pgc_simply_gallery\",\"slug\":\"slubowanie-klas-pierwszych\",\"thumbURL\":\"https:\\\/\\\/zstu.tg.edu.pl\\\/wp-new\\\/wp-content\\\/uploads\\\/2023\\\/10\\\/19-4-150x84.jpg\",\"thumb\":{\"thumbnail\":{\"height\":84,\"width\":150,\"url\":\"https:\\\/\\\/zstu.tg.edu.pl\\\/wp-new\\\/wp-content\\\/uploads\\\/2023\\\/10\\\/19-4-150x84.jpg\",\"orientation\":\"landscape\"},\"medium\":{\"height\":169,\"width\":300,\"url\":\"https:\\\/\\\/zstu.tg.edu.pl\\\/wp-new\\\/wp-content\\\/uploads\\\/2023\\\/10\\\/19-4-300x169.jpg\",\"orientation\":\"landscape\"},\"full\":{\"url\":\"https:\\\/\\\/zstu.tg.edu.pl\\\/wp-new\\\/wp-content\\\/uploads\\\/2023\\\/10\\\/19-4.jpg\",\"height\":450,\"width\":800,\"orientation\":\"landscape\"}}},{\"title\":\"Pami\\u0119tamy o zmar\\u0142ych, kt\\u00f3rzy oddali swoje \\u017cycie w obronie Ojczyzny\\u2026\",\"ID\":3869,\"id\":3869,\"modified\":\"2023-10-30 19:34:30\",\"date\":\"2023-10-30 17:27:52\",\"postLink\":\"https:\\\/\\\/zstu.tg.edu.pl\\\/wp-new\\\/pgc_simply_gallery\\\/pamietamy-o-zmarlych-ktorzy-oddali-swoje-zycie-w-obronie-ojczyzny\\\/\",\"type\":\"pgc_simply_gallery\",\"slug\":\"pamietamy-o-zmarlych-ktorzy-oddali-swoje-zycie-w-obronie-ojczyzny\",\"thumbURL\":\"https:\\\/\\\/zstu.tg.edu.pl\\\/wp-new\\\/wp-content\\\/uploads\\\/2023\\\/10\\\/06-11-150x68.jpg\",\"thumb\":{\"thumbnail\":{\"height\":68,\"width\":150,\"url\":\"https:\\\/\\\/zstu.tg.edu.pl\\\/wp-new\\\/wp-content\\\/uploads\\\/2023\\\/10\\\/06-11-150x68.jpg\",\"orientation\":\"landscape\"},\"medium\":{\"height\":135,\"width\":300,\"url\":\"https:\\\/\\\/zstu.tg.edu.pl\\\/wp-new\\\/wp-content\\\/uploads\\\/2023\\\/10\\\/06-11-300x135.jpg\",\"orientation\":\"landscape\"},\"full\":{\"url\":\"https:\\\/\\\/zstu.tg.edu.pl\\\/wp-new\\\/wp-content\\\/uploads\\\/2023\\\/10\\\/06-11.jpg\",\"height\":361,\"width\":800,\"orientation\":\"landscape\"}}},{\"title\":\"Happy Halloween\",\"ID\":3914,\"id\":3914,\"modified\":\"2023-11-04 17:48:40\",\"date\":\"2023-11-02 10:36:00\",\"postLink\":\"https:\\\/\\\/zstu.tg.edu.pl\\\/wp-new\\\/pgc_simply_gallery\\\/happy-halloween\\\/\",\"type\":\"pgc_simply_gallery\",\"slug\":\"happy-halloween\",\"thumbURL\":\"https:\\\/\\\/zstu.tg.edu.pl\\\/wp-new\\\/wp-content\\\/uploads\\\/2023\\\/10\\\/24-3-94x150.jpg\",\"thumb\":{\"thumbnail\":{\"height\":150,\"width\":94,\"url\":\"https:\\\/\\\/zstu.tg.edu.pl\\\/wp-new\\\/wp-content\\\/uploads\\\/2023\\\/10\\\/24-3-94x150.jpg\",\"orientation\":\"portrait\"},\"medium\":{\"height\":300,\"width\":189,\"url\":\"https:\\\/\\\/zstu.tg.edu.pl\\\/wp-new\\\/wp-content\\\/uploads\\\/2023\\\/10\\\/24-3-189x300.jpg\",\"orientation\":\"portrait\"},\"full\":{\"url\":\"https:\\\/\\\/zstu.tg.edu.pl\\\/wp-new\\\/wp-content\\\/uploads\\\/2023\\\/10\\\/24-3.jpg\",\"height\":600,\"width\":377,\"orientation\":\"portrait\"}}},{\"title\":\"\\u0022Ka\\u017cdy swoje drzewko ma\\u0022\",\"ID\":3929,\"id\":3929,\"modified\":\"2023-11-03 16:45:57\",\"date\":\"2023-11-03 16:45:56\",\"postLink\":\"https:\\\/\\\/zstu.tg.edu.pl\\\/wp-new\\\/pgc_simply_gallery\\\/kazdy-swoje-drzewko-ma\\\/\",\"type\":\"pgc_simply_gallery\",\"slug\":\"kazdy-swoje-drzewko-ma\",\"thumbURL\":\"https:\\\/\\\/zstu.tg.edu.pl\\\/wp-new\\\/wp-content\\\/uploads\\\/2023\\\/11\\\/05-113x150.jpg\",\"thumb\":{\"thumbnail\":{\"height\":150,\"width\":113,\"url\":\"https:\\\/\\\/zstu.tg.edu.pl\\\/wp-new\\\/wp-content\\\/uploads\\\/2023\\\/11\\\/05-113x150.jpg\",\"orientation\":\"portrait\"},\"medium\":{\"height\":300,\"width\":225,\"url\":\"https:\\\/\\\/zstu.tg.edu.pl\\\/wp-new\\\/wp-content\\\/uploads\\\/2023\\\/11\\\/05-225x300.jpg\",\"orientation\":\"portrait\"},\"full\":{\"url\":\"https:\\\/\\\/zstu.tg.edu.pl\\\/wp-new\\\/wp-content\\\/uploads\\\/2023\\\/11\\\/05.jpg\",\"height\":600,\"width\":450,\"orientation\":\"portrait\"}}},{\"title\":\"Wycieczka do Krakowa\",\"ID\":3948,\"id\":3948,\"modified\":\"2023-11-10 12:21:43\",\"date\":\"2023-11-10 12:21:42\",\"postLink\":\"https:\\\/\\\/zstu.tg.edu.pl\\\/wp-new\\\/pgc_simply_gallery\\\/wycieczka-do-krakowa\\\/\",\"type\":\"pgc_simply_gallery\",\"slug\":\"wycieczka-do-krakowa\",\"thumbURL\":\"https:\\\/\\\/zstu.tg.edu.pl\\\/wp-new\\\/wp-content\\\/uploads\\\/2023\\\/11\\\/02-1-150x113.jpg\",\"thumb\":{\"thumbnail\":{\"height\":113,\"width\":150,\"url\":\"https:\\\/\\\/zstu.tg.edu.pl\\\/wp-new\\\/wp-content\\\/uploads\\\/2023\\\/11\\\/02-1-150x113.jpg\",\"orientation\":\"landscape\"},\"medium\":{\"height\":225,\"width\":300,\"url\":\"https:\\\/\\\/zstu.tg.edu.pl\\\/wp-new\\\/wp-content\\\/uploads\\\/2023\\\/11\\\/02-1-300x225.jpg\",\"orientation\":\"landscape\"},\"full\":{\"url\":\"https:\\\/\\\/zstu.tg.edu.pl\\\/wp-new\\\/wp-content\\\/uploads\\\/2023\\\/11\\\/02-1.jpg\",\"height\":600,\"width\":800,\"orientation\":\"landscape\"}}},{\"title\":\"Wojew\\u00f3dzkie Obchody Narodowego \\u015awi\\u0119ta Niepodleg\\u0142o\\u015bci\",\"ID\":4032,\"id\":4032,\"modified\":\"2023-11-14 18:45:36\",\"date\":\"2023-11-14 18:45:36\",\"postLink\":\"https:\\\/\\\/zstu.tg.edu.pl\\\/wp-new\\\/pgc_simply_gallery\\\/wojewodzkie-obchody-narodowego-swieta-niepodleglosci\\\/\",\"type\":\"pgc_simply_gallery\",\"slug\":\"wojewodzkie-obchody-narodowego-swieta-niepodleglosci\",\"thumbURL\":\"https:\\\/\\\/zstu.tg.edu.pl\\\/wp-new\\\/wp-content\\\/uploads\\\/2023\\\/11\\\/15-150x113.jpg\",\"thumb\":{\"thumbnail\":{\"height\":113,\"width\":150,\"url\":\"https:\\\/\\\/zstu.tg.edu.pl\\\/wp-new\\\/wp-content\\\/uploads\\\/2023\\\/11\\\/15-150x113.jpg\",\"orientation\":\"landscape\"},\"medium\":{\"height\":225,\"width\":300,\"url\":\"https:\\\/\\\/zstu.tg.edu.pl\\\/wp-new\\\/wp-content\\\/uploads\\\/2023\\\/11\\\/15-300x225.jpg\",\"orientation\":\"landscape\"},\"full\":{\"url\":\"https:\\\/\\\/zstu.tg.edu.pl\\\/wp-new\\\/wp-content\\\/uploads\\\/2023\\\/11\\\/15.jpg\",\"height\":600,\"width\":800,\"orientation\":\"landscape\"}}},{\"title\":\"Narodowe \\u015awi\\u0119to Niepodleg\\u0142o\\u015bci\",\"ID\":4034,\"id\":4034,\"modified\":\"2023-11-14 18:46:45\",\"date\":\"2023-11-14 18:46:44\",\"postLink\":\"https:\\\/\\\/zstu.tg.edu.pl\\\/wp-new\\\/pgc_simply_gallery\\\/narodowe-swieto-niepodleglosci\\\/\",\"type\":\"pgc_simply_gallery\",\"slug\":\"narodowe-swieto-niepodleglosci\",\"thumbURL\":\"https:\\\/\\\/zstu.tg.edu.pl\\\/wp-new\\\/wp-content\\\/uploads\\\/2023\\\/11\\\/04-3-150x113.jpg\",\"thumb\":{\"thumbnail\":{\"height\":113,\"width\":150,\"url\":\"https:\\\/\\\/zstu.tg.edu.pl\\\/wp-new\\\/wp-content\\\/uploads\\\/2023\\\/11\\\/04-3-150x113.jpg\",\"orientation\":\"landscape\"},\"medium\":{\"height\":225,\"width\":300,\"url\":\"https:\\\/\\\/zstu.tg.edu.pl\\\/wp-new\\\/wp-content\\\/uploads\\\/2023\\\/11\\\/04-3-300x225.jpg\",\"orientation\":\"landscape\"},\"full\":{\"url\":\"https:\\\/\\\/zstu.tg.edu.pl\\\/wp-new\\\/wp-content\\\/uploads\\\/2023\\\/11\\\/04-3.jpg\",\"height\":600,\"width\":800,\"orientation\":\"landscape\"}}},{\"title\":\"Udzia\\u0142 w uroczystych obchodach Narodowego \\u015awi\\u0119ta Niepodleg\\u0142o\\u015bci\",\"ID\":4036,\"id\":4036,\"modified\":\"2023-11-14 18:47:33\",\"date\":\"2023-11-14 18:47:33\",\"postLink\":\"https:\\\/\\\/zstu.tg.edu.pl\\\/wp-new\\\/pgc_simply_gallery\\\/udzial-w-uroczystych-obchodach-narodowego-swieta-niepodleglosci\\\/\",\"type\":\"pgc_simply_gallery\",\"slug\":\"udzial-w-uroczystych-obchodach-narodowego-swieta-niepodleglosci\",\"thumbURL\":\"https:\\\/\\\/zstu.tg.edu.pl\\\/wp-new\\\/wp-content\\\/uploads\\\/2023\\\/11\\\/31-150x68.jpg\",\"thumb\":{\"thumbnail\":{\"height\":68,\"width\":150,\"url\":\"https:\\\/\\\/zstu.tg.edu.pl\\\/wp-new\\\/wp-content\\\/uploads\\\/2023\\\/11\\\/31-150x68.jpg\",\"orientation\":\"landscape\"},\"medium\":{\"height\":135,\"width\":300,\"url\":\"https:\\\/\\\/zstu.tg.edu.pl\\\/wp-new\\\/wp-content\\\/uploads\\\/2023\\\/11\\\/31-300x135.jpg\",\"orientation\":\"landscape\"},\"full\":{\"url\":\"https:\\\/\\\/zstu.tg.edu.pl\\\/wp-new\\\/wp-content\\\/uploads\\\/2023\\\/11\\\/31.jpg\",\"height\":361,\"width\":800,\"orientation\":\"landscape\"}}},{\"title\":\"Podsumowanie akcji zbi\\u00f3rki \\u017cywno\\u015bci dla schroniska w Miedarach\",\"ID\":4038,\"id\":4038,\"modified\":\"2023-11-14 18:48:31\",\"date\":\"2023-11-14 18:48:13\",\"postLink\":\"https:\\\/\\\/zstu.tg.edu.pl\\\/wp-new\\\/pgc_simply_gallery\\\/podsumowanie-akcji-zbiorki-zywnosci-dla-schroniska-w-miedarach\\\/\",\"type\":\"pgc_simply_gallery\",\"slug\":\"podsumowanie-akcji-zbiorki-zywnosci-dla-schroniska-w-miedarach\",\"thumbURL\":\"https:\\\/\\\/zstu.tg.edu.pl\\\/wp-new\\\/wp-content\\\/uploads\\\/2023\\\/11\\\/03-5-150x113.jpg\",\"thumb\":{\"thumbnail\":{\"height\":113,\"width\":150,\"url\":\"https:\\\/\\\/zstu.tg.edu.pl\\\/wp-new\\\/wp-content\\\/uploads\\\/2023\\\/11\\\/03-5-150x113.jpg\",\"orientation\":\"landscape\"},\"medium\":{\"height\":225,\"width\":300,\"url\":\"https:\\\/\\\/zstu.tg.edu.pl\\\/wp-new\\\/wp-content\\\/uploads\\\/2023\\\/11\\\/03-5-300x225.jpg\",\"orientation\":\"landscape\"},\"full\":{\"url\":\"https:\\\/\\\/zstu.tg.edu.pl\\\/wp-new\\\/wp-content\\\/uploads\\\/2023\\\/11\\\/03-5.jpg\",\"height\":600,\"width\":800,\"orientation\":\"landscape\"}}},{\"title\":\"Sztuka strzelania\",\"ID\":4087,\"id\":4087,\"modified\":\"2023-11-16 21:47:14\",\"date\":\"2023-11-17 07:46:00\",\"postLink\":\"https:\\\/\\\/zstu.tg.edu.pl\\\/wp-new\\\/pgc_simply_gallery\\\/sztuka-strzelania\\\/\",\"type\":\"pgc_simply_gallery\",\"slug\":\"sztuka-strzelania\",\"thumbURL\":\"https:\\\/\\\/zstu.tg.edu.pl\\\/wp-new\\\/wp-content\\\/uploads\\\/2023\\\/11\\\/23-1-150x113.jpg\",\"thumb\":{\"thumbnail\":{\"height\":113,\"width\":150,\"url\":\"https:\\\/\\\/zstu.tg.edu.pl\\\/wp-new\\\/wp-content\\\/uploads\\\/2023\\\/11\\\/23-1-150x113.jpg\",\"orientation\":\"landscape\"},\"medium\":{\"height\":225,\"width\":300,\"url\":\"https:\\\/\\\/zstu.tg.edu.pl\\\/wp-new\\\/wp-content\\\/uploads\\\/2023\\\/11\\\/23-1-300x225.jpg\",\"orientation\":\"landscape\"},\"full\":{\"url\":\"https:\\\/\\\/zstu.tg.edu.pl\\\/wp-new\\\/wp-content\\\/uploads\\\/2023\\\/11\\\/23-1.jpg\",\"height\":600,\"width\":799,\"orientation\":\"landscape\"}}},{\"title\":\"Warsztaty w Veoli\",\"ID\":4124,\"id\":4124,\"modified\":\"2023-11-24 13:47:04\",\"date\":\"2023-11-24 13:47:04\",\"postLink\":\"https:\\\/\\\/zstu.tg.edu.pl\\\/wp-new\\\/pgc_simply_gallery\\\/warsztaty-w-veoli\\\/\",\"type\":\"pgc_simply_gallery\",\"slug\":\"warsztaty-w-veoli\",\"thumbURL\":\"https:\\\/\\\/zstu.tg.edu.pl\\\/wp-new\\\/wp-content\\\/uploads\\\/2023\\\/11\\\/01-7-150x113.jpg\",\"thumb\":{\"thumbnail\":{\"height\":113,\"width\":150,\"url\":\"https:\\\/\\\/zstu.tg.edu.pl\\\/wp-new\\\/wp-content\\\/uploads\\\/2023\\\/11\\\/01-7-150x113.jpg\",\"orientation\":\"landscape\"},\"medium\":{\"height\":225,\"width\":300,\"url\":\"https:\\\/\\\/zstu.tg.edu.pl\\\/wp-new\\\/wp-content\\\/uploads\\\/2023\\\/11\\\/01-7-300x225.jpg\",\"orientation\":\"landscape\"},\"full\":{\"url\":\"https:\\\/\\\/zstu.tg.edu.pl\\\/wp-new\\\/wp-content\\\/uploads\\\/2023\\\/11\\\/01-7.jpg\",\"height\":600,\"width\":800,\"orientation\":\"landscape\"}}},{\"title\":\"Wycieczka przedmiotowa na lotnisko\",\"ID\":4185,\"id\":4185,\"modified\":\"2023-12-09 03:26:45\",\"date\":\"2023-12-07 22:23:56\",\"postLink\":\"https:\\\/\\\/zstu.tg.edu.pl\\\/wp-new\\\/pgc_simply_gallery\\\/wycieczka-przedmiotowa-na-lotnisko\\\/\",\"type\":\"pgc_simply_gallery\",\"slug\":\"wycieczka-przedmiotowa-na-lotnisko\",\"thumbURL\":\"https:\\\/\\\/zstu.tg.edu.pl\\\/wp-new\\\/wp-content\\\/uploads\\\/2023\\\/12\\\/34-150x68.jpg\",\"thumb\":{\"thumbnail\":{\"height\":68,\"width\":150,\"url\":\"https:\\\/\\\/zstu.tg.edu.pl\\\/wp-new\\\/wp-content\\\/uploads\\\/2023\\\/12\\\/34-150x68.jpg\",\"orientation\":\"landscape\"},\"medium\":{\"height\":135,\"width\":300,\"url\":\"https:\\\/\\\/zstu.tg.edu.pl\\\/wp-new\\\/wp-content\\\/uploads\\\/2023\\\/12\\\/34-300x135.jpg\",\"orientation\":\"landscape\"},\"full\":{\"url\":\"https:\\\/\\\/zstu.tg.edu.pl\\\/wp-new\\\/wp-content\\\/uploads\\\/2023\\\/12\\\/34.jpg\",\"height\":361,\"width\":800,\"orientation\":\"landscape\"}}},{\"title\":\"Miko\\u0142ajki\",\"ID\":4226,\"id\":4226,\"modified\":\"2023-12-09 03:28:09\",\"date\":\"2023-12-09 09:26:00\",\"postLink\":\"https:\\\/\\\/zstu.tg.edu.pl\\\/wp-new\\\/pgc_simply_gallery\\\/mikolajki\\\/\",\"type\":\"pgc_simply_gallery\",\"slug\":\"mikolajki\",\"thumbURL\":\"https:\\\/\\\/zstu.tg.edu.pl\\\/wp-new\\\/wp-content\\\/uploads\\\/2023\\\/12\\\/01-150x84.jpg\",\"thumb\":{\"thumbnail\":{\"height\":84,\"width\":150,\"url\":\"https:\\\/\\\/zstu.tg.edu.pl\\\/wp-new\\\/wp-content\\\/uploads\\\/2023\\\/12\\\/01-150x84.jpg\",\"orientation\":\"landscape\"},\"medium\":{\"height\":169,\"width\":300,\"url\":\"https:\\\/\\\/zstu.tg.edu.pl\\\/wp-new\\\/wp-content\\\/uploads\\\/2023\\\/12\\\/01-300x169.jpg\",\"orientation\":\"landscape\"},\"full\":{\"url\":\"https:\\\/\\\/zstu.tg.edu.pl\\\/wp-new\\\/wp-content\\\/uploads\\\/2023\\\/12\\\/01.jpg\",\"height\":450,\"width\":800,\"orientation\":\"landscape\"}}},{\"title\":\"Drezde\\u0144skie szale\\u0144stwo jarmarkowe\",\"ID\":4265,\"id\":4265,\"modified\":\"2023-12-11 08:47:05\",\"date\":\"2023-12-11 07:24:00\",\"postLink\":\"https:\\\/\\\/zstu.tg.edu.pl\\\/wp-new\\\/pgc_simply_gallery\\\/drezdenskie-szalenstwo-jarmarkowe\\\/\",\"type\":\"pgc_simply_gallery\",\"slug\":\"drezdenskie-szalenstwo-jarmarkowe\",\"thumbURL\":\"https:\\\/\\\/zstu.tg.edu.pl\\\/wp-new\\\/wp-content\\\/uploads\\\/2023\\\/12\\\/34-2-150x68.jpg\",\"thumb\":{\"thumbnail\":{\"height\":68,\"width\":150,\"url\":\"https:\\\/\\\/zstu.tg.edu.pl\\\/wp-new\\\/wp-content\\\/uploads\\\/2023\\\/12\\\/34-2-150x68.jpg\",\"orientation\":\"landscape\"},\"medium\":{\"height\":135,\"width\":300,\"url\":\"https:\\\/\\\/zstu.tg.edu.pl\\\/wp-new\\\/wp-content\\\/uploads\\\/2023\\\/12\\\/34-2-300x135.jpg\",\"orientation\":\"landscape\"},\"full\":{\"url\":\"https:\\\/\\\/zstu.tg.edu.pl\\\/wp-new\\\/wp-content\\\/uploads\\\/2023\\\/12\\\/34-2.jpg\",\"height\":360,\"width\":800,\"orientation\":\"landscape\"}}},{\"title\":\"Akademia Wojsk L\\u0105dowych we Wroc\\u0142awiu\",\"ID\":4302,\"id\":4302,\"modified\":\"2023-12-13 20:40:22\",\"date\":\"2023-12-13 20:40:21\",\"postLink\":\"https:\\\/\\\/zstu.tg.edu.pl\\\/wp-new\\\/pgc_simply_gallery\\\/akademia-wojsk-ladowych-we-wroclawiu\\\/\",\"type\":\"pgc_simply_gallery\",\"slug\":\"akademia-wojsk-ladowych-we-wroclawiu\",\"thumbURL\":\"https:\\\/\\\/zstu.tg.edu.pl\\\/wp-new\\\/wp-content\\\/uploads\\\/2023\\\/12\\\/01-4-150x113.jpg\",\"thumb\":{\"thumbnail\":{\"height\":113,\"width\":150,\"url\":\"https:\\\/\\\/zstu.tg.edu.pl\\\/wp-new\\\/wp-content\\\/uploads\\\/2023\\\/12\\\/01-4-150x113.jpg\",\"orientation\":\"landscape\"},\"medium\":{\"height\":226,\"width\":300,\"url\":\"https:\\\/\\\/zstu.tg.edu.pl\\\/wp-new\\\/wp-content\\\/uploads\\\/2023\\\/12\\\/01-4-300x226.jpg\",\"orientation\":\"landscape\"},\"full\":{\"url\":\"https:\\\/\\\/zstu.tg.edu.pl\\\/wp-new\\\/wp-content\\\/uploads\\\/2023\\\/12\\\/01-4.jpg\",\"height\":600,\"width\":797,\"orientation\":\"landscape\"}}},{\"title\":\"Kiermasz\",\"ID\":4359,\"id\":4359,\"modified\":\"2023-12-20 09:15:52\",\"date\":\"2023-12-20 09:15:51\",\"postLink\":\"https:\\\/\\\/zstu.tg.edu.pl\\\/wp-new\\\/pgc_simply_gallery\\\/kiermasz\\\/\",\"type\":\"pgc_simply_gallery\",\"slug\":\"kiermasz\",\"thumbURL\":\"https:\\\/\\\/zstu.tg.edu.pl\\\/wp-new\\\/wp-content\\\/uploads\\\/2023\\\/12\\\/kiremasz2023-150x84.jpeg\",\"thumb\":{\"thumbnail\":{\"height\":84,\"width\":150,\"url\":\"https:\\\/\\\/zstu.tg.edu.pl\\\/wp-new\\\/wp-content\\\/uploads\\\/2023\\\/12\\\/kiremasz2023-150x84.jpeg\",\"orientation\":\"landscape\"},\"medium\":{\"height\":169,\"width\":300,\"url\":\"https:\\\/\\\/zstu.tg.edu.pl\\\/wp-new\\\/wp-content\\\/uploads\\\/2023\\\/12\\\/kiremasz2023-300x169.jpeg\",\"orientation\":\"landscape\"},\"large\":{\"height\":576,\"width\":1024,\"url\":\"https:\\\/\\\/zstu.tg.edu.pl\\\/wp-new\\\/wp-content\\\/uploads\\\/2023\\\/12\\\/kiremasz2023-1024x576.jpeg\",\"orientation\":\"landscape\"},\"full\":{\"url\":\"https:\\\/\\\/zstu.tg.edu.pl\\\/wp-new\\\/wp-content\\\/uploads\\\/2023\\\/12\\\/kiremasz2023.jpeg\",\"height\":1148,\"width\":2040,\"orientation\":\"landscape\"}}},{\"title\":\"Wycieczka do Pragi\",\"ID\":4389,\"id\":4389,\"modified\":\"2023-12-20 20:45:22\",\"date\":\"2023-12-20 20:45:21\",\"postLink\":\"https:\\\/\\\/zstu.tg.edu.pl\\\/wp-new\\\/pgc_simply_gallery\\\/wycieczka-do-pragi\\\/\",\"type\":\"pgc_simply_gallery\",\"slug\":\"wycieczka-do-pragi\",\"thumbURL\":\"https:\\\/\\\/zstu.tg.edu.pl\\\/wp-new\\\/wp-content\\\/uploads\\\/2023\\\/12\\\/06-4-150x113.jpg\",\"thumb\":{\"thumbnail\":{\"height\":113,\"width\":150,\"url\":\"https:\\\/\\\/zstu.tg.edu.pl\\\/wp-new\\\/wp-content\\\/uploads\\\/2023\\\/12\\\/06-4-150x113.jpg\",\"orientation\":\"landscape\"},\"medium\":{\"height\":225,\"width\":300,\"url\":\"https:\\\/\\\/zstu.tg.edu.pl\\\/wp-new\\\/wp-content\\\/uploads\\\/2023\\\/12\\\/06-4-300x225.jpg\",\"orientation\":\"landscape\"},\"full\":{\"url\":\"https:\\\/\\\/zstu.tg.edu.pl\\\/wp-new\\\/wp-content\\\/uploads\\\/2023\\\/12\\\/06-4.jpg\",\"height\":600,\"width\":800,\"orientation\":\"landscape\"}}},{\"title\":\"Jase\\u0142ka\",\"ID\":4415,\"id\":4415,\"modified\":\"2023-12-21 21:39:13\",\"date\":\"2023-12-21 21:39:08\",\"postLink\":\"https:\\\/\\\/zstu.tg.edu.pl\\\/wp-new\\\/pgc_simply_gallery\\\/jaselka\\\/\",\"type\":\"pgc_simply_gallery\",\"slug\":\"jaselka\",\"thumbURL\":\"https:\\\/\\\/zstu.tg.edu.pl\\\/wp-new\\\/wp-content\\\/uploads\\\/2023\\\/12\\\/01-6-150x113.jpg\",\"thumb\":{\"thumbnail\":{\"height\":113,\"width\":150,\"url\":\"https:\\\/\\\/zstu.tg.edu.pl\\\/wp-new\\\/wp-content\\\/uploads\\\/2023\\\/12\\\/01-6-150x113.jpg\",\"orientation\":\"landscape\"},\"medium\":{\"height\":225,\"width\":300,\"url\":\"https:\\\/\\\/zstu.tg.edu.pl\\\/wp-new\\\/wp-content\\\/uploads\\\/2023\\\/12\\\/01-6-300x225.jpg\",\"orientation\":\"landscape\"},\"full\":{\"url\":\"https:\\\/\\\/zstu.tg.edu.pl\\\/wp-new\\\/wp-content\\\/uploads\\\/2023\\\/12\\\/01-6.jpg\",\"height\":600,\"width\":800,\"orientation\":\"landscape\"}}},{\"title\":\"Wycieczka do Londynu\",\"ID\":4438,\"id\":4438,\"modified\":\"2023-12-22 14:52:46\",\"date\":\"2023-12-22 14:52:30\",\"postLink\":\"https:\\\/\\\/zstu.tg.edu.pl\\\/wp-new\\\/pgc_simply_gallery\\\/wycieczka-do-londynu\\\/\",\"type\":\"pgc_simply_gallery\",\"slug\":\"wycieczka-do-londynu\",\"thumbURL\":\"https:\\\/\\\/zstu.tg.edu.pl\\\/wp-new\\\/wp-content\\\/uploads\\\/2023\\\/12\\\/15-6-150x113.jpg\",\"thumb\":{\"thumbnail\":{\"height\":113,\"width\":150,\"url\":\"https:\\\/\\\/zstu.tg.edu.pl\\\/wp-new\\\/wp-content\\\/uploads\\\/2023\\\/12\\\/15-6-150x113.jpg\",\"orientation\":\"landscape\"},\"medium\":{\"height\":225,\"width\":300,\"url\":\"https:\\\/\\\/zstu.tg.edu.pl\\\/wp-new\\\/wp-content\\\/uploads\\\/2023\\\/12\\\/15-6-300x225.jpg\",\"orientation\":\"landscape\"},\"full\":{\"url\":\"https:\\\/\\\/zstu.tg.edu.pl\\\/wp-new\\\/wp-content\\\/uploads\\\/2023\\\/12\\\/15-6.jpg\",\"height\":600,\"width\":800,\"orientation\":\"landscape\"}}},{\"title\":\"Strzelnica\",\"ID\":4456,\"id\":4456,\"modified\":\"2024-01-09 10:20:44\",\"date\":\"2024-01-09 10:20:28\",\"postLink\":\"https:\\\/\\\/zstu.tg.edu.pl\\\/wp-new\\\/pgc_simply_gallery\\\/strzelnica\\\/\",\"type\":\"pgc_simply_gallery\",\"slug\":\"strzelnica\",\"thumbURL\":\"https:\\\/\\\/zstu.tg.edu.pl\\\/wp-new\\\/wp-content\\\/uploads\\\/2024\\\/01\\\/35-150x113.jpg\",\"thumb\":{\"thumbnail\":{\"height\":113,\"width\":150,\"url\":\"https:\\\/\\\/zstu.tg.edu.pl\\\/wp-new\\\/wp-content\\\/uploads\\\/2024\\\/01\\\/35-150x113.jpg\",\"orientation\":\"landscape\"},\"medium\":{\"height\":225,\"width\":300,\"url\":\"https:\\\/\\\/zstu.tg.edu.pl\\\/wp-new\\\/wp-content\\\/uploads\\\/2024\\\/01\\\/35-300x225.jpg\",\"orientation\":\"landscape\"},\"full\":{\"url\":\"https:\\\/\\\/zstu.tg.edu.pl\\\/wp-new\\\/wp-content\\\/uploads\\\/2024\\\/01\\\/35.jpg\",\"height\":600,\"width\":800,\"orientation\":\"landscape\"}}},{\"title\":\"Tymczasowe Przywr\\u00f3cenie Kontroli Granicznej\",\"ID\":4498,\"id\":4498,\"modified\":\"2024-01-25 18:21:34\",\"date\":\"2024-01-25 18:21:34\",\"postLink\":\"https:\\\/\\\/zstu.tg.edu.pl\\\/wp-new\\\/pgc_simply_gallery\\\/tymczasowe-przywrocenie-kontroli-granicznej\\\/\",\"type\":\"pgc_simply_gallery\",\"slug\":\"tymczasowe-przywrocenie-kontroli-granicznej\",\"thumbURL\":\"https:\\\/\\\/zstu.tg.edu.pl\\\/wp-new\\\/wp-content\\\/uploads\\\/2024\\\/01\\\/03-150x68.jpg\",\"thumb\":{\"thumbnail\":{\"height\":68,\"width\":150,\"url\":\"https:\\\/\\\/zstu.tg.edu.pl\\\/wp-new\\\/wp-content\\\/uploads\\\/2024\\\/01\\\/03-150x68.jpg\",\"orientation\":\"landscape\"},\"medium\":{\"height\":135,\"width\":300,\"url\":\"https:\\\/\\\/zstu.tg.edu.pl\\\/wp-new\\\/wp-content\\\/uploads\\\/2024\\\/01\\\/03-300x135.jpg\",\"orientation\":\"landscape\"},\"full\":{\"url\":\"https:\\\/\\\/zstu.tg.edu.pl\\\/wp-new\\\/wp-content\\\/uploads\\\/2024\\\/01\\\/03.jpg\",\"height\":361,\"width\":800,\"orientation\":\"landscape\"}}},{\"title\":\"Wycieczka do Krakowa\",\"ID\":4534,\"id\":4534,\"modified\":\"2024-02-05 11:09:34\",\"date\":\"2024-02-05 11:09:33\",\"postLink\":\"https:\\\/\\\/zstu.tg.edu.pl\\\/wp-new\\\/pgc_simply_gallery\\\/wycieczka-do-krakowa-2\\\/\",\"type\":\"pgc_simply_gallery\",\"slug\":\"wycieczka-do-krakowa-2\",\"thumbURL\":\"https:\\\/\\\/zstu.tg.edu.pl\\\/wp-new\\\/wp-content\\\/uploads\\\/2024\\\/02\\\/10-1-150x113.jpg\",\"thumb\":{\"thumbnail\":{\"height\":113,\"width\":150,\"url\":\"https:\\\/\\\/zstu.tg.edu.pl\\\/wp-new\\\/wp-content\\\/uploads\\\/2024\\\/02\\\/10-1-150x113.jpg\",\"orientation\":\"landscape\"},\"medium\":{\"height\":225,\"width\":300,\"url\":\"https:\\\/\\\/zstu.tg.edu.pl\\\/wp-new\\\/wp-content\\\/uploads\\\/2024\\\/02\\\/10-1-300x225.jpg\",\"orientation\":\"landscape\"},\"full\":{\"url\":\"https:\\\/\\\/zstu.tg.edu.pl\\\/wp-new\\\/wp-content\\\/uploads\\\/2024\\\/02\\\/10-1.jpg\",\"height\":600,\"width\":800,\"orientation\":\"landscape\"}}},{\"title\":\"Nasi w Bytomiu\",\"ID\":4669,\"id\":4669,\"modified\":\"2024-02-16 13:43:47\",\"date\":\"2024-02-16 13:43:46\",\"postLink\":\"https:\\\/\\\/zstu.tg.edu.pl\\\/wp-new\\\/pgc_simply_gallery\\\/nasi-w-bytomiu\\\/\",\"type\":\"pgc_simply_gallery\",\"slug\":\"nasi-w-bytomiu\",\"thumbURL\":\"https:\\\/\\\/zstu.tg.edu.pl\\\/wp-new\\\/wp-content\\\/uploads\\\/2024\\\/02\\\/01-1-150x112.jpg\",\"thumb\":{\"thumbnail\":{\"height\":112,\"width\":150,\"url\":\"https:\\\/\\\/zstu.tg.edu.pl\\\/wp-new\\\/wp-content\\\/uploads\\\/2024\\\/02\\\/01-1-150x112.jpg\",\"orientation\":\"landscape\"},\"medium\":{\"height\":224,\"width\":300,\"url\":\"https:\\\/\\\/zstu.tg.edu.pl\\\/wp-new\\\/wp-content\\\/uploads\\\/2024\\\/02\\\/01-1-300x224.jpg\",\"orientation\":\"landscape\"},\"large\":{\"height\":766,\"width\":1024,\"url\":\"https:\\\/\\\/zstu.tg.edu.pl\\\/wp-new\\\/wp-content\\\/uploads\\\/2024\\\/02\\\/01-1-1024x766.jpg\",\"orientation\":\"landscape\"},\"full\":{\"url\":\"https:\\\/\\\/zstu.tg.edu.pl\\\/wp-new\\\/wp-content\\\/uploads\\\/2024\\\/02\\\/01-1.jpg\",\"height\":1532,\"width\":2048,\"orientation\":\"landscape\"}}},{\"title\":\"14 lutego Dzie\\u0144 \\u015awi\\u0119tego Walentego\",\"ID\":4711,\"id\":4711,\"modified\":\"2024-02-19 11:16:46\",\"date\":\"2024-02-19 11:16:46\",\"postLink\":\"https:\\\/\\\/zstu.tg.edu.pl\\\/wp-new\\\/pgc_simply_gallery\\\/14-lutego-dzien-swietego-walentego\\\/\",\"type\":\"pgc_simply_gallery\",\"slug\":\"14-lutego-dzien-swietego-walentego\",\"thumbURL\":\"https:\\\/\\\/zstu.tg.edu.pl\\\/wp-new\\\/wp-content\\\/uploads\\\/2024\\\/02\\\/32-110x150.jpg\",\"thumb\":{\"thumbnail\":{\"height\":150,\"width\":110,\"url\":\"https:\\\/\\\/zstu.tg.edu.pl\\\/wp-new\\\/wp-content\\\/uploads\\\/2024\\\/02\\\/32-110x150.jpg\",\"orientation\":\"portrait\"},\"medium\":{\"height\":300,\"width\":221,\"url\":\"https:\\\/\\\/zstu.tg.edu.pl\\\/wp-new\\\/wp-content\\\/uploads\\\/2024\\\/02\\\/32-221x300.jpg\",\"orientation\":\"portrait\"},\"full\":{\"url\":\"https:\\\/\\\/zstu.tg.edu.pl\\\/wp-new\\\/wp-content\\\/uploads\\\/2024\\\/02\\\/32.jpg\",\"height\":600,\"width\":441,\"orientation\":\"portrait\"}}},{\"title\":\"Dzie\\u0144 Pami\\u0119ci Ofiar Katynia\",\"ID\":4799,\"id\":4799,\"modified\":\"2024-03-05 20:20:43\",\"date\":\"2024-03-05 20:19:35\",\"postLink\":\"https:\\\/\\\/zstu.tg.edu.pl\\\/wp-new\\\/pgc_simply_gallery\\\/dzien-pamieci-ofiar-katynia\\\/\",\"type\":\"pgc_simply_gallery\",\"slug\":\"dzien-pamieci-ofiar-katynia\",\"thumbURL\":\"https:\\\/\\\/zstu.tg.edu.pl\\\/wp-new\\\/wp-content\\\/uploads\\\/2024\\\/03\\\/01-1-150x113.jpg\",\"thumb\":{\"thumbnail\":{\"height\":113,\"width\":150,\"url\":\"https:\\\/\\\/zstu.tg.edu.pl\\\/wp-new\\\/wp-content\\\/uploads\\\/2024\\\/03\\\/01-1-150x113.jpg\",\"orientation\":\"landscape\"},\"medium\":{\"height\":225,\"width\":300,\"url\":\"https:\\\/\\\/zstu.tg.edu.pl\\\/wp-new\\\/wp-content\\\/uploads\\\/2024\\\/03\\\/01-1-300x225.jpg\",\"orientation\":\"landscape\"},\"full\":{\"url\":\"https:\\\/\\\/zstu.tg.edu.pl\\\/wp-new\\\/wp-content\\\/uploads\\\/2024\\\/03\\\/01-1.jpg\",\"height\":600,\"width\":800,\"orientation\":\"landscape\"}}},{\"title\":\"Prelekcja\",\"ID\":4867,\"id\":4867,\"modified\":\"2024-03-13 09:18:22\",\"date\":\"2024-03-13 09:18:22\",\"postLink\":\"https:\\\/\\\/zstu.tg.edu.pl\\\/wp-new\\\/pgc_simply_gallery\\\/prelekcja\\\/\",\"type\":\"pgc_simply_gallery\",\"slug\":\"prelekcja\",\"thumbURL\":\"https:\\\/\\\/zstu.tg.edu.pl\\\/wp-new\\\/wp-content\\\/uploads\\\/2024\\\/03\\\/05-150x113.jpg\",\"thumb\":{\"thumbnail\":{\"height\":113,\"width\":150,\"url\":\"https:\\\/\\\/zstu.tg.edu.pl\\\/wp-new\\\/wp-content\\\/uploads\\\/2024\\\/03\\\/05-150x113.jpg\",\"orientation\":\"landscape\"},\"medium\":{\"height\":225,\"width\":300,\"url\":\"https:\\\/\\\/zstu.tg.edu.pl\\\/wp-new\\\/wp-content\\\/uploads\\\/2024\\\/03\\\/05-300x225.jpg\",\"orientation\":\"landscape\"},\"full\":{\"url\":\"https:\\\/\\\/zstu.tg.edu.pl\\\/wp-new\\\/wp-content\\\/uploads\\\/2024\\\/03\\\/05.jpg\",\"height\":600,\"width\":800,\"orientation\":\"landscape\"}}},{\"title\":\"Dni otwarte 2024\",\"ID\":4978,\"id\":4978,\"modified\":\"2024-03-21 22:07:34\",\"date\":\"2024-03-21 22:07:34\",\"postLink\":\"https:\\\/\\\/zstu.tg.edu.pl\\\/wp-new\\\/pgc_simply_gallery\\\/dni-otwarte-2024\\\/\",\"type\":\"pgc_simply_gallery\",\"slug\":\"dni-otwarte-2024\",\"thumbURL\":\"https:\\\/\\\/zstu.tg.edu.pl\\\/wp-new\\\/wp-content\\\/uploads\\\/2024\\\/03\\\/targi_2024-150x113.jpg\",\"thumb\":{\"thumbnail\":{\"height\":113,\"width\":150,\"url\":\"https:\\\/\\\/zstu.tg.edu.pl\\\/wp-new\\\/wp-content\\\/uploads\\\/2024\\\/03\\\/targi_2024-150x113.jpg\",\"orientation\":\"landscape\"},\"medium\":{\"height\":225,\"width\":300,\"url\":\"https:\\\/\\\/zstu.tg.edu.pl\\\/wp-new\\\/wp-content\\\/uploads\\\/2024\\\/03\\\/targi_2024-300x225.jpg\",\"orientation\":\"landscape\"},\"large\":{\"height\":768,\"width\":1024,\"url\":\"https:\\\/\\\/zstu.tg.edu.pl\\\/wp-new\\\/wp-content\\\/uploads\\\/2024\\\/03\\\/targi_2024-1024x768.jpg\",\"orientation\":\"landscape\"},\"full\":{\"url\":\"https:\\\/\\\/zstu.tg.edu.pl\\\/wp-new\\\/wp-content\\\/uploads\\\/2024\\\/03\\\/targi_2024.jpg\",\"height\":1536,\"width\":2048,\"orientation\":\"landscape\"}}},{\"title\":\"Paintball\",\"ID\":4985,\"id\":4985,\"modified\":\"2024-03-21 22:11:48\",\"date\":\"2024-03-21 22:11:48\",\"postLink\":\"https:\\\/\\\/zstu.tg.edu.pl\\\/wp-new\\\/pgc_simply_gallery\\\/paintball\\\/\",\"type\":\"pgc_simply_gallery\",\"slug\":\"paintball\",\"thumbURL\":\"https:\\\/\\\/zstu.tg.edu.pl\\\/wp-new\\\/wp-content\\\/uploads\\\/2024\\\/03\\\/04-3-150x113.jpg\",\"thumb\":{\"thumbnail\":{\"height\":113,\"width\":150,\"url\":\"https:\\\/\\\/zstu.tg.edu.pl\\\/wp-new\\\/wp-content\\\/uploads\\\/2024\\\/03\\\/04-3-150x113.jpg\",\"orientation\":\"landscape\"},\"medium\":{\"height\":225,\"width\":300,\"url\":\"https:\\\/\\\/zstu.tg.edu.pl\\\/wp-new\\\/wp-content\\\/uploads\\\/2024\\\/03\\\/04-3-300x225.jpg\",\"orientation\":\"landscape\"},\"full\":{\"url\":\"https:\\\/\\\/zstu.tg.edu.pl\\\/wp-new\\\/wp-content\\\/uploads\\\/2024\\\/03\\\/04-3.jpg\",\"height\":600,\"width\":800,\"orientation\":\"landscape\"}}},{\"title\":\"Lekcja na \\u015bwie\\u017cym powietrzu\",\"ID\":5093,\"id\":5093,\"modified\":\"2024-03-26 14:52:34\",\"date\":\"2024-03-26 14:52:34\",\"postLink\":\"https:\\\/\\\/zstu.tg.edu.pl\\\/wp-new\\\/pgc_simply_gallery\\\/lekcja-na-swiezym-powietrzu\\\/\",\"type\":\"pgc_simply_gallery\",\"slug\":\"lekcja-na-swiezym-powietrzu\",\"thumbURL\":\"https:\\\/\\\/zstu.tg.edu.pl\\\/wp-new\\\/wp-content\\\/uploads\\\/2024\\\/03\\\/01-4-150x113.jpg\",\"thumb\":{\"thumbnail\":{\"height\":113,\"width\":150,\"url\":\"https:\\\/\\\/zstu.tg.edu.pl\\\/wp-new\\\/wp-content\\\/uploads\\\/2024\\\/03\\\/01-4-150x113.jpg\",\"orientation\":\"landscape\"},\"medium\":{\"height\":225,\"width\":300,\"url\":\"https:\\\/\\\/zstu.tg.edu.pl\\\/wp-new\\\/wp-content\\\/uploads\\\/2024\\\/03\\\/01-4-300x225.jpg\",\"orientation\":\"landscape\"},\"full\":{\"url\":\"https:\\\/\\\/zstu.tg.edu.pl\\\/wp-new\\\/wp-content\\\/uploads\\\/2024\\\/03\\\/01-4.jpg\",\"height\":600,\"width\":800,\"orientation\":\"landscape\"}}},{\"title\":\"Nasza niezwyk\\u0142a \\u201ema\\u0142a ojczyzna\\u201d\",\"ID\":5095,\"id\":5095,\"modified\":\"2024-03-26 14:58:32\",\"date\":\"2024-03-26 14:58:32\",\"postLink\":\"https:\\\/\\\/zstu.tg.edu.pl\\\/wp-new\\\/pgc_simply_gallery\\\/nasza-niezwykla-mala-ojczyzna\\\/\",\"type\":\"pgc_simply_gallery\",\"slug\":\"nasza-niezwykla-mala-ojczyzna\",\"thumbURL\":\"https:\\\/\\\/zstu.tg.edu.pl\\\/wp-new\\\/wp-content\\\/uploads\\\/2024\\\/03\\\/10-2-150x68.jpg\",\"thumb\":{\"thumbnail\":{\"height\":68,\"width\":150,\"url\":\"https:\\\/\\\/zstu.tg.edu.pl\\\/wp-new\\\/wp-content\\\/uploads\\\/2024\\\/03\\\/10-2-150x68.jpg\",\"orientation\":\"landscape\"},\"medium\":{\"height\":135,\"width\":300,\"url\":\"https:\\\/\\\/zstu.tg.edu.pl\\\/wp-new\\\/wp-content\\\/uploads\\\/2024\\\/03\\\/10-2-300x135.jpg\",\"orientation\":\"landscape\"},\"full\":{\"url\":\"https:\\\/\\\/zstu.tg.edu.pl\\\/wp-new\\\/wp-content\\\/uploads\\\/2024\\\/03\\\/10-2.jpg\",\"height\":360,\"width\":800,\"orientation\":\"landscape\"}}},{\"title\":\"Powiew kraju kwitn\\u0105cej wi\\u015bni w ZSTU\",\"ID\":5097,\"id\":5097,\"modified\":\"2024-03-26 14:59:18\",\"date\":\"2024-03-26 14:59:17\",\"postLink\":\"https:\\\/\\\/zstu.tg.edu.pl\\\/wp-new\\\/pgc_simply_gallery\\\/powiew-kraju-kwitnacej-wisni-w-zstu\\\/\",\"type\":\"pgc_simply_gallery\",\"slug\":\"powiew-kraju-kwitnacej-wisni-w-zstu\",\"thumbURL\":\"https:\\\/\\\/zstu.tg.edu.pl\\\/wp-new\\\/wp-content\\\/uploads\\\/2024\\\/03\\\/03-6-150x113.jpg\",\"thumb\":{\"thumbnail\":{\"height\":113,\"width\":150,\"url\":\"https:\\\/\\\/zstu.tg.edu.pl\\\/wp-new\\\/wp-content\\\/uploads\\\/2024\\\/03\\\/03-6-150x113.jpg\",\"orientation\":\"landscape\"},\"medium\":{\"height\":225,\"width\":300,\"url\":\"https:\\\/\\\/zstu.tg.edu.pl\\\/wp-new\\\/wp-content\\\/uploads\\\/2024\\\/03\\\/03-6-300x225.jpg\",\"orientation\":\"landscape\"},\"full\":{\"url\":\"https:\\\/\\\/zstu.tg.edu.pl\\\/wp-new\\\/wp-content\\\/uploads\\\/2024\\\/03\\\/03-6.jpg\",\"height\":600,\"width\":800,\"orientation\":\"landscape\"}}},{\"title\":\"Kiermasz ciast\",\"ID\":5112,\"id\":5112,\"modified\":\"2024-03-26 15:10:07\",\"date\":\"2024-03-26 15:10:06\",\"postLink\":\"https:\\\/\\\/zstu.tg.edu.pl\\\/wp-new\\\/pgc_simply_gallery\\\/kiermasz-ciast\\\/\",\"type\":\"pgc_simply_gallery\",\"slug\":\"kiermasz-ciast\",\"thumbURL\":\"https:\\\/\\\/zstu.tg.edu.pl\\\/wp-new\\\/wp-content\\\/uploads\\\/2024\\\/03\\\/01-7-150x84.jpg\",\"thumb\":{\"thumbnail\":{\"height\":84,\"width\":150,\"url\":\"https:\\\/\\\/zstu.tg.edu.pl\\\/wp-new\\\/wp-content\\\/uploads\\\/2024\\\/03\\\/01-7-150x84.jpg\",\"orientation\":\"landscape\"},\"medium\":{\"height\":169,\"width\":300,\"url\":\"https:\\\/\\\/zstu.tg.edu.pl\\\/wp-new\\\/wp-content\\\/uploads\\\/2024\\\/03\\\/01-7-300x169.jpg\",\"orientation\":\"landscape\"},\"large\":{\"height\":576,\"width\":1024,\"url\":\"https:\\\/\\\/zstu.tg.edu.pl\\\/wp-new\\\/wp-content\\\/uploads\\\/2024\\\/03\\\/01-7-1024x576.jpg\",\"orientation\":\"landscape\"},\"full\":{\"url\":\"https:\\\/\\\/zstu.tg.edu.pl\\\/wp-new\\\/wp-content\\\/uploads\\\/2024\\\/03\\\/01-7.jpg\",\"height\":1148,\"width\":2040,\"orientation\":\"landscape\"}}},{\"title\":5155,\"ID\":5155,\"id\":5155,\"modified\":\"2024-03-28 22:29:32\",\"date\":\"2024-03-29 09:28:00\",\"postLink\":\"https:\\\/\\\/zstu.tg.edu.pl\\\/wp-new\\\/pgc_simply_gallery\\\/5155\\\/\",\"type\":\"pgc_simply_gallery\",\"slug\":\"5155\",\"thumbURL\":\"https:\\\/\\\/zstu.tg.edu.pl\\\/wp-new\\\/wp-content\\\/uploads\\\/2024\\\/03\\\/16-2-150x113.jpg\",\"thumb\":{\"thumbnail\":{\"height\":113,\"width\":150,\"url\":\"https:\\\/\\\/zstu.tg.edu.pl\\\/wp-new\\\/wp-content\\\/uploads\\\/2024\\\/03\\\/16-2-150x113.jpg\",\"orientation\":\"landscape\"},\"medium\":{\"height\":225,\"width\":300,\"url\":\"https:\\\/\\\/zstu.tg.edu.pl\\\/wp-new\\\/wp-content\\\/uploads\\\/2024\\\/03\\\/16-2-300x225.jpg\",\"orientation\":\"landscape\"},\"full\":{\"url\":\"https:\\\/\\\/zstu.tg.edu.pl\\\/wp-new\\\/wp-content\\\/uploads\\\/2024\\\/03\\\/16-2.jpg\",\"height\":600,\"width\":800,\"orientation\":\"landscape\"}}},{\"title\":\"Druga cz\\u0119\\u015b\\u0107 desantu na Malt\\u0119\",\"ID\":5157,\"id\":5157,\"modified\":\"2024-03-28 22:30:34\",\"date\":\"2024-03-29 09:29:00\",\"postLink\":\"https:\\\/\\\/zstu.tg.edu.pl\\\/wp-new\\\/pgc_simply_gallery\\\/druga-czesc-desantu-na-malte\\\/\",\"type\":\"pgc_simply_gallery\",\"slug\":\"druga-czesc-desantu-na-malte\",\"thumbURL\":\"https:\\\/\\\/zstu.tg.edu.pl\\\/wp-new\\\/wp-content\\\/uploads\\\/2024\\\/03\\\/01-9-150x113.jpg\",\"thumb\":{\"thumbnail\":{\"height\":113,\"width\":150,\"url\":\"https:\\\/\\\/zstu.tg.edu.pl\\\/wp-new\\\/wp-content\\\/uploads\\\/2024\\\/03\\\/01-9-150x113.jpg\",\"orientation\":\"landscape\"},\"medium\":{\"height\":225,\"width\":300,\"url\":\"https:\\\/\\\/zstu.tg.edu.pl\\\/wp-new\\\/wp-content\\\/uploads\\\/2024\\\/03\\\/01-9-300x225.jpg\",\"orientation\":\"landscape\"},\"full\":{\"url\":\"https:\\\/\\\/zstu.tg.edu.pl\\\/wp-new\\\/wp-content\\\/uploads\\\/2024\\\/03\\\/01-9.jpg\",\"height\":600,\"width\":800,\"orientation\":\"landscape\"}}},{\"title\":\"Przegl\\u0105d musztry\",\"ID\":5167,\"id\":5167,\"modified\":\"2024-03-28 22:37:49\",\"date\":\"2024-03-29 10:35:00\",\"postLink\":\"https:\\\/\\\/zstu.tg.edu.pl\\\/wp-new\\\/pgc_simply_gallery\\\/5167\\\/\",\"type\":\"pgc_simply_gallery\",\"slug\":\"5167\",\"thumbURL\":\"https:\\\/\\\/zstu.tg.edu.pl\\\/wp-new\\\/wp-content\\\/uploads\\\/2024\\\/03\\\/06-7-150x113.jpg\",\"thumb\":{\"thumbnail\":{\"height\":113,\"width\":150,\"url\":\"https:\\\/\\\/zstu.tg.edu.pl\\\/wp-new\\\/wp-content\\\/uploads\\\/2024\\\/03\\\/06-7-150x113.jpg\",\"orientation\":\"landscape\"},\"medium\":{\"height\":225,\"width\":300,\"url\":\"https:\\\/\\\/zstu.tg.edu.pl\\\/wp-new\\\/wp-content\\\/uploads\\\/2024\\\/03\\\/06-7-300x225.jpg\",\"orientation\":\"landscape\"},\"full\":{\"url\":\"https:\\\/\\\/zstu.tg.edu.pl\\\/wp-new\\\/wp-content\\\/uploads\\\/2024\\\/03\\\/06-7.jpg\",\"height\":600,\"width\":800,\"orientation\":\"landscape\"}}},{\"title\":\"Klasa mundurowa z wizyt\\u0105 w tarnog\\u00f3rskiej komendzie\",\"ID\":5210,\"id\":5210,\"modified\":\"2024-04-16 08:39:06\",\"date\":\"2024-04-16 08:39:06\",\"postLink\":\"https:\\\/\\\/zstu.tg.edu.pl\\\/wp-new\\\/pgc_simply_gallery\\\/klasa-mundurowa-z-wizyta-w-tarnogorskiej-komendzie\\\/\",\"type\":\"pgc_simply_gallery\",\"slug\":\"klasa-mundurowa-z-wizyta-w-tarnogorskiej-komendzie\",\"thumbURL\":\"https:\\\/\\\/zstu.tg.edu.pl\\\/wp-new\\\/wp-content\\\/uploads\\\/2024\\\/04\\\/09-150x113.jpg\",\"thumb\":{\"thumbnail\":{\"height\":113,\"width\":150,\"url\":\"https:\\\/\\\/zstu.tg.edu.pl\\\/wp-new\\\/wp-content\\\/uploads\\\/2024\\\/04\\\/09-150x113.jpg\",\"orientation\":\"landscape\"},\"medium\":{\"height\":225,\"width\":300,\"url\":\"https:\\\/\\\/zstu.tg.edu.pl\\\/wp-new\\\/wp-content\\\/uploads\\\/2024\\\/04\\\/09-300x225.jpg\",\"orientation\":\"landscape\"},\"large\":{\"height\":768,\"width\":1024,\"url\":\"https:\\\/\\\/zstu.tg.edu.pl\\\/wp-new\\\/wp-content\\\/uploads\\\/2024\\\/04\\\/09-1024x768.jpg\",\"orientation\":\"landscape\"},\"full\":{\"url\":\"https:\\\/\\\/zstu.tg.edu.pl\\\/wp-new\\\/wp-content\\\/uploads\\\/2024\\\/04\\\/09.jpg\",\"height\":900,\"width\":1200,\"orientation\":\"landscape\"}}},{\"title\":\"Dzie\\u0144 bez plecaka\",\"ID\":5233,\"id\":5233,\"modified\":\"2024-04-16 09:02:13\",\"date\":\"2024-04-16 09:02:13\",\"postLink\":\"https:\\\/\\\/zstu.tg.edu.pl\\\/wp-new\\\/pgc_simply_gallery\\\/dzien-bez-plecaka\\\/\",\"type\":\"pgc_simply_gallery\",\"slug\":\"dzien-bez-plecaka\",\"thumbURL\":\"https:\\\/\\\/zstu.tg.edu.pl\\\/wp-new\\\/wp-content\\\/uploads\\\/2024\\\/04\\\/06-1-150x100.jpg\",\"thumb\":{\"thumbnail\":{\"height\":100,\"width\":150,\"url\":\"https:\\\/\\\/zstu.tg.edu.pl\\\/wp-new\\\/wp-content\\\/uploads\\\/2024\\\/04\\\/06-1-150x100.jpg\",\"orientation\":\"landscape\"},\"medium\":{\"height\":200,\"width\":300,\"url\":\"https:\\\/\\\/zstu.tg.edu.pl\\\/wp-new\\\/wp-content\\\/uploads\\\/2024\\\/04\\\/06-1-300x200.jpg\",\"orientation\":\"landscape\"},\"full\":{\"url\":\"https:\\\/\\\/zstu.tg.edu.pl\\\/wp-new\\\/wp-content\\\/uploads\\\/2024\\\/04\\\/06-1.jpg\",\"height\":533,\"width\":800,\"orientation\":\"landscape\"}}},{\"title\":\"V Tarnog\\u00f3rskie Zawody z Pierwszej Pomocy\",\"ID\":5254,\"id\":5254,\"modified\":\"2024-04-16 20:39:20\",\"date\":\"2024-04-16 20:39:19\",\"postLink\":\"https:\\\/\\\/zstu.tg.edu.pl\\\/wp-new\\\/pgc_simply_gallery\\\/v-tarnogorskie-zawody-z-pierwszej-pomocy\\\/\",\"type\":\"pgc_simply_gallery\",\"slug\":\"v-tarnogorskie-zawody-z-pierwszej-pomocy\",\"thumbURL\":\"https:\\\/\\\/zstu.tg.edu.pl\\\/wp-new\\\/wp-content\\\/uploads\\\/2024\\\/04\\\/12-2-150x113.jpg\",\"thumb\":{\"thumbnail\":{\"height\":113,\"width\":150,\"url\":\"https:\\\/\\\/zstu.tg.edu.pl\\\/wp-new\\\/wp-content\\\/uploads\\\/2024\\\/04\\\/12-2-150x113.jpg\",\"orientation\":\"landscape\"},\"medium\":{\"height\":225,\"width\":300,\"url\":\"https:\\\/\\\/zstu.tg.edu.pl\\\/wp-new\\\/wp-content\\\/uploads\\\/2024\\\/04\\\/12-2-300x225.jpg\",\"orientation\":\"landscape\"},\"full\":{\"url\":\"https:\\\/\\\/zstu.tg.edu.pl\\\/wp-new\\\/wp-content\\\/uploads\\\/2024\\\/04\\\/12-2.jpg\",\"height\":600,\"width\":800,\"orientation\":\"landscape\"}}},{\"title\":\"Wspomnienia z wycieczki do s\\u0142onecznej Italii\",\"ID\":5299,\"id\":5299,\"modified\":\"2024-04-21 13:13:54\",\"date\":\"2024-04-21 13:13:53\",\"postLink\":\"https:\\\/\\\/zstu.tg.edu.pl\\\/wp-new\\\/pgc_simply_gallery\\\/wspomnienia-z-wycieczki-do-slonecznej-italii\\\/\",\"type\":\"pgc_simply_gallery\",\"slug\":\"wspomnienia-z-wycieczki-do-slonecznej-italii\",\"thumbURL\":\"https:\\\/\\\/zstu.tg.edu.pl\\\/wp-new\\\/wp-content\\\/uploads\\\/2024\\\/04\\\/40-150x101.jpg\",\"thumb\":{\"thumbnail\":{\"height\":101,\"width\":150,\"url\":\"https:\\\/\\\/zstu.tg.edu.pl\\\/wp-new\\\/wp-content\\\/uploads\\\/2024\\\/04\\\/40-150x101.jpg\",\"orientation\":\"landscape\"},\"medium\":{\"height\":202,\"width\":300,\"url\":\"https:\\\/\\\/zstu.tg.edu.pl\\\/wp-new\\\/wp-content\\\/uploads\\\/2024\\\/04\\\/40-300x202.jpg\",\"orientation\":\"landscape\"},\"full\":{\"url\":\"https:\\\/\\\/zstu.tg.edu.pl\\\/wp-new\\\/wp-content\\\/uploads\\\/2024\\\/04\\\/40.jpg\",\"height\":539,\"width\":800,\"orientation\":\"landscape\"}}},{\"title\":\"Zawody Pierwszej Pomocy PCK\",\"ID\":5317,\"id\":5317,\"modified\":\"2024-04-25 10:07:10\",\"date\":\"2024-04-25 10:07:10\",\"postLink\":\"https:\\\/\\\/zstu.tg.edu.pl\\\/wp-new\\\/pgc_simply_gallery\\\/zawody-pierwszej-pomocy-pck\\\/\",\"type\":\"pgc_simply_gallery\",\"slug\":\"zawody-pierwszej-pomocy-pck\",\"thumbURL\":\"https:\\\/\\\/zstu.tg.edu.pl\\\/wp-new\\\/wp-content\\\/uploads\\\/2024\\\/04\\\/03-4-150x113.jpg\",\"thumb\":{\"thumbnail\":{\"height\":113,\"width\":150,\"url\":\"https:\\\/\\\/zstu.tg.edu.pl\\\/wp-new\\\/wp-content\\\/uploads\\\/2024\\\/04\\\/03-4-150x113.jpg\",\"orientation\":\"landscape\"},\"medium\":{\"height\":225,\"width\":300,\"url\":\"https:\\\/\\\/zstu.tg.edu.pl\\\/wp-new\\\/wp-content\\\/uploads\\\/2024\\\/04\\\/03-4-300x225.jpg\",\"orientation\":\"landscape\"},\"large\":{\"height\":768,\"width\":1024,\"url\":\"https:\\\/\\\/zstu.tg.edu.pl\\\/wp-new\\\/wp-content\\\/uploads\\\/2024\\\/04\\\/03-4-1024x768.jpg\",\"orientation\":\"landscape\"},\"full\":{\"url\":\"https:\\\/\\\/zstu.tg.edu.pl\\\/wp-new\\\/wp-content\\\/uploads\\\/2024\\\/04\\\/03-4.jpg\",\"height\":1200,\"width\":1600,\"orientation\":\"landscape\"}}},{\"title\":\"Warsztaty wyjazdowe w Poraju\",\"ID\":5473,\"id\":5473,\"modified\":\"2024-04-28 14:20:29\",\"date\":\"2024-04-28 14:20:28\",\"postLink\":\"https:\\\/\\\/zstu.tg.edu.pl\\\/wp-new\\\/pgc_simply_gallery\\\/warsztaty-wyjazdowe-w-poraju\\\/\",\"type\":\"pgc_simply_gallery\",\"slug\":\"warsztaty-wyjazdowe-w-poraju\",\"thumbURL\":\"https:\\\/\\\/zstu.tg.edu.pl\\\/wp-new\\\/wp-content\\\/uploads\\\/2024\\\/04\\\/46-1-150x68.jpg\",\"thumb\":{\"thumbnail\":{\"height\":68,\"width\":150,\"url\":\"https:\\\/\\\/zstu.tg.edu.pl\\\/wp-new\\\/wp-content\\\/uploads\\\/2024\\\/04\\\/46-1-150x68.jpg\",\"orientation\":\"landscape\"},\"medium\":{\"height\":135,\"width\":300,\"url\":\"https:\\\/\\\/zstu.tg.edu.pl\\\/wp-new\\\/wp-content\\\/uploads\\\/2024\\\/04\\\/46-1-300x135.jpg\",\"orientation\":\"landscape\"},\"full\":{\"url\":\"https:\\\/\\\/zstu.tg.edu.pl\\\/wp-new\\\/wp-content\\\/uploads\\\/2024\\\/04\\\/46-1.jpg\",\"height\":360,\"width\":800,\"orientation\":\"landscape\"}}},{\"title\":\"30 lecie Plac\\u00f3wki Stra\\u017cy Granicznej w Katowicach-Pyrzowicach\",\"ID\":5799,\"id\":5799,\"modified\":\"2024-04-30 14:44:26\",\"date\":\"2024-04-30 14:44:25\",\"postLink\":\"https:\\\/\\\/zstu.tg.edu.pl\\\/wp-new\\\/pgc_simply_gallery\\\/30-lecie-placowki-strazy-granicznej-w-katowicach-pyrzowicach\\\/\",\"type\":\"pgc_simply_gallery\",\"slug\":\"30-lecie-placowki-strazy-granicznej-w-katowicach-pyrzowicach\",\"thumbURL\":\"https:\\\/\\\/zstu.tg.edu.pl\\\/wp-new\\\/wp-content\\\/uploads\\\/2024\\\/04\\\/06-7-150x100.jpg\",\"thumb\":{\"thumbnail\":{\"height\":100,\"width\":150,\"url\":\"https:\\\/\\\/zstu.tg.edu.pl\\\/wp-new\\\/wp-content\\\/uploads\\\/2024\\\/04\\\/06-7-150x100.jpg\",\"orientation\":\"landscape\"},\"medium\":{\"height\":200,\"width\":300,\"url\":\"https:\\\/\\\/zstu.tg.edu.pl\\\/wp-new\\\/wp-content\\\/uploads\\\/2024\\\/04\\\/06-7-300x200.jpg\",\"orientation\":\"landscape\"},\"full\":{\"url\":\"https:\\\/\\\/zstu.tg.edu.pl\\\/wp-new\\\/wp-content\\\/uploads\\\/2024\\\/04\\\/06-7.jpg\",\"height\":533,\"width\":800,\"orientation\":\"landscape\"}}},{\"title\":\"\\u0022Szcz\\u0119\\u015bliwej drogi ju\\u017c czas\\u0022 \\u2013 po\\u017cegnanie absolwent\\u00f3w\",\"ID\":5873,\"id\":5873,\"modified\":\"2024-05-16 08:45:20\",\"date\":\"2024-05-16 08:45:20\",\"postLink\":\"https:\\\/\\\/zstu.tg.edu.pl\\\/wp-new\\\/pgc_simply_gallery\\\/szczesliwej-drogi-juz-czas-pozegnanie-absolwentow\\\/\",\"type\":\"pgc_simply_gallery\",\"slug\":\"szczesliwej-drogi-juz-czas-pozegnanie-absolwentow\",\"thumbURL\":\"https:\\\/\\\/zstu.tg.edu.pl\\\/wp-new\\\/wp-content\\\/uploads\\\/2024\\\/05\\\/06-150x100.jpg\",\"thumb\":{\"thumbnail\":{\"height\":100,\"width\":150,\"url\":\"https:\\\/\\\/zstu.tg.edu.pl\\\/wp-new\\\/wp-content\\\/uploads\\\/2024\\\/05\\\/06-150x100.jpg\",\"orientation\":\"landscape\"},\"medium\":{\"height\":200,\"width\":300,\"url\":\"https:\\\/\\\/zstu.tg.edu.pl\\\/wp-new\\\/wp-content\\\/uploads\\\/2024\\\/05\\\/06-300x200.jpg\",\"orientation\":\"landscape\"},\"full\":{\"url\":\"https:\\\/\\\/zstu.tg.edu.pl\\\/wp-new\\\/wp-content\\\/uploads\\\/2024\\\/05\\\/06.jpg\",\"height\":533,\"width\":800,\"orientation\":\"landscape\"}}},{\"title\":\"VIII Wojew\\u00f3dzkie Mistrzostwa Policji w Biegu Prze\\u0142ajowym im. st. sier\\u017c. Marka Sienickiego\",\"ID\":5881,\"id\":5881,\"modified\":\"2024-05-22 21:35:19\",\"date\":\"2024-05-22 21:35:19\",\"postLink\":\"https:\\\/\\\/zstu.tg.edu.pl\\\/wp-new\\\/pgc_simply_gallery\\\/viii-wojewodzkie-mistrzostwa-policji-w-biegu-przelajowym-im-st-sierz-marka-sienickiego\\\/\",\"type\":\"pgc_simply_gallery\",\"slug\":\"viii-wojewodzkie-mistrzostwa-policji-w-biegu-przelajowym-im-st-sierz-marka-sienickiego\",\"thumbURL\":\"https:\\\/\\\/zstu.tg.edu.pl\\\/wp-new\\\/wp-content\\\/uploads\\\/2024\\\/05\\\/06-1-113x150.jpg\",\"thumb\":{\"thumbnail\":{\"height\":150,\"width\":113,\"url\":\"https:\\\/\\\/zstu.tg.edu.pl\\\/wp-new\\\/wp-content\\\/uploads\\\/2024\\\/05\\\/06-1-113x150.jpg\",\"orientation\":\"portrait\"},\"medium\":{\"height\":300,\"width\":225,\"url\":\"https:\\\/\\\/zstu.tg.edu.pl\\\/wp-new\\\/wp-content\\\/uploads\\\/2024\\\/05\\\/06-1-225x300.jpg\",\"orientation\":\"portrait\"},\"large\":{\"height\":1024,\"width\":768,\"url\":\"https:\\\/\\\/zstu.tg.edu.pl\\\/wp-new\\\/wp-content\\\/uploads\\\/2024\\\/05\\\/06-1-768x1024.jpg\",\"orientation\":\"portrait\"},\"full\":{\"url\":\"https:\\\/\\\/zstu.tg.edu.pl\\\/wp-new\\\/wp-content\\\/uploads\\\/2024\\\/05\\\/06-1.jpg\",\"height\":1512,\"width\":1134,\"orientation\":\"portrait\"}}},{\"title\":\"Dzie\\u0144 tosta\",\"ID\":5913,\"id\":5913,\"modified\":\"2024-05-29 18:32:08\",\"date\":\"2024-05-29 18:32:07\",\"postLink\":\"https:\\\/\\\/zstu.tg.edu.pl\\\/wp-new\\\/pgc_simply_gallery\\\/dzien-tosta\\\/\",\"type\":\"pgc_simply_gallery\",\"slug\":\"dzien-tosta\",\"thumbURL\":\"https:\\\/\\\/zstu.tg.edu.pl\\\/wp-new\\\/wp-content\\\/uploads\\\/2024\\\/05\\\/05-2-85x150.jpg\",\"thumb\":{\"thumbnail\":{\"height\":150,\"width\":85,\"url\":\"https:\\\/\\\/zstu.tg.edu.pl\\\/wp-new\\\/wp-content\\\/uploads\\\/2024\\\/05\\\/05-2-85x150.jpg\",\"orientation\":\"portrait\"},\"medium\":{\"height\":300,\"width\":169,\"url\":\"https:\\\/\\\/zstu.tg.edu.pl\\\/wp-new\\\/wp-content\\\/uploads\\\/2024\\\/05\\\/05-2-169x300.jpg\",\"orientation\":\"portrait\"},\"full\":{\"url\":\"https:\\\/\\\/zstu.tg.edu.pl\\\/wp-new\\\/wp-content\\\/uploads\\\/2024\\\/05\\\/05-2.jpg\",\"height\":600,\"width\":338,\"orientation\":\"portrait\"}}},{\"title\":\"Tyrolki na Kadzielni\\u2026\",\"ID\":5977,\"id\":5977,\"modified\":\"2024-06-08 00:49:47\",\"date\":\"2024-06-08 00:49:17\",\"postLink\":\"https:\\\/\\\/zstu.tg.edu.pl\\\/wp-new\\\/pgc_simply_gallery\\\/tyrolki-na-kadzielni\\\/\",\"type\":\"pgc_simply_gallery\",\"slug\":\"tyrolki-na-kadzielni\",\"thumbURL\":\"https:\\\/\\\/zstu.tg.edu.pl\\\/wp-new\\\/wp-content\\\/uploads\\\/2024\\\/06\\\/27-150x68.jpg\",\"thumb\":{\"thumbnail\":{\"height\":68,\"width\":150,\"url\":\"https:\\\/\\\/zstu.tg.edu.pl\\\/wp-new\\\/wp-content\\\/uploads\\\/2024\\\/06\\\/27-150x68.jpg\",\"orientation\":\"landscape\"},\"medium\":{\"height\":135,\"width\":300,\"url\":\"https:\\\/\\\/zstu.tg.edu.pl\\\/wp-new\\\/wp-content\\\/uploads\\\/2024\\\/06\\\/27-300x135.jpg\",\"orientation\":\"landscape\"},\"full\":{\"url\":\"https:\\\/\\\/zstu.tg.edu.pl\\\/wp-new\\\/wp-content\\\/uploads\\\/2024\\\/06\\\/27.jpg\",\"height\":360,\"width\":800,\"orientation\":\"landscape\"}}},{\"title\":\"Zako\\u0144czenie sezonu wycieczkowego\",\"ID\":6080,\"id\":6080,\"modified\":\"2024-06-20 16:53:00\",\"date\":\"2024-06-20 16:53:00\",\"postLink\":\"https:\\\/\\\/zstu.tg.edu.pl\\\/wp-new\\\/pgc_simply_gallery\\\/zakonczenie-sezonu-wycieczkowego\\\/\",\"type\":\"pgc_simply_gallery\",\"slug\":\"zakonczenie-sezonu-wycieczkowego\",\"thumbURL\":\"https:\\\/\\\/zstu.tg.edu.pl\\\/wp-new\\\/wp-content\\\/uploads\\\/2024\\\/06\\\/01-5-150x112.jpg\",\"thumb\":{\"thumbnail\":{\"height\":112,\"width\":150,\"url\":\"https:\\\/\\\/zstu.tg.edu.pl\\\/wp-new\\\/wp-content\\\/uploads\\\/2024\\\/06\\\/01-5-150x112.jpg\",\"orientation\":\"landscape\"},\"medium\":{\"height\":225,\"width\":300,\"url\":\"https:\\\/\\\/zstu.tg.edu.pl\\\/wp-new\\\/wp-content\\\/uploads\\\/2024\\\/06\\\/01-5-300x225.jpg\",\"orientation\":\"landscape\"},\"full\":{\"url\":\"https:\\\/\\\/zstu.tg.edu.pl\\\/wp-new\\\/wp-content\\\/uploads\\\/2024\\\/06\\\/01-5.jpg\",\"height\":599,\"width\":800,\"orientation\":\"landscape\"}}},{\"title\":\"Zako\\u0144czenie roku\",\"ID\":6119,\"id\":6119,\"modified\":\"2024-06-21 13:02:00\",\"date\":\"2024-06-21 13:01:59\",\"postLink\":\"https:\\\/\\\/zstu.tg.edu.pl\\\/wp-new\\\/pgc_simply_gallery\\\/zakonczenie-roku\\\/\",\"type\":\"pgc_simply_gallery\",\"slug\":\"zakonczenie-roku\",\"thumbURL\":\"https:\\\/\\\/zstu.tg.edu.pl\\\/wp-new\\\/wp-content\\\/uploads\\\/2024\\\/06\\\/10-2-150x100.jpg\",\"thumb\":{\"thumbnail\":{\"height\":100,\"width\":150,\"url\":\"https:\\\/\\\/zstu.tg.edu.pl\\\/wp-new\\\/wp-content\\\/uploads\\\/2024\\\/06\\\/10-2-150x100.jpg\",\"orientation\":\"landscape\"},\"medium\":{\"height\":200,\"width\":300,\"url\":\"https:\\\/\\\/zstu.tg.edu.pl\\\/wp-new\\\/wp-content\\\/uploads\\\/2024\\\/06\\\/10-2-300x200.jpg\",\"orientation\":\"landscape\"},\"full\":{\"url\":\"https:\\\/\\\/zstu.tg.edu.pl\\\/wp-new\\\/wp-content\\\/uploads\\\/2024\\\/06\\\/10-2.jpg\",\"height\":533,\"width\":800,\"orientation\":\"landscape\"}}},{\"title\":\"Uroczysto\\u015bci z okazji 25-lecia pielgrzymki Jana Paw\\u0142a II do diecezji gliwickiej\",\"ID\":6131,\"id\":6131,\"modified\":\"2024-06-22 14:44:22\",\"date\":\"2024-06-22 14:43:46\",\"postLink\":\"https:\\\/\\\/zstu.tg.edu.pl\\\/wp-new\\\/pgc_simply_gallery\\\/uroczystosci-z-okazji-25-lecia-pielgrzymki-jana-pawla-ii-do-diecezji-gliwickiej\\\/\",\"type\":\"pgc_simply_gallery\",\"slug\":\"uroczystosci-z-okazji-25-lecia-pielgrzymki-jana-pawla-ii-do-diecezji-gliwickiej\",\"thumbURL\":\"https:\\\/\\\/zstu.tg.edu.pl\\\/wp-new\\\/wp-content\\\/uploads\\\/2024\\\/06\\\/04-3-150x106.jpg\",\"thumb\":{\"thumbnail\":{\"height\":106,\"width\":150,\"url\":\"https:\\\/\\\/zstu.tg.edu.pl\\\/wp-new\\\/wp-content\\\/uploads\\\/2024\\\/06\\\/04-3-150x106.jpg\",\"orientation\":\"landscape\"},\"medium\":{\"height\":212,\"width\":300,\"url\":\"https:\\\/\\\/zstu.tg.edu.pl\\\/wp-new\\\/wp-content\\\/uploads\\\/2024\\\/06\\\/04-3-300x212.jpg\",\"orientation\":\"landscape\"},\"full\":{\"url\":\"https:\\\/\\\/zstu.tg.edu.pl\\\/wp-new\\\/wp-content\\\/uploads\\\/2024\\\/06\\\/04-3.jpg\",\"height\":564,\"width\":800,\"orientation\":\"landscape\"}}}],\"customCSS\":\"albumnavigator-title {text-align: center}\\n.pgcsimplygalleryblock-albums-cover .pgcsimplygalleryblock-albums-sub-wrap .pgcsimplygalleryblock-albums-title {\\n font-weight: 600;\\n margin: 10px auto;\\n text-align: center;\\n}\",\"coverTipLabel\":\"zobacz zdj\\u0119cia\",\"shareFacebook\":false,\"shareTwitter\":false,\"sharePinterest\":false,\"sliderItemDownload\":false,\"shareCopyLink\":false}<\/script><script type=\"text\/javascript\">(function(){if(window.PGC_SGB && window.PGC_SGB.searcher){window.PGC_SGB.searcher.initBlocks()}})()<\/script><\/div>","protected":false},"excerpt":{"rendered":"","protected":false},"author":29,"featured_media":0,"parent":1024,"menu_order":1,"comment_status":"closed","ping_status":"closed","template":"","meta":{"pgc_sgb_lightbox_settings":"","footnotes":""},"class_list":["post-3309","page","type-page","status-publish","hentry"],"_links":{"self":[{"href":"https:\/\/zstu.tg.edu.pl\/wp-new\/wp-json\/wp\/v2\/pages\/3309","targetHints":{"allow":["GET"]}}],"collection":[{"href":"https:\/\/zstu.tg.edu.pl\/wp-new\/wp-json\/wp\/v2\/pages"}],"about":[{"href":"https:\/\/zstu.tg.edu.pl\/wp-new\/wp-json\/wp\/v2\/types\/page"}],"author":[{"embeddable":true,"href":"https:\/\/zstu.tg.edu.pl\/wp-new\/wp-json\/wp\/v2\/users\/29"}],"replies":[{"embeddable":true,"href":"https:\/\/zstu.tg.edu.pl\/wp-new\/wp-json\/wp\/v2\/comments?post=3309"}],"version-history":[{"count":5,"href":"https:\/\/zstu.tg.edu.pl\/wp-new\/wp-json\/wp\/v2\/pages\/3309\/revisions"}],"predecessor-version":[{"id":6121,"href":"https:\/\/zstu.tg.edu.pl\/wp-new\/wp-json\/wp\/v2\/pages\/3309\/revisions\/6121"}],"up":[{"embeddable":true,"href":"https:\/\/zstu.tg.edu.pl\/wp-new\/wp-json\/wp\/v2\/pages\/1024"}],"wp:attachment":[{"href":"https:\/\/zstu.tg.edu.pl\/wp-new\/wp-json\/wp\/v2\/media?parent=3309"}],"curies":[{"name":"wp","href":"https:\/\/api.w.org\/{rel}","templated":true}]}}