{"id":7405,"date":"2024-11-14T12:25:04","date_gmt":"2024-11-14T11:25:04","guid":{"rendered":"https:\/\/zstu.tg.edu.pl\/wp-new\/?page_id=7405"},"modified":"2026-06-11T10:22:50","modified_gmt":"2026-06-11T09:22:50","slug":"kierunki-ksztalcenia","status":"publish","type":"page","link":"https:\/\/zstu.tg.edu.pl\/wp-new\/kierunki-ksztalcenia\/","title":{"rendered":"Kierunki kszta\u0142cenia"},"content":{"rendered":"\n<p class=\"wp-block-paragraph\">W Zespole Szk\u00f3\u0142 Techniczno-Us\u0142ugowych im. Jana Paw\u0142a II kszta\u0142cenie odbywa si\u0119 w nast\u0119puj\u0105cych kierunkach\/zawodach:<\/p>\n\n\n\n<p class=\"wp-block-paragraph\"><strong>VI Liceum Og\u00f3lnokszta\u0142c\u0105ce<\/strong> &#8211; cykl kszta\u0142cenia: 4 lata<br>klasa OPW (oddzia\u0142 przygotowania wojskowego)<br>klasa policyjna<br>klasa stra\u017cy granicznej<br>klasa o kierunku pedagogika resocjalizacyjna z psychologi\u0105 og\u00f3ln\u0105<\/p>\n\n\n\n<p class=\"wp-block-paragraph\"><strong>Technikum nr 12<\/strong> &#8211; cykl kszta\u0142cenia: 5 lat<br><span style=\"text-decoration: underline;\">Technikum logistyczne<\/span><br>SPL.01 Obs\u0142uga magazyn\u00f3w<br>SPL.04 Organizacja transportu<\/p>\n\n\n\n<p class=\"wp-block-paragraph\"><span style=\"text-decoration: underline;\">Technik transportu kolejowego<\/span><br>TKO.07 Organizacja i prowadzenie ruchu poci\u0105g\u00f3w<br>TKO.08 Planowanie i realizacja przewoz\u00f3w kolejowych<\/p>\n\n\n\n<p class=\"wp-block-paragraph\"><span style=\"text-decoration: underline;\">Technik lotniskowych s\u0142u\u017cb operacyjnych<\/span><br>TLO.02. Obs\u0142uga operacyjna portu lotniczego i wsp\u00f3\u0142praca ze s\u0142u\u017cbami \u017ceglugi powietrznej <\/p>\n\n\n\n<p class=\"wp-block-paragraph\"><strong>Opisy kierunk\u00f3w kszta\u0142cenia<\/strong><\/p>\n\n\n<style>#sp-ea-7411 .spcollapsing { height: 0; overflow: hidden; transition-property: height;transition-duration: 300ms;}#sp-ea-7411.sp-easy-accordion>.sp-ea-single {margin-bottom: 5px; border: 1px solid #e2e2e2; }#sp-ea-7411.sp-easy-accordion>.sp-ea-single>.ea-header a {color: #444;}#sp-ea-7411.sp-easy-accordion>.sp-ea-single>.sp-collapse>.ea-body {background: #fff; color: #444;}#sp-ea-7411.sp-easy-accordion>.sp-ea-single {background: #eee;}#sp-ea-7411.sp-easy-accordion>.sp-ea-single>.ea-header a .ea-expand-icon { float: left; color: #444;font-size: 12px;}<\/style><div id=\"sp_easy_accordion-1731696713\"><div id=\"sp-ea-7411\" class=\"sp-ea-one sp-easy-accordion\" data-ea-active=\"ea-click\" data-ea-mode=\"vertical\" data-preloader=\"\" data-scroll-active-item=\"\" data-offset-to-scroll=\"0\"><div class=\"ea-card sp-ea-single\"><h3 class=\"ea-header\"><a class=\"collapsed\" id=\"ea-header-74110\" role=\"button\" data-sptoggle=\"spcollapse\" data-sptarget=\"#collapse74110\" aria-controls=\"collapse74110\" href=\"#\" aria-expanded=\"false\" tabindex=\"0\"><i aria-hidden=\"true\" role=\"presentation\" class=\"ea-expand-icon eap-icon-ea-expand-plus\"><\/i> odzia\u0142 przygotowania wojskowego<\/a><\/h3><div class=\"sp-collapse spcollapse spcollapse\" id=\"collapse74110\" data-parent=\"#sp-ea-7411\" role=\"region\" aria-labelledby=\"ea-header-74110\"> <div class=\"ea-body\"><p style=\"text-align: justify\"><img decoding=\"async\" class=\"wp-image-1666 alignleft\" src=\"https:\/\/zstu.tg.edu.pl\/wp-new\/wp-content\/uploads\/2023\/02\/opw_prom_2021-300x169.jpg\" alt=\"\" width=\"267\" height=\"150\" \/>VI Liceum Og\u00f3lnokszta\u0142c\u0105ce w Tarnowskich G\u00f3rach znajduje si\u0119 w gronie elitarnych szk\u00f3\u0142 w Polsce. To tutaj m\u0142odzie\u017c klasy wojskowej uczestniczy w pilota\u017cowym programie Ministerstwa Obrony Narodowej. Od 2017 roku szko\u0142a prowadzi pion Certyfikowanych Wojskowych Klas Mundurowych. M\u0142odzie\u017c klasy wojskowej ucz\u0119szcza na zaj\u0119cia z edukacji wojskowej, uczestniczy w tzw. Wojskowych Dniach Szkoleniowych oraz swoje umiej\u0119tno\u015bci zwi\u0105zane ze sztuk\u0105 wojskow\u0105 doskonali podczas 50 godzinnego poligonu, organizowanego na obiektach patronackiej jednostki wojskowej. Zaj\u0119cia wojskowe realizowane s\u0105 przez wysoko wykwalifikowan\u0105 kadr\u0119 5 Tarnog\u00f3rskiego Pu\u0142ku Chemicznego. Szko\u0142a posiada profesjonalny, szkoleniowy sprz\u0119t wojskowy, kt\u00f3ry zosta\u0142 pozyskany w zwi\u0105zku z realizacj\u0105 dotacji MON na zakup wyposa\u017cenia przez szko\u0142y prowadz\u0105ce pilota\u017cowy program.<br \/>Po zako\u0144czeniu szkolenia wojskowego absolwent szko\u0142y otrzymuje certyfikat MON o uko\u0144czeniu tego szkolenia. W\u00f3wczas mo\u017ce rozpocz\u0105\u0107 przygod\u0119 z wojskiem, odbywaj\u0105c skr\u00f3con\u0105 s\u0142u\u017cb\u0119 przygotowawcz\u0105, zasilaj\u0105c szeregi \u017co\u0142nierzy s\u0142u\u017cby zawodowej, w Narodowych Si\u0142ach Rezerwowych oraz w Obronie Terytorialnej Kraju. Absolwent mo\u017ce kontynuowa\u0107 nauk\u0119 na studiach wojskowych:<br \/>- Wojskowej Akademii Technicznej<br \/>- Akademii Wojsk L\u0105dowych<br \/>- Akademii Si\u0142 Powietrznych<br \/>- Akademii Marynarki Wojennej<br \/>Od 1 wrze\u015bnia 2020 roku szko\u0142a prowadzi Oddzia\u0142 Przygotowania Wojskowego. Decyzj\u0119 w tej kwestii podj\u0105\u0142 Minister Obrony Narodowej, kt\u00f3ry sprawuje merytoryczny nadz\u00f3r nad oddzia\u0142em.<\/p><p style=\"text-align: justify\"><strong>Przy przyj\u0119ciu do klasy, jednym z obowi\u0105zkowych element\u00f3w jest udzia\u0142 w pr\u00f3bie sprawno\u015bci fizycznej, <\/strong><\/p><ul style=\"text-align: justify\"><li>4-letnie liceum przygotowuj\u0105ce do matury oraz rozwijaj\u0105ce kompetencje i umiej\u0119tno\u015bci kluczowe do dalszej edukacji oraz pe\u0142nienia s\u0142u\u017cby w jednostkach mundurowych;<\/li><li>Realizacja zaj\u0119\u0107 na terenie szko\u0142y i jednostki wojskowej oraz z wykorzystaniem strzelnicy multimedialnej;<\/li><li>Rozszerzenie: j. angielski, geografia, wiedza o spo\u0142ecze\u0144stwie;<\/li><li>Po zdanym egzaminie ko\u0144cowym w jednostce wojskowej uczniowie OPW maj\u0105 prawo do skr\u00f3conej s\u0142u\u017cby przygotowawczej oraz przyj\u0119cia na studia kierunkowe na preferencyjnych warunkach.<\/li><\/ul><\/div><\/div><\/div><div class=\"ea-card sp-ea-single\"><h3 class=\"ea-header\"><a class=\"collapsed\" id=\"ea-header-74111\" role=\"button\" data-sptoggle=\"spcollapse\" data-sptarget=\"#collapse74111\" aria-controls=\"collapse74111\" href=\"#\" aria-expanded=\"false\" tabindex=\"0\"><i aria-hidden=\"true\" role=\"presentation\" class=\"ea-expand-icon eap-icon-ea-expand-plus\"><\/i> klasa policyjna<\/a><\/h3><div class=\"sp-collapse spcollapse spcollapse\" id=\"collapse74111\" data-parent=\"#sp-ea-7411\" role=\"region\" aria-labelledby=\"ea-header-74111\"> <div class=\"ea-body\"><p><img decoding=\"async\" class=\"size-large wp-image-6900 alignleft\" src=\"https:\/\/zstu.tg.edu.pl\/wp-new\/wp-content\/uploads\/2024\/10\/67-1024x461.jpg\" alt=\"\" width=\"300\" srcset=\"https:\/\/zstu.tg.edu.pl\/wp-new\/wp-content\/uploads\/2024\/10\/67-1024x461.jpg 1024w, https:\/\/zstu.tg.edu.pl\/wp-new\/wp-content\/uploads\/2024\/10\/67-300x135.jpg 300w, https:\/\/zstu.tg.edu.pl\/wp-new\/wp-content\/uploads\/2024\/10\/67-150x68.jpg 150w, https:\/\/zstu.tg.edu.pl\/wp-new\/wp-content\/uploads\/2024\/10\/67-768x346.jpg 768w, https:\/\/zstu.tg.edu.pl\/wp-new\/wp-content\/uploads\/2024\/10\/67.jpg 1200w\" sizes=\"(max-width: 1024px) 100vw, 1024px\" \/>VI Liceum Og\u00f3lnokszta\u0142c\u0105ce pozwoli przygotowa\u0107 m\u0142odzie\u017c do podj\u0119cia dalszej nauki w szko\u0142ach policyjnych, u\u0142atwi jej wej\u015bcie na atrakcyjny, a r\u00f3wnocze\u015bnie specyficzny rynek pracy. Program zaj\u0119\u0107 policyjnych, kt\u00f3ry zosta\u0142 w\u0142\u0105czony do szkolnego zakresu program\u00f3w zak\u0142ada wyposa\u017cenie m\u0142odzie\u017cy w wiedz\u0119 na temat s\u0142u\u017cby w Policji, przygotowanie kondycyjne m\u0142odzie\u017cy, kszta\u0142cenie postawy patriotycznej i prospo\u0142ecznej. Program zak\u0142ada realizacj\u0119 dodatkowo 150 godzin w cyklu trzyletnim. S\u0105 to godziny przeznaczone na zapoznanie m\u0142odzie\u017cy z organizacj\u0105 i zadaniami Policji, podstawami obowi\u0105zuj\u0105cego systemu prawa, przeciwdzia\u0142aniem zjawiskom kryminogennym, zapewnieniem porz\u0105dku publicznego, bezpiecze\u0144stwem w ruchu drogowym, taktyk\u0105 i technikami interwencji, szkoleniem strzeleckim, musztr\u0105 indywidualn\u0105 i zespo\u0142ow\u0105. Zwi\u0119kszona liczba godzin wychowania fizycznego w klasie pierwszej i drugiej pozwoli na wprowadzenie zaj\u0119\u0107 z samoobrony \u201eAikido\u201d. M\u0142odzie\u017c b\u0119dzie mia\u0142a okazj\u0119 naby\u0107 umiej\u0119tno\u015bci bezpiecznego pos\u0142ugiwania si\u0119 broni\u0105 paln\u0105. Atrakcj\u0105 klasy policyjnej b\u0119d\u0105 r\u00f3wnie\u017c wakacyjne obozy sprawno\u015bciowe oraz zaj\u0119cia na strzelnicy. Uczniowie tej klasy zapoznani zostan\u0105 z organizacj\u0105, struktur\u0105 i zadaniami Policji, dzi\u0119ki czemu w przysz\u0142o\u015bci b\u0119d\u0105 mogli podj\u0105\u0107 decyzj\u0119 o wst\u0105pieniu do s\u0142u\u017cby w Policji b\u0105d\u017a podj\u0105\u0107 prac\u0119 w innych s\u0142u\u017cbach mundurowych. Uczniowie tej klasy powinni realizowa\u0107 nast\u0119puj\u0105ce przedmioty w zakresie rozszerzonym: j\u0119zyk angielski, wiedza o spo\u0142ecze\u0144stwie. Absolwenci klasy policyjnej chc\u0105cy podj\u0105\u0107 dalsze szkolenie w Wy\u017cszej Szkole Policji uzyskaj\u0105 dodatkowo 2 punkty podczas rekrutacji.<\/p><ul><li>4-letnie liceum przygotowuj\u0105ce do matury oraz rozwijaj\u0105ce kompetencje i umiej\u0119tno\u015bci kluczowe do dalszej edukacji oraz pracy w policji;<\/li><li>Zaj\u0119cia prowadzone przez funkcjonariuszy policji;<\/li><li>Rozszerzenie: j. angielski, wiedza o spo\u0142ecze\u0144stwie;<\/li><li>Zaj\u0119cia z aikido oraz na wirtualnej strzelnicy.<\/li><\/ul><\/div><\/div><\/div><div class=\"ea-card sp-ea-single\"><h3 class=\"ea-header\"><a class=\"collapsed\" id=\"ea-header-74112\" role=\"button\" data-sptoggle=\"spcollapse\" data-sptarget=\"#collapse74112\" aria-controls=\"collapse74112\" href=\"#\" aria-expanded=\"false\" tabindex=\"0\"><i aria-hidden=\"true\" role=\"presentation\" class=\"ea-expand-icon eap-icon-ea-expand-plus\"><\/i> klasa stra\u017cy granicznej<\/a><\/h3><div class=\"sp-collapse spcollapse spcollapse\" id=\"collapse74112\" data-parent=\"#sp-ea-7411\" role=\"region\" aria-labelledby=\"ea-header-74112\"> <div class=\"ea-body\"><p style=\"text-align: justify\"><img decoding=\"async\" class=\"wp-image-1669 alignleft\" src=\"https:\/\/zstu.tg.edu.pl\/wp-new\/wp-content\/uploads\/2023\/02\/straz_promo_2020-150x82.jpg\" alt=\"\" width=\"199\" height=\"109\" \/>Komendant \u015al\u0105skiego Oddzia\u0142u Stra\u017cy Granicznej im. nadkom. J\u00f3zefa Boche\u0144skiego w Raciborzu zadeklarowa\u0142 w porozumieniu podpisanym 25.02.2020:<\/p><ol style=\"text-align: justify\"><li style=\"margin-left: 190px\">ch\u0119\u0107 uczestniczenia w innowacji pedagogicznej pn. \"Ochrona granicy pa\u0144stwowej z elementami prawa\",<\/li><li style=\"margin-left: 190px\">udzielanie merytorycznej i praktycznej pomocy przy organizacji zaj\u0119\u0107 zwi\u0105zanych z zagadnieniami s\u0142u\u017cby granicznej,<\/li><li>przygotowanie wk\u0142adu do programu nauczania profilowanego,<\/li><li>podtrzymywania wi\u0119zi z Zespo\u0142em Szk\u00f3\u0142 Techniczno-Us\u0142ugowych im. Jana Paw\u0142a II w Tarnowskich G\u00f3rach poprzez uczestniczenie w \u017cyciu szko\u0142y.<\/li><\/ol><p style=\"text-align: justify\">Podpisanie porozumienia o wsp\u00f3\u0142pracy pomi\u0119dzy Stra\u017c\u0105 Graniczn\u0105 a Zespo\u0142em Szk\u00f3\u0142 Techniczno-Us\u0142ugowych ma na celu wsp\u00f3lne kszta\u0142towanie postaw patriotycznych i obywatelskich, piel\u0119gnowanie tradycji narodowych i formacji granicznych, przygotowanie potencjalnych kandydat\u00f3w do s\u0142u\u017cby w Stra\u017cy Granicznej oraz wsp\u00f3lne organizowanie wydarze\u0144 o charakterze naukowym i edukacyjnym.<br \/>W ramach wsp\u00f3\u0142pracy funkcjonariusze Stra\u017cy Granicznej b\u0119d\u0105 udziela\u0107 merytorycznej i praktycznej pomocy w organizacji zaj\u0119\u0107 lekcyjnych, zwi\u0105zanych z zagadnieniami s\u0142u\u017cby granicznej. Uczniowie klas o profilu Stra\u017c Graniczna b\u0119d\u0105 mieli mo\u017cliwo\u015b\u0107 bezpo\u015bredniego zapoznania si\u0119 ze specyfik\u0105 s\u0142u\u017cby w Stra\u017cy Granicznej. Zaj\u0119cia lekcyjne b\u0119d\u0105 odbywa\u0142y si\u0119 r\u00f3wnie\u017c w obiektach \u015al\u0105skiego Oddzia\u0142u Stra\u017cy Granicznej, gdzie ka\u017cdy ucze\u0144 pozna zr\u00f3\u017cnicowany charakter s\u0142u\u017cby w SG \u2013 od kontroli granicznej i zapewnienia bezpiecze\u0144stwa podr\u00f3\u017cnym w Mi\u0119dzynarodowym Porcie Lotniczym Katowice w Pyrzowicach do prowadzenia dzia\u0142a\u0144 zwi\u0105zanych ze zwalczaniem i przeciwdzia\u0142aniem nielegalnej migracji. Ponadto m\u0142odzie\u017c b\u0119dzie uczestniczy\u0142a w zaj\u0119ciach strzeleckich na nowoczesnej strzelnicy i trena\u017cerze laserowym oraz w zaj\u0119ciach z taktyk i technik interwencji, kt\u00f3re prowadzone b\u0119d\u0105 przez instruktor\u00f3w z \u015alOSG. Funkcjonariusze Stra\u017cy Granicznej opracowali ju\u017c program zaj\u0119\u0107 teoretycznych i praktycznych, dotycz\u0105cy \"Ochrony granicy pa\u0144stwowej z elementami prawa\".<\/p><p style=\"text-align: justify\"><strong>Przy przyj\u0119ciu do klasy, jednym z obowi\u0105zkowych element\u00f3w jest udzia\u0142 w pr\u00f3bie sprawno\u015bci fizycznej.<\/strong><\/p><ul style=\"text-align: justify\"><li>4-letnie liceum przygotowuj\u0105ce do matury oraz rozwijaj\u0105ce kompetencje i umiej\u0119tno\u015bci kluczowe do dalszej edukacji oraz pracy w jednostkach Stra\u017cy Granicznej;<\/li><li>Zaj\u0119cia prowadzone przez ekspert\u00f3w i funkcjonariuszy Stra\u017cy Granicznej;<\/li><li>Zaj\u0119cia praktyczne prowadzone m.in. na lotnisku w Pyrzowicach oraz strzelnicy multimedialnej;<\/li><li>Rozszerzenie: j. angielski, wiedza o spo\u0142ecze\u0144stwie.<\/li><\/ul><\/div><\/div><\/div><div class=\"ea-card sp-ea-single\"><h3 class=\"ea-header\"><a class=\"collapsed\" id=\"ea-header-74113\" role=\"button\" data-sptoggle=\"spcollapse\" data-sptarget=\"#collapse74113\" aria-controls=\"collapse74113\" href=\"#\" aria-expanded=\"false\" tabindex=\"0\"><i aria-hidden=\"true\" role=\"presentation\" class=\"ea-expand-icon eap-icon-ea-expand-plus\"><\/i> klasa o profilu pedagogika resocjalizacyjna z psychologi\u0105 og\u00f3ln\u0105<\/a><\/h3><div class=\"sp-collapse spcollapse spcollapse\" id=\"collapse74113\" data-parent=\"#sp-ea-7411\" role=\"region\" aria-labelledby=\"ea-header-74113\"> <div class=\"ea-body\"><p>Kierunek uruchomiono po raz pierwszy we wrze\u015bniu 2023.<\/p><p>To 4-letnia klasa liceum og\u00f3lnokszta\u0142c\u0105cego, w kt\u00f3rej uczniowie b\u0119d\u0105 rozwija\u0107 wiedz\u0119 na poziomie rozszerzonym z przedmiot\u00f3w takich jak j\u0119zyk angielski i j\u0119zyk polski, r\u00f3wnocze\u015bnie zg\u0142\u0119biaj\u0105c wiedz\u0119 z dziedziny resocjalizacji i psychologii. Dodatkowo drugim j\u0119zykiem nauczanym od podstaw b\u0119dzie j\u0119zyk hiszpa\u0144ski. W ramach wsp\u00f3\u0142pracy szko\u0142y z Uczelni\u0105 Metropolitaln\u0105 w Katowicach, uczniowie b\u0119d\u0105 brali udzia\u0142 w warsztatach i zaj\u0119ciach prowadzonych przez wyk\u0142adowc\u00f3w Uczelni. Uczniowie ko\u0144cz\u0105cy nauk\u0119 na tym kierunku b\u0119d\u0105 mogli kontynuowa\u0107 edukacj\u0119 na kierunkach pedagogicznych, socjologicznych, resocjalizacyjnych, psychologicznych. Dzi\u0119ki wsp\u00f3\u0142pracy z Aresztem \u015aledczym w Tarnowskich G\u00f3rach, uczniowie b\u0119d\u0105 uczestniczy\u0107 w praktycznych zaj\u0119ciach na terenie Aresztu, poznaj\u0105c specyfik\u0119 pracy w S\u0142u\u017cbie Wi\u0119ziennej.<\/p><\/div><\/div><\/div><div class=\"ea-card sp-ea-single\"><h3 class=\"ea-header\"><a class=\"collapsed\" id=\"ea-header-74114\" role=\"button\" data-sptoggle=\"spcollapse\" data-sptarget=\"#collapse74114\" aria-controls=\"collapse74114\" href=\"#\" aria-expanded=\"false\" tabindex=\"0\"><i aria-hidden=\"true\" role=\"presentation\" class=\"ea-expand-icon eap-icon-ea-expand-plus\"><\/i> technik logistyk<\/a><\/h3><div class=\"sp-collapse spcollapse spcollapse\" id=\"collapse74114\" data-parent=\"#sp-ea-7411\" role=\"region\" aria-labelledby=\"ea-header-74114\"> <div class=\"ea-body\"><p style=\"text-align: justify;font-weight: normal\">To 5-letni kierunek technikum, na kt\u00f3rym uczniowie zdobywaj\u0105 wiedz\u0119 i umiej\u0119tno\u015bci cenione w bran\u017cy transportowej i logistycznej. Logistyka to proces, kt\u00f3ry polega na planowaniu, realizowaniu i kontrolowaniu przep\u0142ywu towar\u00f3w z miejsca wytworzenia do miejsca docelowego, kt\u00f3ry obejmuje planowanie produkcji, magazynowanie i transport. Uczniowie kszta\u0142c\u0105cy si\u0119 na kierunku technik logistyk nabywaj\u0105 kompetencje zwi\u0105zane z:<\/p><ul style=\"font-weight: normal\"><li>planowaniem i dystrybucj\u0105 towar\u00f3w;<\/li><li>tworzeniem tras spedycyjnych i harmonogram\u00f3w transport\u00f3w;<\/li><li>obs\u0142ug\u0105 zam\u00f3wie\u0144 i kontrol\u0105 magazyn\u00f3w.<\/li><\/ul><p style=\"text-align: justify;font-weight: normal\">Uczniowie kszta\u0142c\u0105cy si\u0119 w tej specjalno\u015bci przyst\u0119puj\u0105 do egzaminu zawodowego z dw\u00f3ch kwalifikacji. Wa\u017cnym aspektem procesu nauczania jest odbycie praktyk zawodowych, w czasie kt\u00f3rych uczniowie zdobywaj\u0105 wiedz\u0119 i umiej\u0119tno\u015bci praktyczne zwi\u0105zane z szeroko poj\u0119t\u0105 organizacj\u0105 transportu i obs\u0142ug\u0105 magazynu. Zesp\u00f3\u0142 Szk\u00f3\u0142 Techniczno \u2013 Us\u0142ugowych wsp\u00f3\u0142pracuje w dziedzinie praktyk zawodowych z takimi firmami, jak np. PKP Cargo, Chemet S.A., Castorama, Mi\u0119dzynarodowy Port Lotniczy Katowice w Pyrzowicach oraz centra logistyczne. Absolwenci tego kierunku mog\u0105 poszukiwa\u0107 pracy w firmach produkcyjnych, handlowych i transportowych.<\/p><p style=\"text-align: justify;font-weight: normal\">Je\u017celi jeste\u015b osob\u0105, kt\u00f3ra lubi planowanie i organizacj\u0119 to ten zaw\u00f3d mo\u017ce okaza\u0107 si\u0119 strza\u0142em w dziesi\u0105tk\u0119.<\/p><p><strong>G\u0141\u00d3WNE ZADANIA ZAWODOWE<\/strong><\/p><p style=\"text-align: justify;font-weight: normal\">Absolwent szko\u0142y prowadz\u0105cej kszta\u0142cenie w zawodzie technik logistyk powinien by\u0107 przygotowany do wykonywania zada\u0144 zawodowych:<\/p><ol style=\"text-align: justify;font-weight: normal\"><li>w zakresie kwalifikacji SPL.01. Obs\u0142uga magazyn\u00f3w:<ol style=\"text-align: justify;font-weight: normal\" type=\"a\"><li>przyjmowania, przechowywania i wydawania towar\u00f3w z magazynu,<\/li><li>monitorowania poziomu i stanu zapas\u00f3w,<\/li><li>obs\u0142ugiwania program\u00f3w magazynowych,<\/li><li>prowadzenia dokumentacji magazynowej,<\/li><li>monitorowania proces\u00f3w produkcyjnych i dystrybucyjnych;<\/li><\/ol><\/li><li style=\"text-align: justify;font-weight: normal\">w zakresie kwalifikacji SPL.04. Organizacja transportu:<ol style=\"text-align: justify;font-weight: normal\" type=\"a\"><li>planowania proces\u00f3w transportowych,<\/li><li>organizowania proces\u00f3w transportowych,<\/li><li>dokumentowania proces\u00f3w transportowych.<\/li><\/ol><\/li><\/ol><p><strong>KWALIFIKACJE WYODR\u0118BNIONE W ZAWODZIE<\/strong><br \/>SPL.01. -\u00a0 Obs\u0142uga magazyn\u00f3w<br \/>SPL.04. - Organizacja transportu<\/p><p><strong>WARUNKI PRACY<\/strong><br \/>Po zdobyciu zawodu b\u0119dziesz pracowa\u0142:<\/p><ul style=\"text-align: justify;font-weight: normal\"><li>indywidualnie lub w ma\u0142ym zespole;<\/li><li>przewa\u017cnie w systemie jedno- lub dwuzmianowym. Niekiedy jednak charakter dzia\u0142alno\u015bci firmy wymaga pracy w systemie wielozmianowym, r\u00f3wnie\u017c w nocy i w dni ustawowo wolne od pracy;<\/li><li>w dzia\u0142ach transportu w pomieszczeniach biurowych;<\/li><li>w zale\u017cno\u015bci od asortymentu magazynowanych towar\u00f3w lub wyrob\u00f3w w pomieszczeniach zamkni\u0119tych (biuro, hala magazynowa) lub na wolnym powietrzu;<\/li><li>w zale\u017cno\u015bci od asortymentu magazynowanych towar\u00f3w lub wyrob\u00f3w, w zmiennych warunkach panuj\u0105cych w pomieszczeniach (np. niska, wysoka temperatura, du\u017ca wilgotno\u015b\u0107 itp.);<\/li><li>w przypadku pracy na wolnym powietrzu \u2013 nara\u017cony na zmienne warunki pogodowe;<\/li><li>w pozycji stoj\u0105cej (praca w magazynie) lub siedz\u0105cej (praca przy komputerze);<\/li><li>przenosz\u0105c ci\u0119\u017ckie towary, a przez to nara\u017cony na urazy, np. kr\u0119gos\u0142upa, n\u00f3g, r\u0105k itp.;<\/li><li>nara\u017cony na urazy spowodowane upadkami z wysoko\u015bci (z drabin, podest\u00f3w, p\u00f3\u0142ek), po\u015blizgni\u0119ciem si\u0119 na \u015bliskiej nawierzchni, potr\u0105ceniem przez poruszaj\u0105ce si\u0119 pojazdy (w\u00f3zki elektryczne, w\u00f3zki wid\u0142owe), czy te\u017c przedmiotami spadaj\u0105cymi z du\u017cej wysoko\u015bci;<\/li><li>nara\u017cony na zagro\u017cenia zwi\u0105zane z magazynowanymi towarami np. \u0142atwopalnymi, toksycznymi, wybuchowymi;<\/li><li>u\u017cytkuj\u0105c i obs\u0142uguj\u0105c mi\u0119dzy innymi drabiny lub podesty, w\u00f3zek r\u0119czny paletowy, w\u00f3zek jezdniowy podno\u015bnikowy (pod warunkiem posiadania dodatkowych uprawnie\u0144 do jego obs\u0142ugi), owijark\u0119 do palet, terminal kod\u00f3w kreskowych, komputer ze specjalistycznym oprogramowaniem do obs\u0142ugi magazynu lub zlece\u0144 transportowych, telefon kom\u00f3rkowy itp.<\/li><\/ul><p><strong><br \/>TYPOWE DLA ZAWODU MIEJSCA PRACY<\/strong><br \/>Absolwent szko\u0142y kszta\u0142c\u0105cej w zawodzie technik transportu kolejowego mo\u017ce ubiega\u0107 si\u0119 o prac\u0119:<\/p><ul style=\"text-align: justify;font-weight: normal\"><li>w zr\u00f3\u017cnicowanych pod wzgl\u0119dem wielko\u015bci zatrudnienia firmach, dzia\u0142aj\u0105cych w r\u00f3\u017cnych sektorach gospodarki, takich jak produkcja, transport, handel, us\u0142ugi, wojsko;<\/li><li>w firmach produkcyjnych r\u00f3\u017cnego typu, w kt\u00f3rych jest magazyny;<\/li><li>w centrach logistycznych;<\/li><li>w sk\u0142adach materia\u0142\u00f3w i towar\u00f3w, np. budowlanych, w\u0119gla;<\/li><li>w sklepach;<\/li><li>w wypo\u017cyczalniach;<\/li><li>we w\u0142asnej firmie.<\/li><\/ul><p><strong>ZAROBKI<\/strong><br \/>\u015arednie wynagrodzenie na stanowisku technik s\u0105 zr\u00f3\u017cnicowane. Na wysoko\u015b\u0107 wynagrodzenia maj\u0105 wp\u0142yw czynniki takie jak:<\/p><ul><li>zakres wykonywanych czynno\u015bci,<\/li><li>do\u015bwiadczenie zawodowe,<\/li><li>wykszta\u0142cenie,<\/li><li>sta\u017c pracy.<\/li><\/ul><p>Uczniowie kszta\u0142c\u0105cy si\u0119 na kierunku technik logistyk nabywaj\u0105 kompetencje zwi\u0105zane z:<\/p><ul><li>planowaniem i dystrybucj\u0105 towar\u00f3w;<\/li><li>tworzeniem tras spedycyjnych i harmonogram\u00f3w transport\u00f3w;<\/li><li>obs\u0142ug\u0105 zam\u00f3wie\u0144 i kontrol\u0105 magazyn\u00f3w.<\/li><\/ul><\/div><\/div><\/div><div class=\"ea-card sp-ea-single\"><h3 class=\"ea-header\"><a class=\"collapsed\" id=\"ea-header-74115\" role=\"button\" data-sptoggle=\"spcollapse\" data-sptarget=\"#collapse74115\" aria-controls=\"collapse74115\" href=\"#\" aria-expanded=\"false\" tabindex=\"0\"><i aria-hidden=\"true\" role=\"presentation\" class=\"ea-expand-icon eap-icon-ea-expand-plus\"><\/i> technik transportu kolejowego<\/a><\/h3><div class=\"sp-collapse spcollapse spcollapse\" id=\"collapse74115\" data-parent=\"#sp-ea-7411\" role=\"region\" aria-labelledby=\"ea-header-74115\"> <div class=\"ea-body\"><p style=\"text-align: justify;font-weight: normal\">To 5-letnia klasa technikum, w kt\u00f3rej kszta\u0142c\u0105 si\u0119 osoby zainteresowane kolej\u0105 i wi\u0105\u017c\u0105ce swoj\u0105 przysz\u0142o\u015b\u0107 z bran\u017c\u0105 transportow\u0105. Dostrzegaj\u0105c zapotrzebowanie na absolwent\u00f3w tego kierunku na rynku pracy, sp\u00f3\u0142ka PKP PLK obj\u0119\u0142a klasy na tym kierunku programem stypendialnym, kt\u00f3ry opr\u00f3cz comiesi\u0119cznego stypendium (przyznawanego za semestr po spe\u0142nieniu warunk\u00f3w zawartych w regulaminie) gwarantuje zatrudnienie w sp\u00f3\u0142ce uczniom uczestnicz\u0105cym w programie stypendialnym. Uczniowie wybieraj\u0105cy ten kierunek zdobywaj\u0105 wiedz\u0119 i umiej\u0119tno\u015bci niezb\u0119dne do:<\/p><ul style=\"text-align: justify;font-weight: normal\"><li style=\"text-align: justify\">organizowania oraz prowadzenia ruchu poci\u0105g\u00f3w na szlakach i posterunkach ruchu;<\/li><li style=\"text-align: justify\">obs\u0142ugiwania urz\u0105dze\u0144 sterowania ruchem, \u0142\u0105czno\u015bci i infrastruktury kolejowej;<\/li><li style=\"text-align: justify\">nadzorowania i koordynowania pracy przewo\u017anik\u00f3w na terenie stacji kolejowej;<\/li><li style=\"text-align: justify\">planowania i organizowania pasa\u017cerskich i towarowych przewoz\u00f3w kolejowych oraz zarz\u0105dzania taborem kolejowym;<\/li><li style=\"text-align: justify\">przygotowania do odprawy i przewozu przesy\u0142ek, \u0142adunk\u00f3w oraz os\u00f3b.<\/li><\/ul><p style=\"text-align: justify;font-weight: normal\">Uczniowie klasy na kierunku technik transportu kolejowego przyst\u0119puj\u0105 do egzaminu zawodowego w dw\u00f3ch kwalifikacjach. Wa\u017cnym aspektem nauki w tej specjalizacji s\u0105 praktyki zawodowe, kt\u00f3re organizowane s\u0105 w zak\u0142adach takich jak PKP PLK oraz PKP Cargo. Dzi\u0119ki nim uczniowie mog\u0105 zdoby\u0107 praktyczne umiej\u0119tno\u015bci zwi\u0105zane z nauczanym zawodem, a tak\u017ce zapozna\u0107 si\u0119 ze specyfik\u0105 pracy na r\u00f3\u017cnych stanowiskach s\u0142u\u017cbowych.<br \/>Je\u017celi twoj\u0105 pasja s\u0105 poci\u0105gi i jeste\u015b osoba odpowiedzialn\u0105, odznaczaj\u0105c\u0105 si\u0119 wysok\u0105 kultur\u0105 osobist\u0105 i cechuje ci\u0119 sumienno\u015b\u0107 i punktualno\u015b\u0107, to zaw\u00f3d dla Ciebie.<\/p><p><strong>G\u0141\u00d3WNE ZADANIA ZAWODOWE<\/strong><\/p><p style=\"text-align: justify;font-weight: normal\">Absolwent szko\u0142y prowadz\u0105cej kszta\u0142cenie w zawodzie technik transportu kolejowego powinien by\u0107 przygotowany do wykonywania nast\u0119puj\u0105cych zada\u0144 zawodowych:<\/p><ol style=\"text-align: justify;font-weight: normal\" type=\"1\"><li>W zakresie kwalifikacji TKO.07. Organizacja i prowadzenie ruchu kolejowego:<ol style=\"text-align: justify;font-weight: normal\" type=\"a\"><li>organizowania oraz prowadzenie ruchu poci\u0105g\u00f3w na szlakach i posterunkach ruchu,<\/li><li>obs\u0142ugiwania urz\u0105dze\u0144 sterowania ruchem, \u0142\u0105czno\u015bci i infrastruktury kolejowej,<\/li><li>nadzorowania i koordynowania pracy przewo\u017anik\u00f3w na terenie stacji kolejowej.<\/li><\/ol><\/li><li>W zakresie kwalifikacji TKO.08. Planowanie i realizacja przewoz\u00f3w kolejowych:<ol style=\"font-weight: normal\" type=\"a\"><li>planowania i organizowania pasa\u017cerskich i towarowych przewoz\u00f3w kolejowych,<\/li><li>zarz\u0105dzania taborem kolejowym,<\/li><li>przygotowania do odprawy i przewozu przesy\u0142ek, \u0142adunk\u00f3w oraz os\u00f3b,<\/li><li>zestawiania, rozrz\u0105dzania i obs\u0142ugi poci\u0105g\u00f3w.<\/li><\/ol><\/li><\/ol><p><strong>KWALIFIKACJE WYODR\u0118BNIONE W ZAWODZIE<\/strong><br \/><span style=\"font-weight: normal\">TKO.07. - Organizacja i prowadzenie ruchu kolejowego<br \/>TKO.08. - Planowanie i realizacja przewoz\u00f3w kolejowych<\/span><\/p><p><strong>WARUNKI PRACY<\/strong><br \/>Po zdobyciu zawodu b\u0119dziesz pracowa\u0142:<\/p><ul style=\"text-align: justify;font-weight: normal\"><li>w pomieszczeniu zamkni\u0119tym, wyposa\u017conym w panel sterowniczy,<\/li><li>w systemie zmianowym, najcz\u0119\u015bciej 12\u2013godzinnym (tzw. turnusie),<\/li><li>w pozycji siedz\u0105cej,<\/li><li>pod presj\u0105 odpowiedzialno\u015bci za bezpiecze\u0144stwo ruchu poci\u0105g\u00f3w, os\u00f3b je obs\u0142uguj\u0105cych i pasa\u017cer\u00f3w,<\/li><li>\u015bci\u015ble wed\u0142ug przepis\u00f3w kolejowych, dora\u017anych zarz\u0105dze\u0144 i polece\u0144 dyspozytora oraz przepis\u00f3w BHP,<\/li><li>w \u015bcis\u0142ej wsp\u00f3\u0142pracy z innymi pracownikami kolei,<\/li><li>wykorzystuj\u0105c nowoczesny sprz\u0119t i systemy informatyczne,<\/li><li>w mundurze kolejowym.<\/li><\/ul><p><strong>PRZECIWWSKAZANIA DO ROZPOCZ\u0118CIA PRACY I KSZTA\u0141CENIA W DANYM ZAWODZIE LUB SZKOLE<\/strong><br \/>Do przeciwwskaza\u0144 wykonywania zawodu technika transportu kolejowego nale\u017c\u0105:<\/p><ul style=\"text-align: justify;font-weight: normal\"><li>wady kr\u0119gos\u0142upa,<\/li><li>zaburzenia pracy r\u0105k,<\/li><li>d\u0142ugoterminowe choroby neurologiczne np. epilepsja,<\/li><li>powa\u017cne wady wzroku i s\u0142uchu,<\/li><li>nadpobudliwo\u015b\u0107,<\/li><li>zaburzenia r\u00f3wnowagi, omdlenia,<\/li><li>przewlek\u0142e choroby uk\u0142adu kr\u0105\u017cenia, nerwowego i oddechowego,<\/li><li>cukrzyca.<\/li><\/ul><p><strong>TYPOWE DLA ZAWODU MIEJSCA PRACY<\/strong><br \/>Absolwent szko\u0142y kszta\u0142c\u0105cej w zawodzie technik transportu kolejowego mo\u017ce ubiega\u0107 si\u0119 o prac\u0119:<\/p><ul style=\"text-align: justify;font-weight: normal\"><li>w przedsi\u0119biorstwach zarz\u0105dzaj\u0105cych infrastruktur\u0105 kolejow\u0105 jak: PKP PLK SA w zawodach zwi\u0105zanych z prowadzeniem ruchu poci\u0105g\u00f3w, tj. dy\u017curnego ruchu, nastawniczego, dr\u00f3\u017cnika przejazdowego, toromistrza,<\/li><li>w kolejowych firmach przewozowych w zawodach zwi\u0105zanych z prowadzeniem ruchu poci\u0105g\u00f3w pasa\u017cerskich i towarowych tj. kierownik poci\u0105gu, kierownik poci\u0105gu gospodarczego i roboczego, ustawiacz, manewrowy, rewident taboru, pracownik kasowy.<\/li><\/ul><p><strong>TYPOWE DLA ZAWODU STANOWISKA PRACY<\/strong><br \/>Do typowych stanowisk pracy zawodu technik transportu kolejowego nale\u017c\u0105:<\/p><ul style=\"text-align: justify;font-weight: normal\"><li>dy\u017curny ruchu,<\/li><li>nastawniczy,<\/li><li>dr\u00f3\u017cnik przejazdowy,<\/li><li>kierownik poci\u0105gu,<\/li><li>rewident,<\/li><li>manewrowy,<\/li><li>ustawiacz,<\/li><li>pracownik kasowy,<\/li><li>kontroler kolejowy, dyspozytor ruchu kolejowego.<\/li><\/ul><p style=\"text-align: justify;font-weight: normal\">Uczniowie kszta\u0142c\u0105cy si\u0119 na kierunku technik transportu kolejowego nabywaj\u0105 kompetencje zwi\u0105zane z:<\/p><ul style=\"text-align: justify;font-weight: normal\"><li>planowaniem i realizacj\u0105 przewoz\u00f3w kolejowych;<\/li><li>organizacj\u0105 i prowadzeniem ruchu poci\u0105g\u00f3w.<\/li><\/ul><p style=\"text-align: justify;font-weight: normal\">Praktyki zawodowe w PKP PLK i PKP Cargo.<\/p><p style=\"text-align: justify;font-weight: normal\">Uczniowie mog\u0105 ubiega\u0107 si\u0119 o stypendium, kt\u00f3rego otrzymanie wi\u0105\u017ce si\u0119 z gwarancj\u0105 pracy w zawodzie.<\/p><\/div><\/div><\/div><div class=\"ea-card sp-ea-single\"><h3 class=\"ea-header\"><a class=\"collapsed\" id=\"ea-header-74116\" role=\"button\" data-sptoggle=\"spcollapse\" data-sptarget=\"#collapse74116\" aria-controls=\"collapse74116\" href=\"#\" aria-expanded=\"false\" tabindex=\"0\"><i aria-hidden=\"true\" role=\"presentation\" class=\"ea-expand-icon eap-icon-ea-expand-plus\"><\/i> technik lotniskowych s\u0142u\u017cb operacyjnych<\/a><\/h3><div class=\"sp-collapse spcollapse spcollapse\" id=\"collapse74116\" data-parent=\"#sp-ea-7411\" role=\"region\" aria-labelledby=\"ea-header-74116\"> <div class=\"ea-body\"><p>Kierunek uruchomiono po raz pierwszy we wrze\u015bniu 2023.<\/p><p>To 5-letnia klasa technikum, w kt\u00f3rej uczniowie zdobywaj\u0105 wiedz\u0119 i umiej\u0119tno\u015bci z dziedziny obs\u0142ugi operacyjnej portu lotniczego i wsp\u00f3\u0142pracy ze s\u0142u\u017cbami \u017ceglugi powietrznej, w szczeg\u00f3lno\u015bci:<\/p><ul><li>monitorowaniem stanu infrastruktury portu lotniczego;<\/li><li>pozyskiwaniem oraz przekazywaniem informacji dotycz\u0105cych dzia\u0142a\u0144 operacyjnych w porcie lotniczym;<br \/>prowadzeniem dzia\u0142a\u0144 operacyjnych zgodnie z obowi\u0105zuj\u0105cymi procedurami w celu zapewnienia bezpiecze\u0144stwa operacji lotniczych;<\/li><li>wsp\u00f3\u0142dzia\u0142aniem ze s\u0142u\u017cbami \u017ceglugi powietrznej oraz wsp\u00f3\u0142prac\u0105 z podmiotami uprawnionymi do prowadzenia dzia\u0142a\u0144 w<\/li><li>sytuacji zagro\u017cenia bezpiecze\u0144stwa, w tym ochrony portu lotniczego przed aktami bezprawnej ingerencji;<br \/>nauka j. hiszpa\u0144skiego od podstaw.<\/li><\/ul><p>Na tym kierunku uczniowie przyst\u0119puj\u0105 do egzaminu zawodowego z jednej kwalifikacji. Wa\u017cnym elementem rozwoju umiej\u0119tno\u015bci praktycznych s\u0105 tu praktyki zawodowe, kt\u00f3re docelowo b\u0119d\u0105 odbywa\u0107 si\u0119 we wsp\u00f3\u0142pracy z Mi\u0119dzynarodowym Portem Lotniczym Katowice w Pyrzowicach.<\/p><p>Geografia to Tw\u00f3j konik! To dobrze trafi\u0142e\u015b, wiedza w zakresie pracy z map\u0105, odczytywania jej, umiej\u0119tno\u015b\u0107 pracy z danymi b\u0119dzie Twoim atutem w przysz\u0142ej pracy.<\/p><\/div><\/div><\/div><\/div><\/div>\n","protected":false},"excerpt":{"rendered":"<p>W Zespole Szk\u00f3\u0142 Techniczno-Us\u0142ugowych im. Jana Paw\u0142a II kszta\u0142cenie odbywa si\u0119 w nast\u0119puj\u0105cych kierunkach\/zawodach: VI Liceum Og\u00f3lnokszta\u0142c\u0105ce &#8211; cykl kszta\u0142cenia: 4 lataklasa OPW (oddzia\u0142 przygotowania wojskowego)klasa policyjnaklasa stra\u017cy granicznejklasa o kierunku pedagogika resocjalizacyjna z psychologi\u0105 og\u00f3ln\u0105 Technikum nr 12 &#8211; cykl kszta\u0142cenia: 5 latTechnikum logistyczneSPL.01 Obs\u0142uga magazyn\u00f3wSPL.04 Organizacja transportu Technik transportu kolejowegoTKO.07 Organizacja i prowadzenie [&hellip;]<\/p>\n","protected":false},"author":29,"featured_media":0,"parent":0,"menu_order":0,"comment_status":"closed","ping_status":"closed","template":"","meta":{"pgc_sgb_lightbox_settings":"","footnotes":""},"class_list":["post-7405","page","type-page","status-publish","hentry"],"_links":{"self":[{"href":"https:\/\/zstu.tg.edu.pl\/wp-new\/wp-json\/wp\/v2\/pages\/7405","targetHints":{"allow":["GET"]}}],"collection":[{"href":"https:\/\/zstu.tg.edu.pl\/wp-new\/wp-json\/wp\/v2\/pages"}],"about":[{"href":"https:\/\/zstu.tg.edu.pl\/wp-new\/wp-json\/wp\/v2\/types\/page"}],"author":[{"embeddable":true,"href":"https:\/\/zstu.tg.edu.pl\/wp-new\/wp-json\/wp\/v2\/users\/29"}],"replies":[{"embeddable":true,"href":"https:\/\/zstu.tg.edu.pl\/wp-new\/wp-json\/wp\/v2\/comments?post=7405"}],"version-history":[{"count":4,"href":"https:\/\/zstu.tg.edu.pl\/wp-new\/wp-json\/wp\/v2\/pages\/7405\/revisions"}],"predecessor-version":[{"id":11160,"href":"https:\/\/zstu.tg.edu.pl\/wp-new\/wp-json\/wp\/v2\/pages\/7405\/revisions\/11160"}],"wp:attachment":[{"href":"https:\/\/zstu.tg.edu.pl\/wp-new\/wp-json\/wp\/v2\/media?parent=7405"}],"curies":[{"name":"wp","href":"https:\/\/api.w.org\/{rel}","templated":true}]}}