{"id":924,"date":"2023-01-05T10:25:53","date_gmt":"2023-01-05T09:25:53","guid":{"rendered":"https:\/\/zstu.tg.edu.pl\/wp-new\/?page_id=924"},"modified":"2023-09-04T13:57:09","modified_gmt":"2023-09-04T11:57:09","slug":"2022-2023","status":"publish","type":"page","link":"https:\/\/zstu.tg.edu.pl\/wp-new\/galeria\/2022-2023\/","title":{"rendered":"Rok szkolny 2022\/2023"},"content":{"rendered":"\n<div class=\"wp-block-group has-small-font-size is-layout-flow wp-block-group-is-layout-flow\" style=\"font-style:normal;font-weight:700\">\n<div class=\"wp-block-columns is-layout-flex wp-container-core-columns-is-layout-7387b849 wp-block-columns-is-layout-flex\">\n<div class=\"wp-block-column is-layout-flow wp-block-column-is-layout-flow\" style=\"flex-basis:100%\"><div class=\"pgc-sgb-cb wp-block-pgcsimplygalleryblock-albums \" data-gallery-id=\"album_68a065\"><div class=\"sgb-preloader\" id=\"pr_album_68a065\">\n\t<div class=\"sgb-square\" style=\"background:#d4d4d4\"><\/div>\n\t<div class=\"sgb-square\" style=\"background:#d4d4d4\"><\/div>\n\t<div class=\"sgb-square\" style=\"background:#d4d4d4\"><\/div>\n\t<div class=\"sgb-square\" style=\"background:#d4d4d4\"><\/div><\/div><div class=\"simply-gallery-amp pgc-sgb-album \" style=\"display: none;\"><div class=\"sgb-gallery\"><div class=\"sgb-item\" title=\"Nasi kadeci Londyn zdobyli\"><a href=\"https:\/\/zstu.tg.edu.pl\/wp-new\/pgc_simply_gallery\/1688\/\" target=\"_blank\"><img loading=\"lazy\" decoding=\"async\" alt=\"Nasi kadeci Londyn zdobyli\" width=\"250\" height=\"250\" loading=\"lazy\" src=\"https:\/\/zstu.tg.edu.pl\/wp-new\/wp-content\/uploads\/2023\/02\/01-150x107.jpg\" \/><\/a><div class=\"sgb-item-caption\"><em>Nasi kadeci Londyn zdobyli<\/em><\/div><\/div><div class=\"sgb-item\" title=\"Kadeci w Teatrze \u015al\u0105skim\"><a href=\"https:\/\/zstu.tg.edu.pl\/wp-new\/pgc_simply_gallery\/kadeci-w-teatrze-slaskim\/\" target=\"_blank\"><img loading=\"lazy\" decoding=\"async\" alt=\"Kadeci w Teatrze \u015al\u0105skim\" width=\"250\" height=\"250\" loading=\"lazy\" src=\"https:\/\/zstu.tg.edu.pl\/wp-new\/wp-content\/uploads\/2023\/02\/05-4-113x150.jpg\" \/><\/a><div class=\"sgb-item-caption\"><em>Kadeci w Teatrze \u015al\u0105skim<\/em><\/div><\/div><div class=\"sgb-item\" title=\"XI Rocznica Centrum Bada\u0144 i Edukacji S\u0142u\u017cb Mundurowych w D\u0105browie G\u00f3rniczej\"><a href=\"https:\/\/zstu.tg.edu.pl\/wp-new\/pgc_simply_gallery\/xi-rocznica-centrum-badan-i-edukacji-sluzb-mundurowych-w-dabrowie-gorniczej\/\" target=\"_blank\"><img loading=\"lazy\" decoding=\"async\" alt=\"XI Rocznica Centrum Bada\u0144 i Edukacji S\u0142u\u017cb Mundurowych w D\u0105browie G\u00f3rniczej\" width=\"250\" height=\"250\" loading=\"lazy\" src=\"https:\/\/zstu.tg.edu.pl\/wp-new\/wp-content\/uploads\/2023\/02\/01-2-150x112.jpg\" \/><\/a><div class=\"sgb-item-caption\"><em>XI Rocznica Centrum Bada\u0144 i Edukacji S\u0142u\u017cb Mundurowych w D\u0105browie G\u00f3rniczej<\/em><\/div><\/div><div class=\"sgb-item\" title=\"Podsumowanie klasy o profilu Stra\u017c Graniczna\"><a href=\"https:\/\/zstu.tg.edu.pl\/wp-new\/pgc_simply_gallery\/podsumowanie-klasy-o-profilu-straz-graniczna\/\" target=\"_blank\"><img loading=\"lazy\" decoding=\"async\" alt=\"Podsumowanie klasy o profilu Stra\u017c Graniczna\" width=\"250\" height=\"250\" loading=\"lazy\" src=\"https:\/\/zstu.tg.edu.pl\/wp-new\/wp-content\/uploads\/2023\/02\/01-3-150x120.jpg\" \/><\/a><div class=\"sgb-item-caption\"><em>Podsumowanie klasy o profilu Stra\u017c Graniczna<\/em><\/div><\/div><div class=\"sgb-item\" title=\"Strza\u0142y w dziesi\u0105tk\u0119\"><a href=\"https:\/\/zstu.tg.edu.pl\/wp-new\/pgc_simply_gallery\/strzaly-w-dziesiatke\/\" target=\"_blank\"><img loading=\"lazy\" decoding=\"async\" alt=\"Strza\u0142y w dziesi\u0105tk\u0119\" width=\"250\" height=\"250\" loading=\"lazy\" src=\"https:\/\/zstu.tg.edu.pl\/wp-new\/wp-content\/uploads\/2023\/02\/01-5-150x113.jpg\" \/><\/a><div class=\"sgb-item-caption\"><em>Strza\u0142y w dziesi\u0105tk\u0119<\/em><\/div><\/div><div class=\"sgb-item\" title=\"Klasa policyjna na strzelnicy\"><a href=\"https:\/\/zstu.tg.edu.pl\/wp-new\/pgc_simply_gallery\/klasa-policyjna-na-strzelnicy\/\" target=\"_blank\"><img loading=\"lazy\" decoding=\"async\" alt=\"Klasa policyjna na strzelnicy\" width=\"250\" height=\"250\" loading=\"lazy\" src=\"https:\/\/zstu.tg.edu.pl\/wp-new\/wp-content\/uploads\/2023\/03\/01-150x113.jpg\" \/><\/a><div class=\"sgb-item-caption\"><em>Klasa policyjna na strzelnicy<\/em><\/div><\/div><div class=\"sgb-item\" title=\"Dzie\u0144 pizzy\"><a href=\"https:\/\/zstu.tg.edu.pl\/wp-new\/pgc_simply_gallery\/dzien-pizzy\/\" target=\"_blank\"><img loading=\"lazy\" decoding=\"async\" alt=\"Dzie\u0144 pizzy\" width=\"250\" height=\"250\" loading=\"lazy\" src=\"https:\/\/zstu.tg.edu.pl\/wp-new\/wp-content\/uploads\/2023\/03\/05-1-113x150.jpg\" \/><\/a><div class=\"sgb-item-caption\"><em>Dzie\u0144 pizzy<\/em><\/div><\/div><div class=\"sgb-item\" title=\"Zawody w biegach\"><a href=\"https:\/\/zstu.tg.edu.pl\/wp-new\/pgc_simply_gallery\/zawody-w-biegach\/\" target=\"_blank\"><img loading=\"lazy\" decoding=\"async\" alt=\"Zawody w biegach\" width=\"250\" height=\"250\" loading=\"lazy\" src=\"https:\/\/zstu.tg.edu.pl\/wp-new\/wp-content\/uploads\/2023\/03\/13-1-113x150.jpg\" \/><\/a><div class=\"sgb-item-caption\"><em>Zawody w biegach<\/em><\/div><\/div><div class=\"sgb-item\" title=\"Bieg Tropem Wilczym\"><a href=\"https:\/\/zstu.tg.edu.pl\/wp-new\/pgc_simply_gallery\/bieg-tropem-wilczym\/\" target=\"_blank\"><img loading=\"lazy\" decoding=\"async\" alt=\"Bieg Tropem Wilczym\" width=\"250\" height=\"250\" loading=\"lazy\" src=\"https:\/\/zstu.tg.edu.pl\/wp-new\/wp-content\/uploads\/2023\/03\/05-3-150x113.jpg\" \/><\/a><div class=\"sgb-item-caption\"><em>Bieg Tropem Wilczym<\/em><\/div><\/div><div class=\"sgb-item\" title=\"Dzie\u0144 pami\u0119ci ofiar zbrodni katy\u0144skiej\"><a href=\"https:\/\/zstu.tg.edu.pl\/wp-new\/pgc_simply_gallery\/dzien-pamieci-ofiar-zbrodni-katynskiej\/\" target=\"_blank\"><img loading=\"lazy\" decoding=\"async\" alt=\"Dzie\u0144 pami\u0119ci ofiar zbrodni katy\u0144skiej\" width=\"250\" height=\"250\" loading=\"lazy\" src=\"https:\/\/zstu.tg.edu.pl\/wp-new\/wp-content\/uploads\/2023\/03\/04-4-150x100.jpg\" \/><\/a><div class=\"sgb-item-caption\"><em>Dzie\u0144 pami\u0119ci ofiar zbrodni katy\u0144skiej<\/em><\/div><\/div><div class=\"sgb-item\" title=\"Dzie\u0144 Kobiet w naszej szkole\"><a href=\"https:\/\/zstu.tg.edu.pl\/wp-new\/pgc_simply_gallery\/dzien-kobiet-w-naszej-szkole\/\" target=\"_blank\"><img loading=\"lazy\" decoding=\"async\" alt=\"Dzie\u0144 Kobiet w naszej szkole\" width=\"250\" height=\"250\" loading=\"lazy\" src=\"https:\/\/zstu.tg.edu.pl\/wp-new\/wp-content\/uploads\/2023\/03\/01-113x150.jpeg\" \/><\/a><div class=\"sgb-item-caption\"><em>Dzie\u0144 Kobiet w naszej szkole<\/em><\/div><\/div><div class=\"sgb-item\" title=\"Dni otwarte\"><a href=\"https:\/\/zstu.tg.edu.pl\/wp-new\/pgc_simply_gallery\/dni-otwarte\/\" target=\"_blank\"><img loading=\"lazy\" decoding=\"async\" alt=\"Dni otwarte\" width=\"250\" height=\"250\" loading=\"lazy\" src=\"https:\/\/zstu.tg.edu.pl\/wp-new\/wp-content\/uploads\/2023\/03\/34-1-150x100.jpg\" \/><\/a><div class=\"sgb-item-caption\"><em>Dni otwarte<\/em><\/div><\/div><div class=\"sgb-item\" title=\"Porozumienie o wsp\u00f3\u0142pracy z Aresztem \u015aledczym w Tarnowskich G\u00f3rach\"><a href=\"https:\/\/zstu.tg.edu.pl\/wp-new\/pgc_simply_gallery\/porozumienie-o-wspolpracy-z-aresztem-sledczym-w-tarnowskich-gorach\/\" target=\"_blank\"><img loading=\"lazy\" decoding=\"async\" alt=\"Porozumienie o wsp\u00f3\u0142pracy z Aresztem \u015aledczym w Tarnowskich G\u00f3rach\" width=\"250\" height=\"250\" loading=\"lazy\" src=\"https:\/\/zstu.tg.edu.pl\/wp-new\/wp-content\/uploads\/2023\/03\/03-150x100.jpeg\" \/><\/a><div class=\"sgb-item-caption\"><em>Porozumienie o wsp\u00f3\u0142pracy z Aresztem \u015aledczym w Tarnowskich G\u00f3rach<\/em><\/div><\/div><div class=\"sgb-item\" title=\"Wizyta w Plac\u00f3wce Stra\u017cy Granicznej w Rudzie \u015al\u0105skiej\"><a href=\"https:\/\/zstu.tg.edu.pl\/wp-new\/pgc_simply_gallery\/wizyta-w-placowce-strazy-granicznej-w-rudzie-slaskiej\/\" target=\"_blank\"><img loading=\"lazy\" decoding=\"async\" alt=\"Wizyta w Plac\u00f3wce Stra\u017cy Granicznej w Rudzie \u015al\u0105skiej\" width=\"250\" height=\"250\" loading=\"lazy\" src=\"https:\/\/zstu.tg.edu.pl\/wp-new\/wp-content\/uploads\/2023\/03\/02-6-150x113.jpg\" \/><\/a><div class=\"sgb-item-caption\"><em>Wizyta w Plac\u00f3wce Stra\u017cy Granicznej w Rudzie \u015al\u0105skiej<\/em><\/div><\/div><div class=\"sgb-item\" title=\"Zaj\u0119cia na strzelnicy\"><a href=\"https:\/\/zstu.tg.edu.pl\/wp-new\/pgc_simply_gallery\/zajecia-na-strzelnicy\/\" target=\"_blank\"><img loading=\"lazy\" decoding=\"async\" alt=\"Zaj\u0119cia na strzelnicy\" width=\"250\" height=\"250\" loading=\"lazy\" src=\"https:\/\/zstu.tg.edu.pl\/wp-new\/wp-content\/uploads\/2023\/04\/10-150x112.jpg\" \/><\/a><div class=\"sgb-item-caption\"><em>Zaj\u0119cia na strzelnicy<\/em><\/div><\/div><div class=\"sgb-item\" title=\"Brynek\"><a href=\"https:\/\/zstu.tg.edu.pl\/wp-new\/pgc_simply_gallery\/brynek\/\" target=\"_blank\"><img loading=\"lazy\" decoding=\"async\" alt=\"Brynek\" width=\"250\" height=\"250\" loading=\"lazy\" src=\"https:\/\/zstu.tg.edu.pl\/wp-new\/wp-content\/uploads\/2023\/04\/07-1-150x112.jpg\" \/><\/a><div class=\"sgb-item-caption\"><em>Brynek<\/em><\/div><\/div><div class=\"sgb-item\" title=\"Tarnog\u00f3rskie Zawody Pierwszej Pomocy\"><a href=\"https:\/\/zstu.tg.edu.pl\/wp-new\/pgc_simply_gallery\/tarnogorskie-zawody-pierwszej-pomocy\/\" target=\"_blank\"><img loading=\"lazy\" decoding=\"async\" alt=\"Tarnog\u00f3rskie Zawody Pierwszej Pomocy\" width=\"250\" height=\"250\" loading=\"lazy\" src=\"https:\/\/zstu.tg.edu.pl\/wp-new\/wp-content\/uploads\/2023\/04\/02-2-150x113.jpg\" \/><\/a><div class=\"sgb-item-caption\"><em>Tarnog\u00f3rskie Zawody Pierwszej Pomocy<\/em><\/div><\/div><div class=\"sgb-item\" title=\"Po\u017cegnanie absolwent\u00f3w 2019\/2023\"><a href=\"https:\/\/zstu.tg.edu.pl\/wp-new\/pgc_simply_gallery\/pozegnanie-absolwentow-2019-2023\/\" target=\"_blank\"><img loading=\"lazy\" decoding=\"async\" alt=\"Po\u017cegnanie absolwent\u00f3w 2019\/2023\" width=\"250\" height=\"250\" loading=\"lazy\" src=\"https:\/\/zstu.tg.edu.pl\/wp-new\/wp-content\/uploads\/2023\/04\/01-2-150x100.jpg\" \/><\/a><div class=\"sgb-item-caption\"><em>Po\u017cegnanie absolwent\u00f3w 2019\/2023<\/em><\/div><\/div><div class=\"sgb-item\" title=\"Bieg Prze\u0142ajowy im. sier\u017c. Siennickiego\"><a href=\"https:\/\/zstu.tg.edu.pl\/wp-new\/pgc_simply_gallery\/bieg-przelajowy-im-sierz-siennickiego\/\" target=\"_blank\"><img loading=\"lazy\" decoding=\"async\" alt=\"Bieg Prze\u0142ajowy im. sier\u017c. Siennickiego\" width=\"250\" height=\"250\" loading=\"lazy\" src=\"https:\/\/zstu.tg.edu.pl\/wp-new\/wp-content\/uploads\/2023\/05\/01-150x113.jpg\" \/><\/a><div class=\"sgb-item-caption\"><em>Bieg Prze\u0142ajowy im. sier\u017c. Siennickiego<\/em><\/div><\/div><div class=\"sgb-item\" title=\"Wiosna\"><a href=\"https:\/\/zstu.tg.edu.pl\/wp-new\/pgc_simply_gallery\/wiosna\/\" target=\"_blank\"><img loading=\"lazy\" decoding=\"async\" alt=\"Wiosna\" width=\"250\" height=\"250\" loading=\"lazy\" src=\"https:\/\/zstu.tg.edu.pl\/wp-new\/wp-content\/uploads\/2023\/05\/13-150x113.jpg\" \/><\/a><div class=\"sgb-item-caption\"><em>Wiosna<\/em><\/div><\/div><div class=\"sgb-item\" title=\"Londyn\"><a href=\"https:\/\/zstu.tg.edu.pl\/wp-new\/pgc_simply_gallery\/londyn\/\" target=\"_blank\"><img loading=\"lazy\" decoding=\"async\" alt=\"Londyn\" width=\"250\" height=\"250\" loading=\"lazy\" src=\"https:\/\/zstu.tg.edu.pl\/wp-new\/wp-content\/uploads\/2023\/05\/02-2-150x113.jpg\" \/><\/a><div class=\"sgb-item-caption\"><em>Londyn<\/em><\/div><\/div><div class=\"sgb-item\" title=\"Zawody w \u017bywcu\"><a href=\"https:\/\/zstu.tg.edu.pl\/wp-new\/pgc_simply_gallery\/zawody-w-zywcu\/\" target=\"_blank\"><img loading=\"lazy\" decoding=\"async\" alt=\"Zawody w \u017bywcu\" width=\"250\" height=\"250\" loading=\"lazy\" src=\"https:\/\/zstu.tg.edu.pl\/wp-new\/wp-content\/uploads\/2023\/05\/01-3-113x150.jpg\" \/><\/a><div class=\"sgb-item-caption\"><em>Zawody w \u017bywcu<\/em><\/div><\/div><div class=\"sgb-item\" title=\"\u015awi\u0119to Stra\u017cy Granicznej\"><a href=\"https:\/\/zstu.tg.edu.pl\/wp-new\/pgc_simply_gallery\/swieto-strazy-granicznej\/\" target=\"_blank\"><img loading=\"lazy\" decoding=\"async\" alt=\"\u015awi\u0119to Stra\u017cy Granicznej\" width=\"250\" height=\"250\" loading=\"lazy\" src=\"https:\/\/zstu.tg.edu.pl\/wp-new\/wp-content\/uploads\/2023\/05\/26-1-150x68.jpg\" \/><\/a><div class=\"sgb-item-caption\"><em>\u015awi\u0119to Stra\u017cy Granicznej<\/em><\/div><\/div><div class=\"sgb-item\" title=\"Na szlaku Ma\u0142ej Panwi\"><a href=\"https:\/\/zstu.tg.edu.pl\/wp-new\/pgc_simply_gallery\/na-szlaku-malej-panwi\/\" target=\"_blank\"><img loading=\"lazy\" decoding=\"async\" alt=\"Na szlaku Ma\u0142ej Panwi\" width=\"250\" height=\"250\" loading=\"lazy\" src=\"https:\/\/zstu.tg.edu.pl\/wp-new\/wp-content\/uploads\/2023\/05\/01-5-150x112.jpg\" \/><\/a><div class=\"sgb-item-caption\"><em>Na szlaku Ma\u0142ej Panwi<\/em><\/div><\/div><div class=\"sgb-item\" title=\"&quot;Bezpieczne wakacje&quot; w \u015awierkla\u0144cu\"><a href=\"https:\/\/zstu.tg.edu.pl\/wp-new\/pgc_simply_gallery\/bezpieczne-wakacje-w-swierklancu\/\" target=\"_blank\"><img loading=\"lazy\" decoding=\"async\" alt=\"&quot;Bezpieczne wakacje&quot; w \u015awierkla\u0144cu\" width=\"250\" height=\"250\" loading=\"lazy\" src=\"https:\/\/zstu.tg.edu.pl\/wp-new\/wp-content\/uploads\/2023\/06\/04-150x113.jpg\" \/><\/a><div class=\"sgb-item-caption\"><em>&quot;Bezpieczne wakacje&quot; w \u015awierkla\u0144cu<\/em><\/div><\/div><div class=\"sgb-item\" title=\"Dzie\u0144 sportu\"><a href=\"https:\/\/zstu.tg.edu.pl\/wp-new\/pgc_simply_gallery\/dzien-sportu\/\" target=\"_blank\"><img loading=\"lazy\" decoding=\"async\" alt=\"Dzie\u0144 sportu\" width=\"250\" height=\"250\" loading=\"lazy\" src=\"https:\/\/zstu.tg.edu.pl\/wp-new\/wp-content\/uploads\/2023\/06\/49-150x100.jpg\" \/><\/a><div class=\"sgb-item-caption\"><em>Dzie\u0144 sportu<\/em><\/div><\/div><div class=\"sgb-item\" title=\"I Dru\u017cynowe Zawody Klas Mundurowych o Profilu Stra\u017cy Granicznej\"><a href=\"https:\/\/zstu.tg.edu.pl\/wp-new\/pgc_simply_gallery\/i-druzynowe-zawody-klas-mundurowych-o-profilu-strazy-granicznej\/\" target=\"_blank\"><img loading=\"lazy\" decoding=\"async\" alt=\"I Dru\u017cynowe Zawody Klas Mundurowych o Profilu Stra\u017cy Granicznej\" width=\"250\" height=\"250\" loading=\"lazy\" src=\"https:\/\/zstu.tg.edu.pl\/wp-new\/wp-content\/uploads\/2023\/06\/22-1-150x68.jpg\" \/><\/a><div class=\"sgb-item-caption\"><em>I Dru\u017cynowe Zawody Klas Mundurowych o Profilu Stra\u017cy Granicznej<\/em><\/div><\/div><div class=\"sgb-item\" title=\"III \u015al\u0105skie Mistrzostwa Pierwszej Pomocy, Bytom - Sucha G\u00f3ra 2023\"><a href=\"https:\/\/zstu.tg.edu.pl\/wp-new\/pgc_simply_gallery\/iii-slaskie-mistrzostwa-pierwszej-pomocy-bytom-sucha-gora-2023\/\" target=\"_blank\"><img loading=\"lazy\" decoding=\"async\" alt=\"III \u015al\u0105skie Mistrzostwa Pierwszej Pomocy, Bytom - Sucha G\u00f3ra 2023\" width=\"250\" height=\"250\" loading=\"lazy\" src=\"https:\/\/zstu.tg.edu.pl\/wp-new\/wp-content\/uploads\/2023\/06\/20-2-113x150.jpg\" \/><\/a><div class=\"sgb-item-caption\"><em>III \u015al\u0105skie Mistrzostwa Pierwszej Pomocy, Bytom &#8211; Sucha G\u00f3ra 2023<\/em><\/div><\/div><div class=\"sgb-item\" title=\"Sukces p\u0142ywacki\"><a href=\"https:\/\/zstu.tg.edu.pl\/wp-new\/pgc_simply_gallery\/sukces-plywacki\/\" target=\"_blank\"><img loading=\"lazy\" decoding=\"async\" alt=\"Sukces p\u0142ywacki\" width=\"250\" height=\"250\" loading=\"lazy\" src=\"https:\/\/zstu.tg.edu.pl\/wp-new\/wp-content\/uploads\/2023\/06\/03-4-113x150.jpg\" \/><\/a><div class=\"sgb-item-caption\"><em>Sukces p\u0142ywacki<\/em><\/div><\/div><div class=\"sgb-item\" title=\"&quot;Dni otwarte koszar&quot;\"><a href=\"https:\/\/zstu.tg.edu.pl\/wp-new\/pgc_simply_gallery\/dni-otwarte-koszar\/\" target=\"_blank\"><img loading=\"lazy\" decoding=\"async\" alt=\"&quot;Dni otwarte koszar&quot;\" width=\"250\" height=\"250\" loading=\"lazy\" src=\"https:\/\/zstu.tg.edu.pl\/wp-new\/wp-content\/uploads\/2023\/06\/11-3-150x113.jpg\" \/><\/a><div class=\"sgb-item-caption\"><em>&quot;Dni otwarte koszar&quot;<\/em><\/div><\/div><div class=\"sgb-item\" title=\"M\u0142odzie\u017cowy Festiwal Form Tw\u00f3rczych W\u0141\u0104CZ\"><a href=\"https:\/\/zstu.tg.edu.pl\/wp-new\/pgc_simply_gallery\/mlodziezowy-festiwal-form-tworczych-wlacz\/\" target=\"_blank\"><img loading=\"lazy\" decoding=\"async\" alt=\"M\u0142odzie\u017cowy Festiwal Form Tw\u00f3rczych W\u0141\u0104CZ\" width=\"250\" height=\"250\" loading=\"lazy\" src=\"https:\/\/zstu.tg.edu.pl\/wp-new\/wp-content\/uploads\/2023\/06\/Wlacz-150x84.png\" \/><\/a><div class=\"sgb-item-caption\"><em>M\u0142odzie\u017cowy Festiwal Form Tw\u00f3rczych W\u0141\u0104CZ<\/em><\/div><\/div><div class=\"sgb-item\" title=\"Nieco wcze\u015bniejsze powitanie lata w Kamie\u0144cu\"><a href=\"https:\/\/zstu.tg.edu.pl\/wp-new\/pgc_simply_gallery\/nieco-wczesniejsze-powitanie-lata-w-kamiencu\/\" target=\"_blank\"><img loading=\"lazy\" decoding=\"async\" alt=\"Nieco wcze\u015bniejsze powitanie lata w Kamie\u0144cu\" width=\"250\" height=\"250\" loading=\"lazy\" src=\"https:\/\/zstu.tg.edu.pl\/wp-new\/wp-content\/uploads\/2023\/06\/05-6-113x150.jpg\" \/><\/a><div class=\"sgb-item-caption\"><em>Nieco wcze\u015bniejsze powitanie lata w Kamie\u0144cu<\/em><\/div><\/div><div class=\"sgb-item\" title=\"Wstawka\"><a href=\"https:\/\/zstu.tg.edu.pl\/wp-new\/pgc_simply_gallery\/wstawka\/\" target=\"_blank\"><img loading=\"lazy\" decoding=\"async\" alt=\"Wstawka\" width=\"250\" height=\"250\" loading=\"lazy\" src=\"https:\/\/zstu.tg.edu.pl\/wp-new\/wp-content\/uploads\/2023\/06\/03-8-150x100.jpg\" \/><\/a><div class=\"sgb-item-caption\"><em>Wstawka<\/em><\/div><\/div><div class=\"sgb-item\" title=\"Wycieczka do Budapesztu\"><a href=\"https:\/\/zstu.tg.edu.pl\/wp-new\/pgc_simply_gallery\/wycieczka-do-budapesztu\/\" target=\"_blank\"><img loading=\"lazy\" decoding=\"async\" alt=\"Wycieczka do Budapesztu\" width=\"250\" height=\"250\" loading=\"lazy\" src=\"https:\/\/zstu.tg.edu.pl\/wp-new\/wp-content\/uploads\/2023\/06\/32-3-150x113.jpg\" \/><\/a><div class=\"sgb-item-caption\"><em>Wycieczka do Budapesztu<\/em><\/div><\/div><div class=\"sgb-item\" title=\"Zako\u0144czenie roku 2022\/2023\"><a href=\"https:\/\/zstu.tg.edu.pl\/wp-new\/pgc_simply_gallery\/zakonczenie-roku-2022-2023\/\" target=\"_blank\"><img loading=\"lazy\" decoding=\"async\" alt=\"Zako\u0144czenie roku 2022\/2023\" width=\"250\" height=\"250\" loading=\"lazy\" src=\"https:\/\/zstu.tg.edu.pl\/wp-new\/wp-content\/uploads\/2023\/06\/25-4-150x100.jpg\" \/><\/a><div class=\"sgb-item-caption\"><em>Zako\u0144czenie roku 2022\/2023<\/em><\/div><\/div><\/div><\/div><script type=\"application\/json\" class=\"sgb-data\">{\"presetName\":\"none\",\"skin\":\"albums\",\"galleryId\":\"album_68a065\",\"taxonomyId\":\"17\",\"galleries\":[{\"title\":\"Nasi kadeci Londyn zdobyli\",\"ID\":1688,\"id\":1688,\"modified\":\"2023-02-27 21:13:25\",\"date\":\"2023-01-02 17:04:26\",\"postLink\":\"https:\\\/\\\/zstu.tg.edu.pl\\\/wp-new\\\/pgc_simply_gallery\\\/1688\\\/\",\"type\":\"pgc_simply_gallery\",\"slug\":\"1688\",\"thumbURL\":\"https:\\\/\\\/zstu.tg.edu.pl\\\/wp-new\\\/wp-content\\\/uploads\\\/2023\\\/02\\\/01-150x107.jpg\",\"thumb\":{\"thumbnail\":{\"height\":107,\"width\":150,\"url\":\"https:\\\/\\\/zstu.tg.edu.pl\\\/wp-new\\\/wp-content\\\/uploads\\\/2023\\\/02\\\/01-150x107.jpg\",\"orientation\":\"landscape\"},\"medium\":{\"height\":213,\"width\":300,\"url\":\"https:\\\/\\\/zstu.tg.edu.pl\\\/wp-new\\\/wp-content\\\/uploads\\\/2023\\\/02\\\/01-300x213.jpg\",\"orientation\":\"landscape\"},\"full\":{\"url\":\"https:\\\/\\\/zstu.tg.edu.pl\\\/wp-new\\\/wp-content\\\/uploads\\\/2023\\\/02\\\/01.jpg\",\"height\":569,\"width\":800,\"orientation\":\"landscape\"}}},{\"title\":\"Kadeci w Teatrze \\u015al\\u0105skim\",\"ID\":1691,\"id\":1691,\"modified\":\"2023-02-22 17:08:55\",\"date\":\"2023-01-04 10:34:00\",\"postLink\":\"https:\\\/\\\/zstu.tg.edu.pl\\\/wp-new\\\/pgc_simply_gallery\\\/kadeci-w-teatrze-slaskim\\\/\",\"type\":\"pgc_simply_gallery\",\"slug\":\"kadeci-w-teatrze-slaskim\",\"thumbURL\":\"https:\\\/\\\/zstu.tg.edu.pl\\\/wp-new\\\/wp-content\\\/uploads\\\/2023\\\/02\\\/05-4-113x150.jpg\",\"thumb\":{\"thumbnail\":{\"height\":150,\"width\":113,\"url\":\"https:\\\/\\\/zstu.tg.edu.pl\\\/wp-new\\\/wp-content\\\/uploads\\\/2023\\\/02\\\/05-4-113x150.jpg\",\"orientation\":\"portrait\"},\"medium\":{\"height\":300,\"width\":225,\"url\":\"https:\\\/\\\/zstu.tg.edu.pl\\\/wp-new\\\/wp-content\\\/uploads\\\/2023\\\/02\\\/05-4-225x300.jpg\",\"orientation\":\"portrait\"},\"full\":{\"url\":\"https:\\\/\\\/zstu.tg.edu.pl\\\/wp-new\\\/wp-content\\\/uploads\\\/2023\\\/02\\\/05-4.jpg\",\"height\":600,\"width\":450,\"orientation\":\"portrait\"}}},{\"title\":\"XI Rocznica Centrum Bada\\u0144 i Edukacji S\\u0142u\\u017cb Mundurowych w D\\u0105browie G\\u00f3rniczej\",\"ID\":1695,\"id\":1695,\"modified\":\"2023-02-22 17:11:17\",\"date\":\"2023-01-14 21:34:46\",\"postLink\":\"https:\\\/\\\/zstu.tg.edu.pl\\\/wp-new\\\/pgc_simply_gallery\\\/xi-rocznica-centrum-badan-i-edukacji-sluzb-mundurowych-w-dabrowie-gorniczej\\\/\",\"type\":\"pgc_simply_gallery\",\"slug\":\"xi-rocznica-centrum-badan-i-edukacji-sluzb-mundurowych-w-dabrowie-gorniczej\",\"thumbURL\":\"https:\\\/\\\/zstu.tg.edu.pl\\\/wp-new\\\/wp-content\\\/uploads\\\/2023\\\/02\\\/01-2-150x112.jpg\",\"thumb\":{\"thumbnail\":{\"height\":112,\"width\":150,\"url\":\"https:\\\/\\\/zstu.tg.edu.pl\\\/wp-new\\\/wp-content\\\/uploads\\\/2023\\\/02\\\/01-2-150x112.jpg\",\"orientation\":\"landscape\"},\"medium\":{\"height\":225,\"width\":300,\"url\":\"https:\\\/\\\/zstu.tg.edu.pl\\\/wp-new\\\/wp-content\\\/uploads\\\/2023\\\/02\\\/01-2-300x225.jpg\",\"orientation\":\"landscape\"},\"full\":{\"url\":\"https:\\\/\\\/zstu.tg.edu.pl\\\/wp-new\\\/wp-content\\\/uploads\\\/2023\\\/02\\\/01-2.jpg\",\"height\":599,\"width\":800,\"orientation\":\"landscape\"}}},{\"title\":\"Podsumowanie klasy o profilu Stra\\u017c Graniczna\",\"ID\":1698,\"id\":1698,\"modified\":\"2023-02-22 17:13:49\",\"date\":\"2023-01-16 07:48:00\",\"postLink\":\"https:\\\/\\\/zstu.tg.edu.pl\\\/wp-new\\\/pgc_simply_gallery\\\/podsumowanie-klasy-o-profilu-straz-graniczna\\\/\",\"type\":\"pgc_simply_gallery\",\"slug\":\"podsumowanie-klasy-o-profilu-straz-graniczna\",\"thumbURL\":\"https:\\\/\\\/zstu.tg.edu.pl\\\/wp-new\\\/wp-content\\\/uploads\\\/2023\\\/02\\\/01-3-150x120.jpg\",\"thumb\":{\"thumbnail\":{\"height\":120,\"width\":150,\"url\":\"https:\\\/\\\/zstu.tg.edu.pl\\\/wp-new\\\/wp-content\\\/uploads\\\/2023\\\/02\\\/01-3-150x120.jpg\",\"orientation\":\"landscape\"},\"medium\":{\"height\":240,\"width\":300,\"url\":\"https:\\\/\\\/zstu.tg.edu.pl\\\/wp-new\\\/wp-content\\\/uploads\\\/2023\\\/02\\\/01-3-300x240.jpg\",\"orientation\":\"landscape\"},\"full\":{\"url\":\"https:\\\/\\\/zstu.tg.edu.pl\\\/wp-new\\\/wp-content\\\/uploads\\\/2023\\\/02\\\/01-3.jpg\",\"height\":600,\"width\":750,\"orientation\":\"landscape\"}}},{\"title\":\"Strza\\u0142y w dziesi\\u0105tk\\u0119\",\"ID\":1865,\"id\":1865,\"modified\":\"2023-02-27 20:56:56\",\"date\":\"2023-02-28 07:27:40\",\"postLink\":\"https:\\\/\\\/zstu.tg.edu.pl\\\/wp-new\\\/pgc_simply_gallery\\\/strzaly-w-dziesiatke\\\/\",\"type\":\"pgc_simply_gallery\",\"slug\":\"strzaly-w-dziesiatke\",\"thumbURL\":\"https:\\\/\\\/zstu.tg.edu.pl\\\/wp-new\\\/wp-content\\\/uploads\\\/2023\\\/02\\\/01-5-150x113.jpg\",\"thumb\":{\"thumbnail\":{\"height\":113,\"width\":150,\"url\":\"https:\\\/\\\/zstu.tg.edu.pl\\\/wp-new\\\/wp-content\\\/uploads\\\/2023\\\/02\\\/01-5-150x113.jpg\",\"orientation\":\"landscape\"},\"medium\":{\"height\":225,\"width\":300,\"url\":\"https:\\\/\\\/zstu.tg.edu.pl\\\/wp-new\\\/wp-content\\\/uploads\\\/2023\\\/02\\\/01-5-300x225.jpg\",\"orientation\":\"landscape\"},\"full\":{\"url\":\"https:\\\/\\\/zstu.tg.edu.pl\\\/wp-new\\\/wp-content\\\/uploads\\\/2023\\\/02\\\/01-5.jpg\",\"height\":600,\"width\":800,\"orientation\":\"landscape\"}}},{\"title\":\"Klasa policyjna na strzelnicy\",\"ID\":1911,\"id\":1911,\"modified\":\"2023-03-02 08:33:06\",\"date\":\"2023-03-02 08:33:06\",\"postLink\":\"https:\\\/\\\/zstu.tg.edu.pl\\\/wp-new\\\/pgc_simply_gallery\\\/klasa-policyjna-na-strzelnicy\\\/\",\"type\":\"pgc_simply_gallery\",\"slug\":\"klasa-policyjna-na-strzelnicy\",\"thumbURL\":\"https:\\\/\\\/zstu.tg.edu.pl\\\/wp-new\\\/wp-content\\\/uploads\\\/2023\\\/03\\\/01-150x113.jpg\",\"thumb\":{\"thumbnail\":{\"height\":113,\"width\":150,\"url\":\"https:\\\/\\\/zstu.tg.edu.pl\\\/wp-new\\\/wp-content\\\/uploads\\\/2023\\\/03\\\/01-150x113.jpg\",\"orientation\":\"landscape\"},\"medium\":{\"height\":225,\"width\":300,\"url\":\"https:\\\/\\\/zstu.tg.edu.pl\\\/wp-new\\\/wp-content\\\/uploads\\\/2023\\\/03\\\/01-300x225.jpg\",\"orientation\":\"landscape\"},\"full\":{\"url\":\"https:\\\/\\\/zstu.tg.edu.pl\\\/wp-new\\\/wp-content\\\/uploads\\\/2023\\\/03\\\/01.jpg\",\"height\":600,\"width\":800,\"orientation\":\"landscape\"}}},{\"title\":\"Dzie\\u0144 pizzy\",\"ID\":1964,\"id\":1964,\"modified\":\"2023-03-05 19:30:05\",\"date\":\"2023-03-02 19:14:46\",\"postLink\":\"https:\\\/\\\/zstu.tg.edu.pl\\\/wp-new\\\/pgc_simply_gallery\\\/dzien-pizzy\\\/\",\"type\":\"pgc_simply_gallery\",\"slug\":\"dzien-pizzy\",\"thumbURL\":\"https:\\\/\\\/zstu.tg.edu.pl\\\/wp-new\\\/wp-content\\\/uploads\\\/2023\\\/03\\\/05-1-113x150.jpg\",\"thumb\":{\"thumbnail\":{\"height\":150,\"width\":113,\"url\":\"https:\\\/\\\/zstu.tg.edu.pl\\\/wp-new\\\/wp-content\\\/uploads\\\/2023\\\/03\\\/05-1-113x150.jpg\",\"orientation\":\"portrait\"},\"medium\":{\"height\":300,\"width\":225,\"url\":\"https:\\\/\\\/zstu.tg.edu.pl\\\/wp-new\\\/wp-content\\\/uploads\\\/2023\\\/03\\\/05-1-225x300.jpg\",\"orientation\":\"portrait\"},\"full\":{\"url\":\"https:\\\/\\\/zstu.tg.edu.pl\\\/wp-new\\\/wp-content\\\/uploads\\\/2023\\\/03\\\/05-1.jpg\",\"height\":600,\"width\":450,\"orientation\":\"portrait\"}}},{\"title\":\"Zawody w biegach\",\"ID\":1987,\"id\":1987,\"modified\":\"2023-03-05 16:07:43\",\"date\":\"2023-03-06 07:45:12\",\"postLink\":\"https:\\\/\\\/zstu.tg.edu.pl\\\/wp-new\\\/pgc_simply_gallery\\\/zawody-w-biegach\\\/\",\"type\":\"pgc_simply_gallery\",\"slug\":\"zawody-w-biegach\",\"thumbURL\":\"https:\\\/\\\/zstu.tg.edu.pl\\\/wp-new\\\/wp-content\\\/uploads\\\/2023\\\/03\\\/13-1-113x150.jpg\",\"thumb\":{\"thumbnail\":{\"height\":150,\"width\":113,\"url\":\"https:\\\/\\\/zstu.tg.edu.pl\\\/wp-new\\\/wp-content\\\/uploads\\\/2023\\\/03\\\/13-1-113x150.jpg\",\"orientation\":\"portrait\"},\"medium\":{\"height\":300,\"width\":225,\"url\":\"https:\\\/\\\/zstu.tg.edu.pl\\\/wp-new\\\/wp-content\\\/uploads\\\/2023\\\/03\\\/13-1-225x300.jpg\",\"orientation\":\"portrait\"},\"full\":{\"url\":\"https:\\\/\\\/zstu.tg.edu.pl\\\/wp-new\\\/wp-content\\\/uploads\\\/2023\\\/03\\\/13-1.jpg\",\"height\":600,\"width\":450,\"orientation\":\"portrait\"}}},{\"title\":\"Bieg Tropem Wilczym\",\"ID\":1994,\"id\":1994,\"modified\":\"2023-03-05 16:07:28\",\"date\":\"2023-03-06 07:50:33\",\"postLink\":\"https:\\\/\\\/zstu.tg.edu.pl\\\/wp-new\\\/pgc_simply_gallery\\\/bieg-tropem-wilczym\\\/\",\"type\":\"pgc_simply_gallery\",\"slug\":\"bieg-tropem-wilczym\",\"thumbURL\":\"https:\\\/\\\/zstu.tg.edu.pl\\\/wp-new\\\/wp-content\\\/uploads\\\/2023\\\/03\\\/05-3-150x113.jpg\",\"thumb\":{\"thumbnail\":{\"height\":113,\"width\":150,\"url\":\"https:\\\/\\\/zstu.tg.edu.pl\\\/wp-new\\\/wp-content\\\/uploads\\\/2023\\\/03\\\/05-3-150x113.jpg\",\"orientation\":\"landscape\"},\"medium\":{\"height\":225,\"width\":300,\"url\":\"https:\\\/\\\/zstu.tg.edu.pl\\\/wp-new\\\/wp-content\\\/uploads\\\/2023\\\/03\\\/05-3-300x225.jpg\",\"orientation\":\"landscape\"},\"full\":{\"url\":\"https:\\\/\\\/zstu.tg.edu.pl\\\/wp-new\\\/wp-content\\\/uploads\\\/2023\\\/03\\\/05-3.jpg\",\"height\":600,\"width\":800,\"orientation\":\"landscape\"}}},{\"title\":\"Dzie\\u0144 pami\\u0119ci ofiar zbrodni katy\\u0144skiej\",\"ID\":2050,\"id\":2050,\"modified\":\"2023-03-06 19:59:11\",\"date\":\"2023-03-06 19:59:10\",\"postLink\":\"https:\\\/\\\/zstu.tg.edu.pl\\\/wp-new\\\/pgc_simply_gallery\\\/dzien-pamieci-ofiar-zbrodni-katynskiej\\\/\",\"type\":\"pgc_simply_gallery\",\"slug\":\"dzien-pamieci-ofiar-zbrodni-katynskiej\",\"thumbURL\":\"https:\\\/\\\/zstu.tg.edu.pl\\\/wp-new\\\/wp-content\\\/uploads\\\/2023\\\/03\\\/04-4-150x100.jpg\",\"thumb\":{\"thumbnail\":{\"height\":100,\"width\":150,\"url\":\"https:\\\/\\\/zstu.tg.edu.pl\\\/wp-new\\\/wp-content\\\/uploads\\\/2023\\\/03\\\/04-4-150x100.jpg\",\"orientation\":\"landscape\"},\"medium\":{\"height\":200,\"width\":300,\"url\":\"https:\\\/\\\/zstu.tg.edu.pl\\\/wp-new\\\/wp-content\\\/uploads\\\/2023\\\/03\\\/04-4-300x200.jpg\",\"orientation\":\"landscape\"},\"full\":{\"url\":\"https:\\\/\\\/zstu.tg.edu.pl\\\/wp-new\\\/wp-content\\\/uploads\\\/2023\\\/03\\\/04-4.jpg\",\"height\":534,\"width\":800,\"orientation\":\"landscape\"}}},{\"title\":\"Dzie\\u0144 Kobiet w naszej szkole\",\"ID\":2097,\"id\":2097,\"modified\":\"2023-03-09 10:10:27\",\"date\":\"2023-03-09 10:11:00\",\"postLink\":\"https:\\\/\\\/zstu.tg.edu.pl\\\/wp-new\\\/pgc_simply_gallery\\\/dzien-kobiet-w-naszej-szkole\\\/\",\"type\":\"pgc_simply_gallery\",\"slug\":\"dzien-kobiet-w-naszej-szkole\",\"thumbURL\":\"https:\\\/\\\/zstu.tg.edu.pl\\\/wp-new\\\/wp-content\\\/uploads\\\/2023\\\/03\\\/01-113x150.jpeg\",\"thumb\":{\"thumbnail\":{\"height\":150,\"width\":113,\"url\":\"https:\\\/\\\/zstu.tg.edu.pl\\\/wp-new\\\/wp-content\\\/uploads\\\/2023\\\/03\\\/01-113x150.jpeg\",\"orientation\":\"portrait\"},\"medium\":{\"height\":300,\"width\":225,\"url\":\"https:\\\/\\\/zstu.tg.edu.pl\\\/wp-new\\\/wp-content\\\/uploads\\\/2023\\\/03\\\/01-225x300.jpeg\",\"orientation\":\"portrait\"},\"large\":{\"height\":1024,\"width\":768,\"url\":\"https:\\\/\\\/zstu.tg.edu.pl\\\/wp-new\\\/wp-content\\\/uploads\\\/2023\\\/03\\\/01-768x1024.jpeg\",\"orientation\":\"portrait\"},\"full\":{\"url\":\"https:\\\/\\\/zstu.tg.edu.pl\\\/wp-new\\\/wp-content\\\/uploads\\\/2023\\\/03\\\/01-scaled.jpeg\",\"height\":2560,\"width\":1920,\"orientation\":\"portrait\"}}},{\"title\":\"Dni otwarte\",\"ID\":2198,\"id\":2198,\"modified\":\"2023-03-16 20:27:32\",\"date\":\"2023-03-16 20:27:30\",\"postLink\":\"https:\\\/\\\/zstu.tg.edu.pl\\\/wp-new\\\/pgc_simply_gallery\\\/dni-otwarte\\\/\",\"type\":\"pgc_simply_gallery\",\"slug\":\"dni-otwarte\",\"thumbURL\":\"https:\\\/\\\/zstu.tg.edu.pl\\\/wp-new\\\/wp-content\\\/uploads\\\/2023\\\/03\\\/34-1-150x100.jpg\",\"thumb\":{\"thumbnail\":{\"height\":100,\"width\":150,\"url\":\"https:\\\/\\\/zstu.tg.edu.pl\\\/wp-new\\\/wp-content\\\/uploads\\\/2023\\\/03\\\/34-1-150x100.jpg\",\"orientation\":\"landscape\"},\"medium\":{\"height\":200,\"width\":300,\"url\":\"https:\\\/\\\/zstu.tg.edu.pl\\\/wp-new\\\/wp-content\\\/uploads\\\/2023\\\/03\\\/34-1-300x200.jpg\",\"orientation\":\"landscape\"},\"full\":{\"url\":\"https:\\\/\\\/zstu.tg.edu.pl\\\/wp-new\\\/wp-content\\\/uploads\\\/2023\\\/03\\\/34-1.jpg\",\"height\":532,\"width\":800,\"orientation\":\"landscape\"}}},{\"title\":\"Porozumienie o wsp\\u00f3\\u0142pracy z Aresztem \\u015aledczym w Tarnowskich G\\u00f3rach\",\"ID\":2209,\"id\":2209,\"modified\":\"2023-03-17 09:23:19\",\"date\":\"2023-03-17 09:22:38\",\"postLink\":\"https:\\\/\\\/zstu.tg.edu.pl\\\/wp-new\\\/pgc_simply_gallery\\\/porozumienie-o-wspolpracy-z-aresztem-sledczym-w-tarnowskich-gorach\\\/\",\"type\":\"pgc_simply_gallery\",\"slug\":\"porozumienie-o-wspolpracy-z-aresztem-sledczym-w-tarnowskich-gorach\",\"thumbURL\":\"https:\\\/\\\/zstu.tg.edu.pl\\\/wp-new\\\/wp-content\\\/uploads\\\/2023\\\/03\\\/03-150x100.jpeg\",\"thumb\":{\"thumbnail\":{\"height\":100,\"width\":150,\"url\":\"https:\\\/\\\/zstu.tg.edu.pl\\\/wp-new\\\/wp-content\\\/uploads\\\/2023\\\/03\\\/03-150x100.jpeg\",\"orientation\":\"landscape\"},\"medium\":{\"height\":200,\"width\":300,\"url\":\"https:\\\/\\\/zstu.tg.edu.pl\\\/wp-new\\\/wp-content\\\/uploads\\\/2023\\\/03\\\/03-300x200.jpeg\",\"orientation\":\"landscape\"},\"large\":{\"height\":682,\"width\":1024,\"url\":\"https:\\\/\\\/zstu.tg.edu.pl\\\/wp-new\\\/wp-content\\\/uploads\\\/2023\\\/03\\\/03-1024x682.jpeg\",\"orientation\":\"landscape\"},\"full\":{\"url\":\"https:\\\/\\\/zstu.tg.edu.pl\\\/wp-new\\\/wp-content\\\/uploads\\\/2023\\\/03\\\/03.jpeg\",\"height\":826,\"width\":1240,\"orientation\":\"landscape\"}}},{\"title\":\"Wizyta w Plac\\u00f3wce Stra\\u017cy Granicznej w Rudzie \\u015al\\u0105skiej\",\"ID\":2230,\"id\":2230,\"modified\":\"2023-03-23 20:41:05\",\"date\":\"2023-03-27 07:39:00\",\"postLink\":\"https:\\\/\\\/zstu.tg.edu.pl\\\/wp-new\\\/pgc_simply_gallery\\\/wizyta-w-placowce-strazy-granicznej-w-rudzie-slaskiej\\\/\",\"type\":\"pgc_simply_gallery\",\"slug\":\"wizyta-w-placowce-strazy-granicznej-w-rudzie-slaskiej\",\"thumbURL\":\"https:\\\/\\\/zstu.tg.edu.pl\\\/wp-new\\\/wp-content\\\/uploads\\\/2023\\\/03\\\/02-6-150x113.jpg\",\"thumb\":{\"thumbnail\":{\"height\":113,\"width\":150,\"url\":\"https:\\\/\\\/zstu.tg.edu.pl\\\/wp-new\\\/wp-content\\\/uploads\\\/2023\\\/03\\\/02-6-150x113.jpg\",\"orientation\":\"landscape\"},\"medium\":{\"height\":225,\"width\":300,\"url\":\"https:\\\/\\\/zstu.tg.edu.pl\\\/wp-new\\\/wp-content\\\/uploads\\\/2023\\\/03\\\/02-6-300x225.jpg\",\"orientation\":\"landscape\"},\"full\":{\"url\":\"https:\\\/\\\/zstu.tg.edu.pl\\\/wp-new\\\/wp-content\\\/uploads\\\/2023\\\/03\\\/02-6.jpg\",\"height\":600,\"width\":800,\"orientation\":\"landscape\"}}},{\"title\":\"Zaj\\u0119cia na strzelnicy\",\"ID\":2295,\"id\":2295,\"modified\":\"2023-04-19 14:02:16\",\"date\":\"2023-04-19 14:02:16\",\"postLink\":\"https:\\\/\\\/zstu.tg.edu.pl\\\/wp-new\\\/pgc_simply_gallery\\\/zajecia-na-strzelnicy\\\/\",\"type\":\"pgc_simply_gallery\",\"slug\":\"zajecia-na-strzelnicy\",\"thumbURL\":\"https:\\\/\\\/zstu.tg.edu.pl\\\/wp-new\\\/wp-content\\\/uploads\\\/2023\\\/04\\\/10-150x112.jpg\",\"thumb\":{\"thumbnail\":{\"height\":112,\"width\":150,\"url\":\"https:\\\/\\\/zstu.tg.edu.pl\\\/wp-new\\\/wp-content\\\/uploads\\\/2023\\\/04\\\/10-150x112.jpg\",\"orientation\":\"landscape\"},\"medium\":{\"height\":225,\"width\":300,\"url\":\"https:\\\/\\\/zstu.tg.edu.pl\\\/wp-new\\\/wp-content\\\/uploads\\\/2023\\\/04\\\/10-300x225.jpg\",\"orientation\":\"landscape\"},\"full\":{\"url\":\"https:\\\/\\\/zstu.tg.edu.pl\\\/wp-new\\\/wp-content\\\/uploads\\\/2023\\\/04\\\/10.jpg\",\"height\":599,\"width\":800,\"orientation\":\"landscape\"}}},{\"title\":\"Brynek\",\"ID\":2318,\"id\":2318,\"modified\":\"2023-04-25 12:19:03\",\"date\":\"2023-04-25 12:19:03\",\"postLink\":\"https:\\\/\\\/zstu.tg.edu.pl\\\/wp-new\\\/pgc_simply_gallery\\\/brynek\\\/\",\"type\":\"pgc_simply_gallery\",\"slug\":\"brynek\",\"thumbURL\":\"https:\\\/\\\/zstu.tg.edu.pl\\\/wp-new\\\/wp-content\\\/uploads\\\/2023\\\/04\\\/07-1-150x112.jpg\",\"thumb\":{\"thumbnail\":{\"height\":112,\"width\":150,\"url\":\"https:\\\/\\\/zstu.tg.edu.pl\\\/wp-new\\\/wp-content\\\/uploads\\\/2023\\\/04\\\/07-1-150x112.jpg\",\"orientation\":\"landscape\"},\"medium\":{\"height\":225,\"width\":300,\"url\":\"https:\\\/\\\/zstu.tg.edu.pl\\\/wp-new\\\/wp-content\\\/uploads\\\/2023\\\/04\\\/07-1-300x225.jpg\",\"orientation\":\"landscape\"},\"full\":{\"url\":\"https:\\\/\\\/zstu.tg.edu.pl\\\/wp-new\\\/wp-content\\\/uploads\\\/2023\\\/04\\\/07-1.jpg\",\"height\":599,\"width\":800,\"orientation\":\"landscape\"}}},{\"title\":\"Tarnog\\u00f3rskie Zawody Pierwszej Pomocy\",\"ID\":2374,\"id\":2374,\"modified\":\"2023-04-27 11:50:08\",\"date\":\"2023-04-27 11:47:57\",\"postLink\":\"https:\\\/\\\/zstu.tg.edu.pl\\\/wp-new\\\/pgc_simply_gallery\\\/tarnogorskie-zawody-pierwszej-pomocy\\\/\",\"type\":\"pgc_simply_gallery\",\"slug\":\"tarnogorskie-zawody-pierwszej-pomocy\",\"thumbURL\":\"https:\\\/\\\/zstu.tg.edu.pl\\\/wp-new\\\/wp-content\\\/uploads\\\/2023\\\/04\\\/02-2-150x113.jpg\",\"thumb\":{\"thumbnail\":{\"height\":113,\"width\":150,\"url\":\"https:\\\/\\\/zstu.tg.edu.pl\\\/wp-new\\\/wp-content\\\/uploads\\\/2023\\\/04\\\/02-2-150x113.jpg\",\"orientation\":\"landscape\"},\"medium\":{\"height\":225,\"width\":300,\"url\":\"https:\\\/\\\/zstu.tg.edu.pl\\\/wp-new\\\/wp-content\\\/uploads\\\/2023\\\/04\\\/02-2-300x225.jpg\",\"orientation\":\"landscape\"},\"full\":{\"url\":\"https:\\\/\\\/zstu.tg.edu.pl\\\/wp-new\\\/wp-content\\\/uploads\\\/2023\\\/04\\\/02-2.jpg\",\"height\":600,\"width\":800,\"orientation\":\"landscape\"}}},{\"title\":\"Po\\u017cegnanie absolwent\\u00f3w 2019\\\/2023\",\"ID\":2543,\"id\":2543,\"modified\":\"2023-04-29 12:27:03\",\"date\":\"2023-04-29 12:26:26\",\"postLink\":\"https:\\\/\\\/zstu.tg.edu.pl\\\/wp-new\\\/pgc_simply_gallery\\\/pozegnanie-absolwentow-2019-2023\\\/\",\"type\":\"pgc_simply_gallery\",\"slug\":\"pozegnanie-absolwentow-2019-2023\",\"thumbURL\":\"https:\\\/\\\/zstu.tg.edu.pl\\\/wp-new\\\/wp-content\\\/uploads\\\/2023\\\/04\\\/01-2-150x100.jpg\",\"thumb\":{\"thumbnail\":{\"height\":100,\"width\":150,\"url\":\"https:\\\/\\\/zstu.tg.edu.pl\\\/wp-new\\\/wp-content\\\/uploads\\\/2023\\\/04\\\/01-2-150x100.jpg\",\"orientation\":\"landscape\"},\"medium\":{\"height\":200,\"width\":300,\"url\":\"https:\\\/\\\/zstu.tg.edu.pl\\\/wp-new\\\/wp-content\\\/uploads\\\/2023\\\/04\\\/01-2-300x200.jpg\",\"orientation\":\"landscape\"},\"full\":{\"url\":\"https:\\\/\\\/zstu.tg.edu.pl\\\/wp-new\\\/wp-content\\\/uploads\\\/2023\\\/04\\\/01-2.jpg\",\"height\":533,\"width\":800,\"orientation\":\"landscape\"}}},{\"title\":\"Bieg Prze\\u0142ajowy im. sier\\u017c. Siennickiego\",\"ID\":2574,\"id\":2574,\"modified\":\"2023-05-17 23:15:32\",\"date\":\"2023-05-18 07:23:00\",\"postLink\":\"https:\\\/\\\/zstu.tg.edu.pl\\\/wp-new\\\/pgc_simply_gallery\\\/bieg-przelajowy-im-sierz-siennickiego\\\/\",\"type\":\"pgc_simply_gallery\",\"slug\":\"bieg-przelajowy-im-sierz-siennickiego\",\"thumbURL\":\"https:\\\/\\\/zstu.tg.edu.pl\\\/wp-new\\\/wp-content\\\/uploads\\\/2023\\\/05\\\/01-150x113.jpg\",\"thumb\":{\"thumbnail\":{\"height\":113,\"width\":150,\"url\":\"https:\\\/\\\/zstu.tg.edu.pl\\\/wp-new\\\/wp-content\\\/uploads\\\/2023\\\/05\\\/01-150x113.jpg\",\"orientation\":\"landscape\"},\"medium\":{\"height\":225,\"width\":300,\"url\":\"https:\\\/\\\/zstu.tg.edu.pl\\\/wp-new\\\/wp-content\\\/uploads\\\/2023\\\/05\\\/01-300x225.jpg\",\"orientation\":\"landscape\"},\"full\":{\"url\":\"https:\\\/\\\/zstu.tg.edu.pl\\\/wp-new\\\/wp-content\\\/uploads\\\/2023\\\/05\\\/01.jpg\",\"height\":600,\"width\":800,\"orientation\":\"landscape\"}}},{\"title\":\"Wiosna\",\"ID\":2662,\"id\":2662,\"modified\":\"2023-05-19 19:10:15\",\"date\":\"2023-05-22 12:08:00\",\"postLink\":\"https:\\\/\\\/zstu.tg.edu.pl\\\/wp-new\\\/pgc_simply_gallery\\\/wiosna\\\/\",\"type\":\"pgc_simply_gallery\",\"slug\":\"wiosna\",\"thumbURL\":\"https:\\\/\\\/zstu.tg.edu.pl\\\/wp-new\\\/wp-content\\\/uploads\\\/2023\\\/05\\\/13-150x113.jpg\",\"thumb\":{\"thumbnail\":{\"height\":113,\"width\":150,\"url\":\"https:\\\/\\\/zstu.tg.edu.pl\\\/wp-new\\\/wp-content\\\/uploads\\\/2023\\\/05\\\/13-150x113.jpg\",\"orientation\":\"landscape\"},\"medium\":{\"height\":225,\"width\":300,\"url\":\"https:\\\/\\\/zstu.tg.edu.pl\\\/wp-new\\\/wp-content\\\/uploads\\\/2023\\\/05\\\/13-300x225.jpg\",\"orientation\":\"landscape\"},\"full\":{\"url\":\"https:\\\/\\\/zstu.tg.edu.pl\\\/wp-new\\\/wp-content\\\/uploads\\\/2023\\\/05\\\/13.jpg\",\"height\":600,\"width\":800,\"orientation\":\"landscape\"}}},{\"title\":\"Londyn\",\"ID\":2693,\"id\":2693,\"modified\":\"2023-05-25 18:10:34\",\"date\":\"2023-05-25 18:09:49\",\"postLink\":\"https:\\\/\\\/zstu.tg.edu.pl\\\/wp-new\\\/pgc_simply_gallery\\\/londyn\\\/\",\"type\":\"pgc_simply_gallery\",\"slug\":\"londyn\",\"thumbURL\":\"https:\\\/\\\/zstu.tg.edu.pl\\\/wp-new\\\/wp-content\\\/uploads\\\/2023\\\/05\\\/02-2-150x113.jpg\",\"thumb\":{\"thumbnail\":{\"height\":113,\"width\":150,\"url\":\"https:\\\/\\\/zstu.tg.edu.pl\\\/wp-new\\\/wp-content\\\/uploads\\\/2023\\\/05\\\/02-2-150x113.jpg\",\"orientation\":\"landscape\"},\"medium\":{\"height\":225,\"width\":300,\"url\":\"https:\\\/\\\/zstu.tg.edu.pl\\\/wp-new\\\/wp-content\\\/uploads\\\/2023\\\/05\\\/02-2-300x225.jpg\",\"orientation\":\"landscape\"},\"full\":{\"url\":\"https:\\\/\\\/zstu.tg.edu.pl\\\/wp-new\\\/wp-content\\\/uploads\\\/2023\\\/05\\\/02-2.jpg\",\"height\":600,\"width\":800,\"orientation\":\"landscape\"}}},{\"title\":\"Zawody w \\u017bywcu\",\"ID\":2695,\"id\":2695,\"modified\":\"2023-05-25 18:11:29\",\"date\":\"2023-05-25 18:11:22\",\"postLink\":\"https:\\\/\\\/zstu.tg.edu.pl\\\/wp-new\\\/pgc_simply_gallery\\\/zawody-w-zywcu\\\/\",\"type\":\"pgc_simply_gallery\",\"slug\":\"zawody-w-zywcu\",\"thumbURL\":\"https:\\\/\\\/zstu.tg.edu.pl\\\/wp-new\\\/wp-content\\\/uploads\\\/2023\\\/05\\\/01-3-113x150.jpg\",\"thumb\":{\"thumbnail\":{\"height\":150,\"width\":113,\"url\":\"https:\\\/\\\/zstu.tg.edu.pl\\\/wp-new\\\/wp-content\\\/uploads\\\/2023\\\/05\\\/01-3-113x150.jpg\",\"orientation\":\"portrait\"},\"medium\":{\"height\":300,\"width\":225,\"url\":\"https:\\\/\\\/zstu.tg.edu.pl\\\/wp-new\\\/wp-content\\\/uploads\\\/2023\\\/05\\\/01-3-225x300.jpg\",\"orientation\":\"portrait\"},\"full\":{\"url\":\"https:\\\/\\\/zstu.tg.edu.pl\\\/wp-new\\\/wp-content\\\/uploads\\\/2023\\\/05\\\/01-3.jpg\",\"height\":600,\"width\":450,\"orientation\":\"portrait\"}}},{\"title\":\"\\u015awi\\u0119to Stra\\u017cy Granicznej\",\"ID\":2728,\"id\":2728,\"modified\":\"2023-05-25 18:19:41\",\"date\":\"2023-05-25 18:19:41\",\"postLink\":\"https:\\\/\\\/zstu.tg.edu.pl\\\/wp-new\\\/pgc_simply_gallery\\\/swieto-strazy-granicznej\\\/\",\"type\":\"pgc_simply_gallery\",\"slug\":\"swieto-strazy-granicznej\",\"thumbURL\":\"https:\\\/\\\/zstu.tg.edu.pl\\\/wp-new\\\/wp-content\\\/uploads\\\/2023\\\/05\\\/26-1-150x68.jpg\",\"thumb\":{\"thumbnail\":{\"height\":68,\"width\":150,\"url\":\"https:\\\/\\\/zstu.tg.edu.pl\\\/wp-new\\\/wp-content\\\/uploads\\\/2023\\\/05\\\/26-1-150x68.jpg\",\"orientation\":\"landscape\"},\"medium\":{\"height\":135,\"width\":300,\"url\":\"https:\\\/\\\/zstu.tg.edu.pl\\\/wp-new\\\/wp-content\\\/uploads\\\/2023\\\/05\\\/26-1-300x135.jpg\",\"orientation\":\"landscape\"},\"full\":{\"url\":\"https:\\\/\\\/zstu.tg.edu.pl\\\/wp-new\\\/wp-content\\\/uploads\\\/2023\\\/05\\\/26-1.jpg\",\"height\":361,\"width\":800,\"orientation\":\"landscape\"}}},{\"title\":\"Na szlaku Ma\\u0142ej Panwi\",\"ID\":2773,\"id\":2773,\"modified\":\"2023-05-25 20:36:18\",\"date\":\"2023-05-25 20:35:51\",\"postLink\":\"https:\\\/\\\/zstu.tg.edu.pl\\\/wp-new\\\/pgc_simply_gallery\\\/na-szlaku-malej-panwi\\\/\",\"type\":\"pgc_simply_gallery\",\"slug\":\"na-szlaku-malej-panwi\",\"thumbURL\":\"https:\\\/\\\/zstu.tg.edu.pl\\\/wp-new\\\/wp-content\\\/uploads\\\/2023\\\/05\\\/01-5-150x112.jpg\",\"thumb\":{\"thumbnail\":{\"height\":112,\"width\":150,\"url\":\"https:\\\/\\\/zstu.tg.edu.pl\\\/wp-new\\\/wp-content\\\/uploads\\\/2023\\\/05\\\/01-5-150x112.jpg\",\"orientation\":\"landscape\"},\"medium\":{\"height\":225,\"width\":300,\"url\":\"https:\\\/\\\/zstu.tg.edu.pl\\\/wp-new\\\/wp-content\\\/uploads\\\/2023\\\/05\\\/01-5-300x225.jpg\",\"orientation\":\"landscape\"},\"full\":{\"url\":\"https:\\\/\\\/zstu.tg.edu.pl\\\/wp-new\\\/wp-content\\\/uploads\\\/2023\\\/05\\\/01-5.jpg\",\"height\":599,\"width\":800,\"orientation\":\"landscape\"}}},{\"title\":\"\\u0022Bezpieczne wakacje\\u0022 w \\u015awierkla\\u0144cu\",\"ID\":2797,\"id\":2797,\"modified\":\"2023-06-02 11:20:41\",\"date\":\"2023-06-02 11:20:41\",\"postLink\":\"https:\\\/\\\/zstu.tg.edu.pl\\\/wp-new\\\/pgc_simply_gallery\\\/bezpieczne-wakacje-w-swierklancu\\\/\",\"type\":\"pgc_simply_gallery\",\"slug\":\"bezpieczne-wakacje-w-swierklancu\",\"thumbURL\":\"https:\\\/\\\/zstu.tg.edu.pl\\\/wp-new\\\/wp-content\\\/uploads\\\/2023\\\/06\\\/04-150x113.jpg\",\"thumb\":{\"thumbnail\":{\"height\":113,\"width\":150,\"url\":\"https:\\\/\\\/zstu.tg.edu.pl\\\/wp-new\\\/wp-content\\\/uploads\\\/2023\\\/06\\\/04-150x113.jpg\",\"orientation\":\"landscape\"},\"medium\":{\"height\":225,\"width\":300,\"url\":\"https:\\\/\\\/zstu.tg.edu.pl\\\/wp-new\\\/wp-content\\\/uploads\\\/2023\\\/06\\\/04-300x225.jpg\",\"orientation\":\"landscape\"},\"full\":{\"url\":\"https:\\\/\\\/zstu.tg.edu.pl\\\/wp-new\\\/wp-content\\\/uploads\\\/2023\\\/06\\\/04.jpg\",\"height\":600,\"width\":800,\"orientation\":\"landscape\"}}},{\"title\":\"Dzie\\u0144 sportu\",\"ID\":2877,\"id\":2877,\"modified\":\"2023-06-10 15:42:43\",\"date\":\"2023-06-07 16:49:15\",\"postLink\":\"https:\\\/\\\/zstu.tg.edu.pl\\\/wp-new\\\/pgc_simply_gallery\\\/dzien-sportu\\\/\",\"type\":\"pgc_simply_gallery\",\"slug\":\"dzien-sportu\",\"thumbURL\":\"https:\\\/\\\/zstu.tg.edu.pl\\\/wp-new\\\/wp-content\\\/uploads\\\/2023\\\/06\\\/49-150x100.jpg\",\"thumb\":{\"thumbnail\":{\"height\":100,\"width\":150,\"url\":\"https:\\\/\\\/zstu.tg.edu.pl\\\/wp-new\\\/wp-content\\\/uploads\\\/2023\\\/06\\\/49-150x100.jpg\",\"orientation\":\"landscape\"},\"medium\":{\"height\":200,\"width\":300,\"url\":\"https:\\\/\\\/zstu.tg.edu.pl\\\/wp-new\\\/wp-content\\\/uploads\\\/2023\\\/06\\\/49-300x200.jpg\",\"orientation\":\"landscape\"},\"full\":{\"url\":\"https:\\\/\\\/zstu.tg.edu.pl\\\/wp-new\\\/wp-content\\\/uploads\\\/2023\\\/06\\\/49.jpg\",\"height\":533,\"width\":800,\"orientation\":\"landscape\"}}},{\"title\":\"I Dru\\u017cynowe Zawody Klas Mundurowych o Profilu Stra\\u017cy Granicznej\",\"ID\":2905,\"id\":2905,\"modified\":\"2023-06-10 15:40:50\",\"date\":\"2023-06-09 10:34:53\",\"postLink\":\"https:\\\/\\\/zstu.tg.edu.pl\\\/wp-new\\\/pgc_simply_gallery\\\/i-druzynowe-zawody-klas-mundurowych-o-profilu-strazy-granicznej\\\/\",\"type\":\"pgc_simply_gallery\",\"slug\":\"i-druzynowe-zawody-klas-mundurowych-o-profilu-strazy-granicznej\",\"thumbURL\":\"https:\\\/\\\/zstu.tg.edu.pl\\\/wp-new\\\/wp-content\\\/uploads\\\/2023\\\/06\\\/22-1-150x68.jpg\",\"thumb\":{\"thumbnail\":{\"height\":68,\"width\":150,\"url\":\"https:\\\/\\\/zstu.tg.edu.pl\\\/wp-new\\\/wp-content\\\/uploads\\\/2023\\\/06\\\/22-1-150x68.jpg\",\"orientation\":\"landscape\"},\"medium\":{\"height\":135,\"width\":300,\"url\":\"https:\\\/\\\/zstu.tg.edu.pl\\\/wp-new\\\/wp-content\\\/uploads\\\/2023\\\/06\\\/22-1-300x135.jpg\",\"orientation\":\"landscape\"},\"full\":{\"url\":\"https:\\\/\\\/zstu.tg.edu.pl\\\/wp-new\\\/wp-content\\\/uploads\\\/2023\\\/06\\\/22-1.jpg\",\"height\":361,\"width\":800,\"orientation\":\"landscape\"}}},{\"title\":\"III \\u015al\\u0105skie Mistrzostwa Pierwszej Pomocy, Bytom - Sucha G\\u00f3ra 2023\",\"ID\":2937,\"id\":2937,\"modified\":\"2023-06-11 11:55:13\",\"date\":\"2023-06-12 07:53:00\",\"postLink\":\"https:\\\/\\\/zstu.tg.edu.pl\\\/wp-new\\\/pgc_simply_gallery\\\/iii-slaskie-mistrzostwa-pierwszej-pomocy-bytom-sucha-gora-2023\\\/\",\"type\":\"pgc_simply_gallery\",\"slug\":\"iii-slaskie-mistrzostwa-pierwszej-pomocy-bytom-sucha-gora-2023\",\"thumbURL\":\"https:\\\/\\\/zstu.tg.edu.pl\\\/wp-new\\\/wp-content\\\/uploads\\\/2023\\\/06\\\/20-2-113x150.jpg\",\"thumb\":{\"thumbnail\":{\"height\":150,\"width\":113,\"url\":\"https:\\\/\\\/zstu.tg.edu.pl\\\/wp-new\\\/wp-content\\\/uploads\\\/2023\\\/06\\\/20-2-113x150.jpg\",\"orientation\":\"portrait\"},\"medium\":{\"height\":300,\"width\":225,\"url\":\"https:\\\/\\\/zstu.tg.edu.pl\\\/wp-new\\\/wp-content\\\/uploads\\\/2023\\\/06\\\/20-2-225x300.jpg\",\"orientation\":\"portrait\"},\"full\":{\"url\":\"https:\\\/\\\/zstu.tg.edu.pl\\\/wp-new\\\/wp-content\\\/uploads\\\/2023\\\/06\\\/20-2.jpg\",\"height\":600,\"width\":450,\"orientation\":\"portrait\"}}},{\"title\":\"Sukces p\\u0142ywacki\",\"ID\":2951,\"id\":2951,\"modified\":\"2023-06-14 13:07:17\",\"date\":\"2023-06-12 11:10:25\",\"postLink\":\"https:\\\/\\\/zstu.tg.edu.pl\\\/wp-new\\\/pgc_simply_gallery\\\/sukces-plywacki\\\/\",\"type\":\"pgc_simply_gallery\",\"slug\":\"sukces-plywacki\",\"thumbURL\":\"https:\\\/\\\/zstu.tg.edu.pl\\\/wp-new\\\/wp-content\\\/uploads\\\/2023\\\/06\\\/03-4-113x150.jpg\",\"thumb\":{\"thumbnail\":{\"height\":150,\"width\":113,\"url\":\"https:\\\/\\\/zstu.tg.edu.pl\\\/wp-new\\\/wp-content\\\/uploads\\\/2023\\\/06\\\/03-4-113x150.jpg\",\"orientation\":\"portrait\"},\"medium\":{\"height\":300,\"width\":225,\"url\":\"https:\\\/\\\/zstu.tg.edu.pl\\\/wp-new\\\/wp-content\\\/uploads\\\/2023\\\/06\\\/03-4-225x300.jpg\",\"orientation\":\"portrait\"},\"large\":{\"height\":1024,\"width\":768,\"url\":\"https:\\\/\\\/zstu.tg.edu.pl\\\/wp-new\\\/wp-content\\\/uploads\\\/2023\\\/06\\\/03-4-768x1024.jpg\",\"orientation\":\"portrait\"},\"full\":{\"url\":\"https:\\\/\\\/zstu.tg.edu.pl\\\/wp-new\\\/wp-content\\\/uploads\\\/2023\\\/06\\\/03-4.jpg\",\"height\":2048,\"width\":1536,\"orientation\":\"portrait\"}}},{\"title\":\"\\u0022Dni otwarte koszar\\u0022\",\"ID\":2975,\"id\":2975,\"modified\":\"2023-06-28 13:15:04\",\"date\":\"2023-06-14 13:13:27\",\"postLink\":\"https:\\\/\\\/zstu.tg.edu.pl\\\/wp-new\\\/pgc_simply_gallery\\\/dni-otwarte-koszar\\\/\",\"type\":\"pgc_simply_gallery\",\"slug\":\"dni-otwarte-koszar\",\"thumbURL\":\"https:\\\/\\\/zstu.tg.edu.pl\\\/wp-new\\\/wp-content\\\/uploads\\\/2023\\\/06\\\/11-3-150x113.jpg\",\"thumb\":{\"thumbnail\":{\"height\":113,\"width\":150,\"url\":\"https:\\\/\\\/zstu.tg.edu.pl\\\/wp-new\\\/wp-content\\\/uploads\\\/2023\\\/06\\\/11-3-150x113.jpg\",\"orientation\":\"landscape\"},\"medium\":{\"height\":225,\"width\":300,\"url\":\"https:\\\/\\\/zstu.tg.edu.pl\\\/wp-new\\\/wp-content\\\/uploads\\\/2023\\\/06\\\/11-3-300x225.jpg\",\"orientation\":\"landscape\"},\"full\":{\"url\":\"https:\\\/\\\/zstu.tg.edu.pl\\\/wp-new\\\/wp-content\\\/uploads\\\/2023\\\/06\\\/11-3.jpg\",\"height\":600,\"width\":800,\"orientation\":\"landscape\"}}},{\"title\":\"M\\u0142odzie\\u017cowy Festiwal Form Tw\\u00f3rczych W\\u0141\\u0104CZ\",\"ID\":3037,\"id\":3037,\"modified\":\"2023-06-28 13:14:57\",\"date\":\"2023-06-19 11:59:36\",\"postLink\":\"https:\\\/\\\/zstu.tg.edu.pl\\\/wp-new\\\/pgc_simply_gallery\\\/mlodziezowy-festiwal-form-tworczych-wlacz\\\/\",\"type\":\"pgc_simply_gallery\",\"slug\":\"mlodziezowy-festiwal-form-tworczych-wlacz\",\"thumbURL\":\"https:\\\/\\\/zstu.tg.edu.pl\\\/wp-new\\\/wp-content\\\/uploads\\\/2023\\\/06\\\/Wlacz-150x84.png\",\"thumb\":{\"thumbnail\":{\"height\":84,\"width\":150,\"url\":\"https:\\\/\\\/zstu.tg.edu.pl\\\/wp-new\\\/wp-content\\\/uploads\\\/2023\\\/06\\\/Wlacz-150x84.png\",\"orientation\":\"landscape\"},\"medium\":{\"height\":169,\"width\":300,\"url\":\"https:\\\/\\\/zstu.tg.edu.pl\\\/wp-new\\\/wp-content\\\/uploads\\\/2023\\\/06\\\/Wlacz-300x169.png\",\"orientation\":\"landscape\"},\"full\":{\"url\":\"https:\\\/\\\/zstu.tg.edu.pl\\\/wp-new\\\/wp-content\\\/uploads\\\/2023\\\/06\\\/Wlacz.png\",\"height\":541,\"width\":962,\"orientation\":\"landscape\"}}},{\"title\":\"Nieco wcze\\u015bniejsze powitanie lata w Kamie\\u0144cu\",\"ID\":3080,\"id\":3080,\"modified\":\"2023-06-28 13:14:51\",\"date\":\"2023-06-19 12:07:10\",\"postLink\":\"https:\\\/\\\/zstu.tg.edu.pl\\\/wp-new\\\/pgc_simply_gallery\\\/nieco-wczesniejsze-powitanie-lata-w-kamiencu\\\/\",\"type\":\"pgc_simply_gallery\",\"slug\":\"nieco-wczesniejsze-powitanie-lata-w-kamiencu\",\"thumbURL\":\"https:\\\/\\\/zstu.tg.edu.pl\\\/wp-new\\\/wp-content\\\/uploads\\\/2023\\\/06\\\/05-6-113x150.jpg\",\"thumb\":{\"thumbnail\":{\"height\":150,\"width\":113,\"url\":\"https:\\\/\\\/zstu.tg.edu.pl\\\/wp-new\\\/wp-content\\\/uploads\\\/2023\\\/06\\\/05-6-113x150.jpg\",\"orientation\":\"portrait\"},\"medium\":{\"height\":300,\"width\":225,\"url\":\"https:\\\/\\\/zstu.tg.edu.pl\\\/wp-new\\\/wp-content\\\/uploads\\\/2023\\\/06\\\/05-6-225x300.jpg\",\"orientation\":\"portrait\"},\"full\":{\"url\":\"https:\\\/\\\/zstu.tg.edu.pl\\\/wp-new\\\/wp-content\\\/uploads\\\/2023\\\/06\\\/05-6.jpg\",\"height\":600,\"width\":450,\"orientation\":\"portrait\"}}},{\"title\":\"Wstawka\",\"ID\":3096,\"id\":3096,\"modified\":\"2023-06-22 23:40:50\",\"date\":\"2023-06-22 23:40:16\",\"postLink\":\"https:\\\/\\\/zstu.tg.edu.pl\\\/wp-new\\\/pgc_simply_gallery\\\/wstawka\\\/\",\"type\":\"pgc_simply_gallery\",\"slug\":\"wstawka\",\"thumbURL\":\"https:\\\/\\\/zstu.tg.edu.pl\\\/wp-new\\\/wp-content\\\/uploads\\\/2023\\\/06\\\/03-8-150x100.jpg\",\"thumb\":{\"thumbnail\":{\"height\":100,\"width\":150,\"url\":\"https:\\\/\\\/zstu.tg.edu.pl\\\/wp-new\\\/wp-content\\\/uploads\\\/2023\\\/06\\\/03-8-150x100.jpg\",\"orientation\":\"landscape\"},\"medium\":{\"height\":200,\"width\":300,\"url\":\"https:\\\/\\\/zstu.tg.edu.pl\\\/wp-new\\\/wp-content\\\/uploads\\\/2023\\\/06\\\/03-8-300x200.jpg\",\"orientation\":\"landscape\"},\"full\":{\"url\":\"https:\\\/\\\/zstu.tg.edu.pl\\\/wp-new\\\/wp-content\\\/uploads\\\/2023\\\/06\\\/03-8.jpg\",\"height\":534,\"width\":800,\"orientation\":\"landscape\"}}},{\"title\":\"Wycieczka do Budapesztu\",\"ID\":3144,\"id\":3144,\"modified\":\"2023-06-25 20:43:19\",\"date\":\"2023-06-26 07:41:00\",\"postLink\":\"https:\\\/\\\/zstu.tg.edu.pl\\\/wp-new\\\/pgc_simply_gallery\\\/wycieczka-do-budapesztu\\\/\",\"type\":\"pgc_simply_gallery\",\"slug\":\"wycieczka-do-budapesztu\",\"thumbURL\":\"https:\\\/\\\/zstu.tg.edu.pl\\\/wp-new\\\/wp-content\\\/uploads\\\/2023\\\/06\\\/32-3-150x113.jpg\",\"thumb\":{\"thumbnail\":{\"height\":113,\"width\":150,\"url\":\"https:\\\/\\\/zstu.tg.edu.pl\\\/wp-new\\\/wp-content\\\/uploads\\\/2023\\\/06\\\/32-3-150x113.jpg\",\"orientation\":\"landscape\"},\"medium\":{\"height\":225,\"width\":300,\"url\":\"https:\\\/\\\/zstu.tg.edu.pl\\\/wp-new\\\/wp-content\\\/uploads\\\/2023\\\/06\\\/32-3-300x225.jpg\",\"orientation\":\"landscape\"},\"full\":{\"url\":\"https:\\\/\\\/zstu.tg.edu.pl\\\/wp-new\\\/wp-content\\\/uploads\\\/2023\\\/06\\\/32-3.jpg\",\"height\":600,\"width\":800,\"orientation\":\"landscape\"}}},{\"title\":\"Zako\\u0144czenie roku 2022\\\/2023\",\"ID\":3191,\"id\":3191,\"modified\":\"2023-06-28 13:14:37\",\"date\":\"2023-06-28 13:14:37\",\"postLink\":\"https:\\\/\\\/zstu.tg.edu.pl\\\/wp-new\\\/pgc_simply_gallery\\\/zakonczenie-roku-2022-2023\\\/\",\"type\":\"pgc_simply_gallery\",\"slug\":\"zakonczenie-roku-2022-2023\",\"thumbURL\":\"https:\\\/\\\/zstu.tg.edu.pl\\\/wp-new\\\/wp-content\\\/uploads\\\/2023\\\/06\\\/25-4-150x100.jpg\",\"thumb\":{\"thumbnail\":{\"height\":100,\"width\":150,\"url\":\"https:\\\/\\\/zstu.tg.edu.pl\\\/wp-new\\\/wp-content\\\/uploads\\\/2023\\\/06\\\/25-4-150x100.jpg\",\"orientation\":\"landscape\"},\"medium\":{\"height\":200,\"width\":300,\"url\":\"https:\\\/\\\/zstu.tg.edu.pl\\\/wp-new\\\/wp-content\\\/uploads\\\/2023\\\/06\\\/25-4-300x200.jpg\",\"orientation\":\"landscape\"},\"full\":{\"url\":\"https:\\\/\\\/zstu.tg.edu.pl\\\/wp-new\\\/wp-content\\\/uploads\\\/2023\\\/06\\\/25-4.jpg\",\"height\":533,\"width\":800,\"orientation\":\"landscape\"}}}],\"customCSS\":\".pgcsimplygalleryblock-albums-cover .pgcsimplygalleryblock-albums-sub-wrap .pgcsimplygalleryblock-albums-title {\\n  font-weight: 600;\\n  margin: 10px auto;\\n  text-align: center;\\n\\tfont-size: 15px;\\n\\tbackground-color: #0c0a08ab;\\n\\t\\n}\",\"coverTipLabel\":\"zobacz zdj\\u0119cia\",\"sliderSlideshowDelay\":2,\"sliderSocialShareEnabled\":false}<\/script><script type=\"text\/javascript\">(function(){if(window.PGC_SGB && window.PGC_SGB.searcher){window.PGC_SGB.searcher.initBlocks()}})()<\/script><\/div><\/div>\n<\/div>\n<\/div>\n\n\n\n<div style=\"height:100px\" aria-hidden=\"true\" class=\"wp-block-spacer\"><\/div>\n\n\n\n<div style=\"height:100px\" aria-hidden=\"true\" class=\"wp-block-spacer\"><\/div>\n","protected":false},"excerpt":{"rendered":"","protected":false},"author":29,"featured_media":0,"parent":1024,"menu_order":2,"comment_status":"closed","ping_status":"closed","template":"elementor_theme","meta":{"pgc_sgb_lightbox_settings":"{\"enableLightbox\":false,\"useGlobalPreset\":true,\"nativGalleryEnable\":true,\"nativeAttachment\":true,\"singletonAttachment\":true,\"groupingAllImages\":false,\"lightboxType\":\"classic\",\"copyRProtection\":false,\"copyRAlert\":\"Hello, this photo is mine!\",\"sliderScrollNavi\":false,\"sliderNextPrevAnimation\":\"animation\",\"galleryScrollPositionControll\":false,\"sliderVideoAutoPlay\":false,\"sliderTryPlayNext\":false,\"sliderVideoLoop\":false,\"sliderItemCounterEnable\":true,\"sliderItemTitleEnable\":false,\"sliderItemTitleFontSize\":18,\"sliderItemTitleTextColor\":\"rgba(255,255,255,1)\",\"itemCounterColor\":\"rgba(255,255,255,1)\",\"sliderThumbBarEnable\":true,\"sliderThumbBarHoverColor\":\"rgba(240,240,240,1)\",\"sliderBgColor\":\"rgba(0,0,0,0.8)\",\"sliderPreloaderColor\":\"rgba(240,240,240,1)\",\"sliderHeaderFooterBgColor\":\"rgba(0,0,0,0.4)\",\"sliderNavigationColor\":\"rgba(0,0,0,1)\",\"sliderNavigationColorOver\":\"rgba(255,255,255,1)\",\"sliderNavigationIconColor\":\"rgba(255,255,255,1)\",\"sliderNavigationIconColorOver\":\"rgba(0,0,0,1)\",\"sliderSlideshow\":true,\"sliderSlideshowDelay\":8,\"slideshowIndicatorColor\":\"rgba(255,255,255,1)\",\"slideshowIndicatorColorBg\":\"rgba(255,255,255,0.5)\",\"sliderThumbSubMenuBackgroundColor\":\"rgba(255,255,255,0)\",\"sliderThumbSubMenuBackgroundColorOver\":\"rgba(255,255,255,1)\",\"sliderThumbSubMenuIconColor\":\"rgba(255,255,255,1)\",\"sliderThumbSubMenuIconHoverColor\":\"rgba(0,0,0,1)\",\"sliderSocialShareEnabled\":false,\"sliderZoomEnable\":true,\"sliderFullscreenEnabled\":true,\"modaBgColor\":\"rgba(0,0,0,0.8)\",\"modalIconColor\":\"rgba(255,255,255,1)\",\"modalIconColorHover\":\"rgba(255,255,255,0.8)\",\"shareFacebook\":false,\"shareTwitter\":false,\"sharePinterest\":false,\"sliderItemDownload\":false,\"shareCopyLink\":false}","footnotes":""},"class_list":["post-924","page","type-page","status-publish","hentry"],"_links":{"self":[{"href":"https:\/\/zstu.tg.edu.pl\/wp-new\/wp-json\/wp\/v2\/pages\/924","targetHints":{"allow":["GET"]}}],"collection":[{"href":"https:\/\/zstu.tg.edu.pl\/wp-new\/wp-json\/wp\/v2\/pages"}],"about":[{"href":"https:\/\/zstu.tg.edu.pl\/wp-new\/wp-json\/wp\/v2\/types\/page"}],"author":[{"embeddable":true,"href":"https:\/\/zstu.tg.edu.pl\/wp-new\/wp-json\/wp\/v2\/users\/29"}],"replies":[{"embeddable":true,"href":"https:\/\/zstu.tg.edu.pl\/wp-new\/wp-json\/wp\/v2\/comments?post=924"}],"version-history":[{"count":69,"href":"https:\/\/zstu.tg.edu.pl\/wp-new\/wp-json\/wp\/v2\/pages\/924\/revisions"}],"predecessor-version":[{"id":1967,"href":"https:\/\/zstu.tg.edu.pl\/wp-new\/wp-json\/wp\/v2\/pages\/924\/revisions\/1967"}],"up":[{"embeddable":true,"href":"https:\/\/zstu.tg.edu.pl\/wp-new\/wp-json\/wp\/v2\/pages\/1024"}],"wp:attachment":[{"href":"https:\/\/zstu.tg.edu.pl\/wp-new\/wp-json\/wp\/v2\/media?parent=924"}],"curies":[{"name":"wp","href":"https:\/\/api.w.org\/{rel}","templated":true}]}}